{"id":1592,"date":"2019-09-14T02:39:53","date_gmt":"2019-09-14T02:39:53","guid":{"rendered":"https:\/\/ninetheme.com\/themes\/elementor\/forester\/?page_id=1592"},"modified":"2024-09-25T07:42:42","modified_gmt":"2024-09-25T07:42:42","slug":"home","status":"publish","type":"page","link":"https:\/\/schoenster-hofladen.ch\/fr\/","title":{"rendered":"Page d'accueil"},"content":{"rendered":"<div data-elementor-type=\"wp-page\" data-elementor-id=\"1592\" class=\"elementor elementor-1592\" data-elementor-settings=\"[]\">\n\t\t\t\t\t\t<div class=\"elementor-inner\">\n\t\t\t\t\t\t\t<div class=\"elementor-section-wrap\">\n\t\t\t\t\t\t\t<section class=\"elementor-section elementor-top-section elementor-element elementor-element-5645e61 elementor-section-stretched elementor-section-full_width elementor-section-height-default elementor-section-height-default\" data-id=\"5645e61\" data-element_type=\"section\" id=\"home\" data-settings=\"{&quot;stretch_section&quot;:&quot;section-stretched&quot;}\">\n\t\t\t\t\t\t<div class=\"elementor-container elementor-column-gap-no\">\n\t\t\t\t\t\t\t<div class=\"elementor-row\">\n\t\t\t\t\t<div class=\"elementor-column elementor-col-100 elementor-top-column elementor-element elementor-element-5bc478a\" data-id=\"5bc478a\" data-element_type=\"column\">\n\t\t\t<div class=\"elementor-column-wrap elementor-element-populated\">\n\t\t\t\t\t\t\t<div class=\"elementor-widget-wrap\">\n\t\t\t\t\t\t<div class=\"elementor-element elementor-element-6c1e78c elementor-widget elementor-widget-forester-hero-parallax\" data-id=\"6c1e78c\" data-element_type=\"widget\" data-no-translation=\"\" data-widget_type=\"forester-hero-parallax.default\">\n\t\t\t\t<div class=\"elementor-widget-container\">\n\t\t\t<style>.elementor-element-6c1e78c{display:none !important}<\/style>\t\t<\/div>\n\t\t\t\t<\/div>\n\t\t\t\t<div class=\"elementor-element elementor-element-32f5452 elementor-widget elementor-widget-forester-hero-parallax\" data-id=\"32f5452\" data-element_type=\"widget\" data-no-translation=\"\" data-widget_type=\"forester-hero-parallax.default\">\n\t\t\t\t<div class=\"elementor-widget-container\">\n\t\t\t<section id=\"hero\" class=\"hero-fullscreen hero_32f5452 hero-parallax-none\" style=\"background-image:url(https:\/\/schoenster-hofladen.ch\/wp-content\/uploads\/2023\/10\/Titelbild-2024-fr.jpg)\"><div class=\"hero-content\"><div class=\"container pl5p pr5p\"><div class=\"col-md-8  m-auto\"><\/div><\/div><\/div><\/section>\t\t<\/div>\n\t\t\t\t<\/div>\n\t\t\t\t<div class=\"elementor-element elementor-element-0e00015 elementor-widget elementor-widget-spacer\" data-id=\"0e00015\" data-element_type=\"widget\" data-widget_type=\"spacer.default\">\n\t\t\t\t<div class=\"elementor-widget-container\">\n\t\t\t\t\t<div class=\"elementor-spacer\">\n\t\t\t<div class=\"elementor-spacer-inner\"><\/div>\n\t\t<\/div>\n\t\t\t\t<\/div>\n\t\t\t\t<\/div>\n\t\t\t\t\t\t<\/div>\n\t\t\t\t\t<\/div>\n\t\t<\/div>\n\t\t\t\t\t\t\t\t<\/div>\n\t\t\t\t\t<\/div>\n\t\t<\/section>\n\t\t\t\t<section class=\"elementor-section elementor-top-section elementor-element elementor-element-386215a elementor-section-boxed elementor-section-height-default elementor-section-height-default\" data-id=\"386215a\" data-element_type=\"section\" id=\"about-us\">\n\t\t\t\t\t\t<div class=\"elementor-container elementor-column-gap-default\">\n\t\t\t\t\t\t\t<div class=\"elementor-row\">\n\t\t\t\t\t<div class=\"elementor-column elementor-col-16 elementor-top-column elementor-element elementor-element-b40eccc\" data-id=\"b40eccc\" data-element_type=\"column\">\n\t\t\t<div class=\"elementor-column-wrap\">\n\t\t\t\t\t\t\t<div class=\"elementor-widget-wrap\">\n\t\t\t\t\t\t\t\t<\/div>\n\t\t\t\t\t<\/div>\n\t\t<\/div>\n\t\t\t\t<div class=\"elementor-column elementor-col-66 elementor-top-column elementor-element elementor-element-942c3c2\" data-id=\"942c3c2\" data-element_type=\"column\">\n\t\t\t<div class=\"elementor-column-wrap elementor-element-populated\">\n\t\t\t\t\t\t\t<div class=\"elementor-widget-wrap\">\n\t\t\t\t\t\t<div class=\"elementor-element elementor-element-ff65233 elementor-widget elementor-widget-heading\" data-id=\"ff65233\" data-element_type=\"widget\" data-widget_type=\"heading.default\">\n\t\t\t\t<div class=\"elementor-widget-container\">\n\t\t\t<h5 class=\"elementor-heading-title elementor-size-default\">\u00c0 propos de nous<\/h5>\t\t<\/div>\n\t\t\t\t<\/div>\n\t\t\t\t<div class=\"elementor-element elementor-element-5efe9de elementor-widget elementor-widget-heading\" data-id=\"5efe9de\" data-element_type=\"widget\" data-widget_type=\"heading.default\">\n\t\t\t\t<div class=\"elementor-widget-container\">\n\t\t\t<h5 class=\"elementor-heading-title elementor-size-default\">Quel est le plus beau magasin \u00e0 la ferme de Suisse ? C'est la question que se posent pour la troisi\u00e8me fois la Fruit-Union Suisse (FUS), les M\u00e9dias agricoles suisses (MAS) et HofDirekt 2024. Avec cette troisi\u00e8me \u00e9dition, le concours \u00e0 succ\u00e8s devient une marque nationale.<\/h5>\t\t<\/div>\n\t\t\t\t<\/div>\n\t\t\t\t<div class=\"elementor-element elementor-element-744d697 elementor-widget elementor-widget-heading\" data-id=\"744d697\" data-element_type=\"widget\" data-widget_type=\"heading.default\">\n\t\t\t\t<div class=\"elementor-widget-container\">\n\t\t\t<div class=\"elementor-heading-title elementor-size-default\"><a href=\"https:\/\/schoenster-hofladen.ch\/fr\/wettbewerb\/\">Plus d'informations. <\/a><\/div>\t\t<\/div>\n\t\t\t\t<\/div>\n\t\t\t\t\t\t<\/div>\n\t\t\t\t\t<\/div>\n\t\t<\/div>\n\t\t\t\t<div class=\"elementor-column elementor-col-16 elementor-top-column elementor-element elementor-element-7d9330b\" data-id=\"7d9330b\" data-element_type=\"column\">\n\t\t\t<div class=\"elementor-column-wrap\">\n\t\t\t\t\t\t\t<div class=\"elementor-widget-wrap\">\n\t\t\t\t\t\t\t\t<\/div>\n\t\t\t\t\t<\/div>\n\t\t<\/div>\n\t\t\t\t\t\t\t\t<\/div>\n\t\t\t\t\t<\/div>\n\t\t<\/section>\n\t\t\t\t<section class=\"elementor-section elementor-top-section elementor-element elementor-element-1467b09 elementor-section-full_width elementor-section-stretched elementor-section-height-default elementor-section-height-default\" data-id=\"1467b09\" data-element_type=\"section\" data-settings=\"{&quot;stretch_section&quot;:&quot;section-stretched&quot;}\">\n\t\t\t\t\t\t<div class=\"elementor-container elementor-column-gap-default\">\n\t\t\t\t\t\t\t<div class=\"elementor-row\">\n\t\t\t\t\t<div class=\"elementor-column elementor-col-100 elementor-top-column elementor-element elementor-element-27c5c0b\" data-id=\"27c5c0b\" data-element_type=\"column\">\n\t\t\t<div class=\"elementor-column-wrap elementor-element-populated\">\n\t\t\t\t\t\t\t<div class=\"elementor-widget-wrap\">\n\t\t\t\t\t\t<div class=\"elementor-element elementor-element-8fe00b7 elementor-position-top elementor-vertical-align-top elementor-widget elementor-widget-image-box\" data-id=\"8fe00b7\" data-element_type=\"widget\" data-widget_type=\"image-box.default\">\n\t\t\t\t<div class=\"elementor-widget-container\">\n\t\t\t<div class=\"elementor-image-box-wrapper\"><figure class=\"elementor-image-box-img\"><a href=\"https:\/\/schoenster-hofladen.ch\/fr\/lukas-glausers-hofladen\/\" target=\"_blank\"><img width=\"2560\" height=\"1638\" src=\"https:\/\/schoenster-hofladen.ch\/wp-content\/uploads\/2024\/09\/Hofladen-Lukas-Glauser-scaled-e1727249794760.jpg\" class=\"attachment-full size-full\" alt=\"\" loading=\"lazy\" srcset=\"https:\/\/schoenster-hofladen.ch\/wp-content\/uploads\/2024\/09\/Hofladen-Lukas-Glauser-scaled-e1727249794760.jpg 2560w, https:\/\/schoenster-hofladen.ch\/wp-content\/uploads\/2024\/09\/Hofladen-Lukas-Glauser-scaled-e1727249794760-300x192.jpg 300w, https:\/\/schoenster-hofladen.ch\/wp-content\/uploads\/2024\/09\/Hofladen-Lukas-Glauser-scaled-e1727249794760-1024x655.jpg 1024w, https:\/\/schoenster-hofladen.ch\/wp-content\/uploads\/2024\/09\/Hofladen-Lukas-Glauser-scaled-e1727249794760-768x491.jpg 768w, https:\/\/schoenster-hofladen.ch\/wp-content\/uploads\/2024\/09\/Hofladen-Lukas-Glauser-scaled-e1727249794760-1536x983.jpg 1536w, https:\/\/schoenster-hofladen.ch\/wp-content\/uploads\/2024\/09\/Hofladen-Lukas-Glauser-scaled-e1727249794760-2048x1310.jpg 2048w, https:\/\/schoenster-hofladen.ch\/wp-content\/uploads\/2024\/09\/Hofladen-Lukas-Glauser-scaled-e1727249794760-16x10.jpg 16w\" sizes=\"(max-width: 2560px) 100vw, 2560px\" \/><\/a><\/figure><div class=\"elementor-image-box-content\"><h3 class=\"elementor-image-box-title\"><a href=\"https:\/\/schoenster-hofladen.ch\/fr\/lukas-glausers-hofladen\/\" target=\"_blank\">Der sch\u00f6nste Hofladen 2024<\/a><\/h3><p class=\"elementor-image-box-description\">Erfahre mehr \u00fcber den Hofladen von Lukas Glauser<\/p><\/div><\/div>\t\t<\/div>\n\t\t\t\t<\/div>\n\t\t\t\t\t\t<\/div>\n\t\t\t\t\t<\/div>\n\t\t<\/div>\n\t\t\t\t\t\t\t\t<\/div>\n\t\t\t\t\t<\/div>\n\t\t<\/section>\n\t\t\t\t<section class=\"elementor-section elementor-top-section elementor-element elementor-element-eee46c3 elementor-section-stretched elementor-section-boxed elementor-section-height-default elementor-section-height-default\" data-id=\"eee46c3\" data-element_type=\"section\" id=\"services\" data-settings=\"{&quot;stretch_section&quot;:&quot;section-stretched&quot;,&quot;background_background&quot;:&quot;classic&quot;}\">\n\t\t\t\t\t\t<div class=\"elementor-container elementor-column-gap-default\">\n\t\t\t\t\t\t\t<div class=\"elementor-row\">\n\t\t\t\t\t<div class=\"elementor-column elementor-col-100 elementor-top-column elementor-element elementor-element-d0610b3\" data-id=\"d0610b3\" data-element_type=\"column\">\n\t\t\t<div class=\"elementor-column-wrap elementor-element-populated\">\n\t\t\t\t\t\t\t<div class=\"elementor-widget-wrap\">\n\t\t\t\t\t\t<div class=\"elementor-element elementor-element-430f54f elementor-position-top elementor-vertical-align-top elementor-widget elementor-widget-image-box\" data-id=\"430f54f\" data-element_type=\"widget\" data-widget_type=\"image-box.default\">\n\t\t\t\t<div class=\"elementor-widget-container\">\n\t\t\t<div class=\"elementor-image-box-wrapper\"><figure class=\"elementor-image-box-img\"><a href=\"https:\/\/schoenster-hofladen.ch\/fr\/schulers-hofladen\/\"><img width=\"1024\" height=\"576\" src=\"https:\/\/schoenster-hofladen.ch\/wp-content\/uploads\/2021\/09\/schuler_galerie_1.jpg\" class=\"attachment-full size-full\" alt=\"\" loading=\"lazy\" srcset=\"https:\/\/schoenster-hofladen.ch\/wp-content\/uploads\/2021\/09\/schuler_galerie_1.jpg 1024w, https:\/\/schoenster-hofladen.ch\/wp-content\/uploads\/2021\/09\/schuler_galerie_1-300x169.jpg 300w, https:\/\/schoenster-hofladen.ch\/wp-content\/uploads\/2021\/09\/schuler_galerie_1-768x432.jpg 768w, https:\/\/schoenster-hofladen.ch\/wp-content\/uploads\/2021\/09\/schuler_galerie_1-16x9.jpg 16w\" sizes=\"(max-width: 1024px) 100vw, 1024px\" \/><\/a><\/figure><div class=\"elementor-image-box-content\"><h3 class=\"elementor-image-box-title\"><a href=\"https:\/\/schoenster-hofladen.ch\/fr\/schulers-hofladen\/\">Le plus beau magasin \u00e0 la ferme 2021<\/a><\/h3><p class=\"elementor-image-box-description\">En savoir plus sur le magasin \u00e0 la ferme de Corinne et Franz Schuler<\/p><\/div><\/div>\t\t<\/div>\n\t\t\t\t<\/div>\n\t\t\t\t\t\t<\/div>\n\t\t\t\t\t<\/div>\n\t\t<\/div>\n\t\t\t\t\t\t\t\t<\/div>\n\t\t\t\t\t<\/div>\n\t\t<\/section>\n\t\t\t\t<section class=\"elementor-section elementor-top-section elementor-element elementor-element-0655059 elementor-section-stretched elementor-section-content-middle elementor-section-boxed elementor-section-height-default elementor-section-height-default\" data-id=\"0655059\" data-element_type=\"section\" id=\"testimonial\" data-settings=\"{&quot;stretch_section&quot;:&quot;section-stretched&quot;,&quot;background_background&quot;:&quot;classic&quot;}\">\n\t\t\t\t\t\t<div class=\"elementor-container elementor-column-gap-default\">\n\t\t\t\t\t\t\t<div class=\"elementor-row\">\n\t\t\t\t\t<div class=\"elementor-column elementor-col-16 elementor-top-column elementor-element elementor-element-0499030\" data-id=\"0499030\" data-element_type=\"column\">\n\t\t\t<div class=\"elementor-column-wrap\">\n\t\t\t\t\t\t\t<div class=\"elementor-widget-wrap\">\n\t\t\t\t\t\t\t\t<\/div>\n\t\t\t\t\t<\/div>\n\t\t<\/div>\n\t\t\t\t<div class=\"elementor-column elementor-col-66 elementor-top-column elementor-element elementor-element-87263b3\" data-id=\"87263b3\" data-element_type=\"column\">\n\t\t\t<div class=\"elementor-column-wrap elementor-element-populated\">\n\t\t\t\t\t\t\t<div class=\"elementor-widget-wrap\">\n\t\t\t\t\t\t<section class=\"elementor-section elementor-inner-section elementor-element elementor-element-ebb90cc elementor-section-boxed elementor-section-height-default elementor-section-height-default\" data-id=\"ebb90cc\" data-element_type=\"section\">\n\t\t\t\t\t\t<div class=\"elementor-container elementor-column-gap-default\">\n\t\t\t\t\t\t\t<div class=\"elementor-row\">\n\t\t\t\t\t<div class=\"elementor-column elementor-col-100 elementor-inner-column elementor-element elementor-element-33d1e2f\" data-id=\"33d1e2f\" data-element_type=\"column\">\n\t\t\t<div class=\"elementor-column-wrap elementor-element-populated\">\n\t\t\t\t\t\t\t<div class=\"elementor-widget-wrap\">\n\t\t\t\t\t\t<div class=\"elementor-element elementor-element-75c8875 elementor-widget elementor-widget-heading\" data-id=\"75c8875\" data-element_type=\"widget\" data-widget_type=\"heading.default\">\n\t\t\t\t<div class=\"elementor-widget-container\">\n\t\t\t<h5 class=\"elementor-heading-title elementor-size-default\">Le concours dans les<\/h5>\t\t<\/div>\n\t\t\t\t<\/div>\n\t\t\t\t<div class=\"elementor-element elementor-element-d18b612 elementor-widget elementor-widget-heading\" data-id=\"d18b612\" data-element_type=\"widget\" data-widget_type=\"heading.default\">\n\t\t\t\t<div class=\"elementor-widget-container\">\n\t\t\t<h5 class=\"elementor-heading-title elementor-size-default\">M\u00e9dias<\/h5>\t\t<\/div>\n\t\t\t\t<\/div>\n\t\t\t\t\t\t<\/div>\n\t\t\t\t\t<\/div>\n\t\t<\/div>\n\t\t\t\t\t\t\t\t<\/div>\n\t\t\t\t\t<\/div>\n\t\t<\/section>\n\t\t\t\t<div class=\"elementor-element elementor-element-8d77cda elementor-widget elementor-widget-forester-testimonial-carousel\" data-id=\"8d77cda\" data-element_type=\"widget\" data-widget_type=\"forester-testimonial-carousel.default\">\n\t\t\t\t<div class=\"elementor-widget-container\">\n\t\t\t<div class=\"testimonials-wrapper\"><div class=\"owl-carousel owl-theme owl-carousel-testimonials-elementor testimonial_8d77cda -js-carousel m-auto text-center\" data-owl-items=\"1\" data-owl-loop=\"true\" data-owl-autoplay=\"true\" data-owl-autoplayhoverpause=\"true\" data-owl-dots=\"true\" data-owl-nav=\"true\" data-owl-autoplaytimeout=\"6000\" data-owl-speed=\"1000\" data-owl-autoplayspeed=\"1000\" data-owl-navtext=\"[&quot;&lt;i class=&#039;fa fa-angle-left&#039;&gt;&lt;\/i&gt;&quot;,&quot;&lt;i class=&#039;fa fa-angle-right&#039;&gt;&lt;\/i&gt;&quot;]\" data-owl-navcontainer=\".nav_8d77cda .custom-nav\"><div class=\"white\"><div class=\"testimonial-quote pb20\"><h5><em class=\"pr5\">\u201c<\/em> \u00ab J\u2019ai entendu parler du concours et je me suis dit pourquoi pas ? \u00bb, raconte l\u2019agriculteur Roger Iten en toute franchise. Puis c\u2019est son collaborateur Marc Fellmann, agrotechnicien dipl\u00f4m\u00e9 et ma\u00eetre agriculteur qui s\u2019est occup\u00e9 de la r\u00e9alisation. \u00ab Le jury est pass\u00e9 deux fois et a tout expertis\u00e9 en d\u00e9tail. Apr\u00e8s le concours, Il y a eu soudain un \u00e9norme battage autour du magasin de ferme \u00bb, raconte l\u2019homme \u00e2g\u00e9 de 42 ans.<em>\u201d<\/em><\/h5><\/div><div class=\"testimonial-body\"><p class=\"name\">Cornella Bisch<\/p><h6 class=\"position\">Luzerner Zeitung<\/h6><\/div><\/div><div class=\"white\"><div class=\"testimonial-quote pb20\"><h5><em class=\"pr5\">\u201c<\/em> Kathrin M\u00e4rki planifie maintenant un laboratoire pour la transformation de ses produits afin de mieux s\u00e9parer le travail de la vie priv\u00e9e et au besoin am\u00e9liorer la qualit\u00e9. \nBien possible que ce sera n\u00e9cessaire. Car depuis que \u00e7a se sait qu\u2019elle g\u00e8re le plus beau magasin de ferme de Suisse, les f\u00e9licitations pleuvent de tous les c\u00f4t\u00e9s. Elle est presque un peu d\u00e9pass\u00e9e. <em>\u201d<\/em><\/h5><\/div><div class=\"testimonial-body\"><p class=\"name\">Janine M\u00fcller<\/p><h6 class=\"position\">az Aargauer Zeitung<\/h6><\/div><\/div><div class=\"white\"><div class=\"testimonial-quote pb20\"><h5><em class=\"pr5\">\u201c<\/em> Sandra Eigenmann qui g\u00e8re le magasin et l\u2019exploitation avec son \u00e9poux Ren\u00e9 est pleine d\u2019imagination aussi quand il est question d\u2019am\u00e9nagement. On trouve ainsi r\u00e9guli\u00e8rement parmi les produits des id\u00e9es de cadeau et des articles de d\u00e9coration con\u00e7us passionn\u00e9ment qui portent l'inscription \u00ab fait avec amour \u00bb. Une devise qui sied \u00e0 toute la boutique, car on ressent tout de suite toute la passion qui a \u00e9t\u00e9 investie. \u00c7a n\u2019est donc pas \u00e9tonnant que l\u2019exploitation Eigenmannshof a \u00e9t\u00e9 \u00e9lue deuxi\u00e8me plus beau magasin de ferme de Suisse par la Fruit-Union Suisse et le magazine agricole LANDfreund.<em>\u201d<\/em><\/h5><\/div><div class=\"testimonial-body\"><p class=\"name\">Marlon Loher<\/p><h6 class=\"position\">St. Galler Tagblatt<\/h6><\/div><\/div><div class=\"white\"><div class=\"testimonial-quote pb20\"><h5><em class=\"pr5\">\u201c<\/em> Frais, saisonnier et en direct de la r\u00e9gion - les magasins de ferme sont de plus en plus appr\u00e9ci\u00e9s en Suisse. Ceci a incit\u00e9 la Fruit-Union Suisse et le magazine LANDfreund \u00e0 lancer un concours national des magasins de ferme. Quarante-six exploitations avec vente directe de tout le pays avaient particip\u00e9. La diversit\u00e9 des candidats \u00e9tait vaste : Certaines familles paysannes exploitent un magasin de ferme depuis des g\u00e9n\u00e9rations et d\u2019autres sont des nouveaux venus qui se sont lanc\u00e9s avec beaucoup d\u2019enthousiasme.<em>\u201d<\/em><\/h5><\/div><div class=\"testimonial-body\"><p class=\"name\">Cassandra W\u00fcst<\/p><h6 class=\"position\">Rheintaler Bote<\/h6><\/div><\/div><\/div><div class=\"owl-theme nav_8d77cda\">\n                   <div class=\"owl-controls\">\n                       <div class=\"custom-nav owl-nav\"><\/div>\n                   <\/div>\n               <\/div><\/div>\t\t<\/div>\n\t\t\t\t<\/div>\n\t\t\t\t\t\t<\/div>\n\t\t\t\t\t<\/div>\n\t\t<\/div>\n\t\t\t\t<div class=\"elementor-column elementor-col-16 elementor-top-column elementor-element elementor-element-4b37679\" data-id=\"4b37679\" data-element_type=\"column\">\n\t\t\t<div class=\"elementor-column-wrap\">\n\t\t\t\t\t\t\t<div class=\"elementor-widget-wrap\">\n\t\t\t\t\t\t\t\t<\/div>\n\t\t\t\t\t<\/div>\n\t\t<\/div>\n\t\t\t\t\t\t\t\t<\/div>\n\t\t\t\t\t<\/div>\n\t\t<\/section>\n\t\t        <script>\n        (function($) {\n            \"use strict\";\n\n            var target = $('.elementor-element-0655059');\n\n            var NtParallaxElement = {\n\n                init: function() {\n                    elementorFrontend.hooks.addAction('frontend\/element_ready\/global', NtParallaxElement.initWidget());\n                },\n                responsiveParallax: function(){\n                    var android = 1,\n                    ios = 1;\n                    switch( true || 1 ){\n                        case android && ios:\n                        return \/iPad|iPhone|iPod|Android\/;\n                        break;\n                        case android && ! ios:\n                        return \/Android\/;\n                        break;\n                        case ! android && ios:\n                        return \/iPad|iPhone|iPod\/;\n                        break;\n                        case ( ! android && ! ios ):\n                        return null;\n                    }\n                },\n                initWidget: function( $scope ) {\n\n                    target.jarallax({\n                        type: 'scroll',\n                        speed: 0.5,\n                        keepImg: true,\n                        disableParallax: NtParallaxElement.responsiveParallax()\n                    });\n                }\n\n            };\n            $( window ).on('elementor\/frontend\/init', NtParallaxElement.init);\n        }( jQuery ) );\n    <\/script>\n\t\t<section class=\"elementor-section elementor-top-section elementor-element elementor-element-79f67cb elementor-section-boxed elementor-section-height-default elementor-section-height-default\" data-id=\"79f67cb\" data-element_type=\"section\">\n\t\t\t\t\t\t<div class=\"elementor-container elementor-column-gap-default\">\n\t\t\t\t\t\t\t<div class=\"elementor-row\">\n\t\t\t\t\t<div class=\"elementor-column elementor-col-100 elementor-top-column elementor-element elementor-element-88ac214\" data-id=\"88ac214\" data-element_type=\"column\">\n\t\t\t<div class=\"elementor-column-wrap elementor-element-populated\">\n\t\t\t\t\t\t\t<div class=\"elementor-widget-wrap\">\n\t\t\t\t\t\t<div class=\"elementor-element elementor-element-0e2891e elementor-widget elementor-widget-spacer\" data-id=\"0e2891e\" data-element_type=\"widget\" data-widget_type=\"spacer.default\">\n\t\t\t\t<div class=\"elementor-widget-container\">\n\t\t\t\t\t<div class=\"elementor-spacer\">\n\t\t\t<div class=\"elementor-spacer-inner\"><\/div>\n\t\t<\/div>\n\t\t\t\t<\/div>\n\t\t\t\t<\/div>\n\t\t\t\t<div class=\"elementor-element elementor-element-0d9950e elementor-widget elementor-widget-heading\" data-id=\"0d9950e\" data-element_type=\"widget\" data-widget_type=\"heading.default\">\n\t\t\t\t<div class=\"elementor-widget-container\">\n\t\t\t<h5 class=\"elementor-heading-title elementor-size-default\">Sponsors principaux<\/h5>\t\t<\/div>\n\t\t\t\t<\/div>\n\t\t\t\t<div class=\"elementor-element elementor-element-e63e051 elementor-widget elementor-widget-forester-logo-carousel\" data-id=\"e63e051\" data-element_type=\"widget\" data-widget_type=\"forester-logo-carousel.default\">\n\t\t\t\t<div class=\"elementor-widget-container\">\n\t\t\t<div class=\"clients-wrapper\"><div class=\"owl-carousel owl-theme owl-clients-elementor clients_e63e051 -js-carousel\" data-owl-items=\"1\" data-owl-loop=\"true\" data-owl-autoplay=\"true\" data-owl-autoplayhoverpause=\"true\" data-owl-dots=\"true\" data-owl-nav=\"false\" data-owl-autoplaytimeout=\"4000\" data-owl-speed=\"500\" data-owl-autoplayspeed=\"500\" data-owl-navtext=\"[&quot;&lt;i class=&#039;fa fa-angle-left&#039;&gt;&lt;\/i&gt;&quot;,&quot;&lt;i class=&#039;fa fa-angle-right&#039;&gt;&lt;\/i&gt;&quot;]\" data-owl-navcontainer=\".nav_e63e051 .custom-nav\" data-owl-responsive='{\"0\":{\"items\":1},\"600\":{\"items\":3},\"1000\":{\"items\":3}}'><img loading=\"lazy\" width=\"\" height=\"\" src=\"https:\/\/schoenster-hofladen.ch\/wp-content\/uploads\/2024\/01\/agrisano_RGB_mit-Slogan-Landwirtschaft_d.jpg\" alt=\"agrisano_RGB_mit-Slogan-Landwirtschaft_d\" \/><img loading=\"lazy\" width=\"\" height=\"\" src=\"https:\/\/schoenster-hofladen.ch\/wp-content\/uploads\/2024\/01\/Logo-Agrimpuls.jpg\" alt=\"Logo-Agrimpuls\" \/><img loading=\"lazy\" width=\"\" height=\"\" src=\"https:\/\/schoenster-hofladen.ch\/wp-content\/uploads\/2024\/01\/VomHof23_Etiketten-2_DE_32x43mm_RGB.jpg\" alt=\"VomHof23_Etiketten-2_DE_32x43mm_RGB\" \/><img loading=\"lazy\" width=\"\" height=\"\" src=\"https:\/\/schoenster-hofladen.ch\/wp-content\/uploads\/2024\/01\/Kaercher.jpg\" alt=\"Kaercher\" \/><\/div><\/div>\t\t<\/div>\n\t\t\t\t<\/div>\n\t\t\t\t<div class=\"elementor-element elementor-element-c04b899 elementor-widget elementor-widget-spacer\" data-id=\"c04b899\" data-element_type=\"widget\" data-widget_type=\"spacer.default\">\n\t\t\t\t<div class=\"elementor-widget-container\">\n\t\t\t\t\t<div class=\"elementor-spacer\">\n\t\t\t<div class=\"elementor-spacer-inner\"><\/div>\n\t\t<\/div>\n\t\t\t\t<\/div>\n\t\t\t\t<\/div>\n\t\t\t\t\t\t<\/div>\n\t\t\t\t\t<\/div>\n\t\t<\/div>\n\t\t\t\t\t\t\t\t<\/div>\n\t\t\t\t\t<\/div>\n\t\t<\/section>\n\t\t\t\t<section class=\"elementor-section elementor-top-section elementor-element elementor-element-743b706 elementor-section-content-middle elementor-section-boxed elementor-section-height-default elementor-section-height-default\" data-id=\"743b706\" data-element_type=\"section\" id=\"main-footer\" data-settings=\"{&quot;background_background&quot;:&quot;classic&quot;}\">\n\t\t\t\t\t\t<div class=\"elementor-container elementor-column-gap-default\">\n\t\t\t\t\t\t\t<div class=\"elementor-row\">\n\t\t\t\t\t<div class=\"elementor-column elementor-col-66 elementor-top-column elementor-element elementor-element-e782a70\" data-id=\"e782a70\" data-element_type=\"column\">\n\t\t\t<div class=\"elementor-column-wrap elementor-element-populated\">\n\t\t\t\t\t\t\t<div class=\"elementor-widget-wrap\">\n\t\t\t\t\t\t<section class=\"elementor-section elementor-inner-section elementor-element elementor-element-bd0f652 elementor-section-content-middle elementor-section-boxed elementor-section-height-default elementor-section-height-default\" data-id=\"bd0f652\" data-element_type=\"section\">\n\t\t\t\t\t\t<div class=\"elementor-container elementor-column-gap-default\">\n\t\t\t\t\t\t\t<div class=\"elementor-row\">\n\t\t\t\t\t<div class=\"elementor-column elementor-col-16 elementor-inner-column elementor-element elementor-element-0c2a88b\" data-id=\"0c2a88b\" data-element_type=\"column\">\n\t\t\t<div class=\"elementor-column-wrap elementor-element-populated\">\n\t\t\t\t\t\t\t<div class=\"elementor-widget-wrap\">\n\t\t\t\t\t\t<div class=\"elementor-element elementor-element-71612b3 elementor-widget elementor-widget-heading\" data-id=\"71612b3\" data-element_type=\"widget\" data-widget_type=\"heading.default\">\n\t\t\t\t<div class=\"elementor-widget-container\">\n\t\t\t<h5 class=\"elementor-heading-title elementor-size-default\"><a href=\"https:\/\/schoenster-hofladen.ch\/fr\/\">Page d'accueil<\/a><\/h5>\t\t<\/div>\n\t\t\t\t<\/div>\n\t\t\t\t\t\t<\/div>\n\t\t\t\t\t<\/div>\n\t\t<\/div>\n\t\t\t\t<div class=\"elementor-column elementor-col-16 elementor-inner-column elementor-element elementor-element-dd99808\" data-id=\"dd99808\" data-element_type=\"column\">\n\t\t\t<div class=\"elementor-column-wrap elementor-element-populated\">\n\t\t\t\t\t\t\t<div class=\"elementor-widget-wrap\">\n\t\t\t\t\t\t<div class=\"elementor-element elementor-element-9defed6 elementor-widget elementor-widget-heading\" data-id=\"9defed6\" data-element_type=\"widget\" data-widget_type=\"heading.default\">\n\t\t\t\t<div class=\"elementor-widget-container\">\n\t\t\t<h5 class=\"elementor-heading-title elementor-size-default\"><a href=\"https:\/\/schoenster-hofladen.ch\/fr\/hoflaeden\/\">Magasins de ferme<\/a><\/h5>\t\t<\/div>\n\t\t\t\t<\/div>\n\t\t\t\t\t\t<\/div>\n\t\t\t\t\t<\/div>\n\t\t<\/div>\n\t\t\t\t<div class=\"elementor-column elementor-col-16 elementor-inner-column elementor-element elementor-element-30abe90\" data-id=\"30abe90\" data-element_type=\"column\">\n\t\t\t<div class=\"elementor-column-wrap elementor-element-populated\">\n\t\t\t\t\t\t\t<div class=\"elementor-widget-wrap\">\n\t\t\t\t\t\t<div class=\"elementor-element elementor-element-61cd77f elementor-widget elementor-widget-heading\" data-id=\"61cd77f\" data-element_type=\"widget\" data-widget_type=\"heading.default\">\n\t\t\t\t<div class=\"elementor-widget-container\">\n\t\t\t<h5 class=\"elementor-heading-title elementor-size-default\"><a href=\"https:\/\/schoenster-hofladen.ch\/fr\/wettbewerb\/\">Concours<\/a><\/h5>\t\t<\/div>\n\t\t\t\t<\/div>\n\t\t\t\t\t\t<\/div>\n\t\t\t\t\t<\/div>\n\t\t<\/div>\n\t\t\t\t<div class=\"elementor-column elementor-col-16 elementor-inner-column elementor-element elementor-element-869314f\" data-id=\"869314f\" data-element_type=\"column\">\n\t\t\t<div class=\"elementor-column-wrap elementor-element-populated\">\n\t\t\t\t\t\t\t<div class=\"elementor-widget-wrap\">\n\t\t\t\t\t\t<div class=\"elementor-element elementor-element-69a3e7e elementor-widget elementor-widget-heading\" data-id=\"69a3e7e\" data-element_type=\"widget\" data-widget_type=\"heading.default\">\n\t\t\t\t<div class=\"elementor-widget-container\">\n\t\t\t<h5 class=\"elementor-heading-title elementor-size-default\"><a href=\"https:\/\/schoenster-hofladen.ch\/fr\/jury\/\">Jury<\/a><\/h5>\t\t<\/div>\n\t\t\t\t<\/div>\n\t\t\t\t\t\t<\/div>\n\t\t\t\t\t<\/div>\n\t\t<\/div>\n\t\t\t\t<div class=\"elementor-column elementor-col-16 elementor-inner-column elementor-element elementor-element-e6506e3\" data-id=\"e6506e3\" data-element_type=\"column\">\n\t\t\t<div class=\"elementor-column-wrap elementor-element-populated\">\n\t\t\t\t\t\t\t<div class=\"elementor-widget-wrap\">\n\t\t\t\t\t\t<div class=\"elementor-element elementor-element-c169496 elementor-widget elementor-widget-heading\" data-id=\"c169496\" data-element_type=\"widget\" data-widget_type=\"heading.default\">\n\t\t\t\t<div class=\"elementor-widget-container\">\n\t\t\t<h5 class=\"elementor-heading-title elementor-size-default\"><a href=\"https:\/\/schoenster-hofladen.ch\/fr\/gallerie\/\">Galerie<\/a><\/h5>\t\t<\/div>\n\t\t\t\t<\/div>\n\t\t\t\t\t\t<\/div>\n\t\t\t\t\t<\/div>\n\t\t<\/div>\n\t\t\t\t<div class=\"elementor-column elementor-col-16 elementor-inner-column elementor-element elementor-element-21ee122\" data-id=\"21ee122\" data-element_type=\"column\">\n\t\t\t<div class=\"elementor-column-wrap elementor-element-populated\">\n\t\t\t\t\t\t\t<div class=\"elementor-widget-wrap\">\n\t\t\t\t\t\t<div class=\"elementor-element elementor-element-1c3fb54 elementor-widget elementor-widget-heading\" data-id=\"1c3fb54\" data-element_type=\"widget\" data-widget_type=\"heading.default\">\n\t\t\t\t<div class=\"elementor-widget-container\">\n\t\t\t<h5 class=\"elementor-heading-title elementor-size-default\"><a href=\"https:\/\/schoenster-hofladen.ch\/fr\/kontakt\/\">Contact<\/a><\/h5>\t\t<\/div>\n\t\t\t\t<\/div>\n\t\t\t\t\t\t<\/div>\n\t\t\t\t\t<\/div>\n\t\t<\/div>\n\t\t\t\t\t\t\t\t<\/div>\n\t\t\t\t\t<\/div>\n\t\t<\/section>\n\t\t\t\t<section class=\"elementor-section elementor-inner-section elementor-element elementor-element-bad9a5d elementor-section-boxed elementor-section-height-default elementor-section-height-default\" data-id=\"bad9a5d\" data-element_type=\"section\">\n\t\t\t\t\t\t<div class=\"elementor-container elementor-column-gap-default\">\n\t\t\t\t\t\t\t<div class=\"elementor-row\">\n\t\t\t\t\t<div class=\"elementor-column elementor-col-33 elementor-inner-column elementor-element elementor-element-a6c3da0\" data-id=\"a6c3da0\" data-element_type=\"column\">\n\t\t\t<div class=\"elementor-column-wrap elementor-element-populated\">\n\t\t\t\t\t\t\t<div class=\"elementor-widget-wrap\">\n\t\t\t\t\t\t<div class=\"elementor-element elementor-element-ed30cd8 elementor-widget elementor-widget-image\" data-id=\"ed30cd8\" data-element_type=\"widget\" data-widget_type=\"image.default\">\n\t\t\t\t<div class=\"elementor-widget-container\">\n\t\t\t\t\t<div class=\"elementor-image\">\n\t\t\t\t\t\t\t\t\t\t\t<a href=\"https:\/\/www.swissfruit.ch\/fr\">\n\t\t\t\t\t\t\t<img width=\"684\" height=\"215\" src=\"https:\/\/schoenster-hofladen.ch\/wp-content\/uploads\/2023\/10\/SOV_fruchte_white_pos_Fr.png\" class=\"attachment-large size-large\" alt=\"\" loading=\"lazy\" srcset=\"https:\/\/schoenster-hofladen.ch\/wp-content\/uploads\/2023\/10\/SOV_fruchte_white_pos_Fr.png 655w, https:\/\/schoenster-hofladen.ch\/wp-content\/uploads\/2023\/10\/SOV_fruchte_white_pos_Fr-300x98.png 300w, https:\/\/schoenster-hofladen.ch\/wp-content\/uploads\/2023\/10\/SOV_fruchte_white_pos_Fr-16x5.png 16w\" sizes=\"(max-width: 684px) 100vw, 684px\" \/>\t\t\t\t\t\t\t\t<\/a>\n\t\t\t\t\t\t\t\t\t\t\t<\/div>\n\t\t\t\t<\/div>\n\t\t\t\t<\/div>\n\t\t\t\t\t\t<\/div>\n\t\t\t\t\t<\/div>\n\t\t<\/div>\n\t\t\t\t<div class=\"elementor-column elementor-col-33 elementor-inner-column elementor-element elementor-element-af13f19\" data-id=\"af13f19\" data-element_type=\"column\">\n\t\t\t<div class=\"elementor-column-wrap elementor-element-populated\">\n\t\t\t\t\t\t\t<div class=\"elementor-widget-wrap\">\n\t\t\t\t\t\t<div class=\"elementor-element elementor-element-63669dc elementor-widget elementor-widget-image\" data-id=\"63669dc\" data-element_type=\"widget\" data-widget_type=\"image.default\">\n\t\t\t\t<div class=\"elementor-widget-container\">\n\t\t\t\t\t<div class=\"elementor-image\">\n\t\t\t\t\t\t\t\t\t\t\t<a href=\"https:\/\/www.agrarmedien.ch\/\">\n\t\t\t\t\t\t\t<img width=\"960\" height=\"145\" src=\"https:\/\/schoenster-hofladen.ch\/wp-content\/uploads\/2023\/10\/BauernZeitung_ohne_Slogan_Negativ-1024x155.png\" class=\"attachment-large size-large\" alt=\"\" loading=\"lazy\" srcset=\"https:\/\/schoenster-hofladen.ch\/wp-content\/uploads\/2023\/10\/BauernZeitung_ohne_Slogan_Negativ-1024x155.png 1024w, https:\/\/schoenster-hofladen.ch\/wp-content\/uploads\/2023\/10\/BauernZeitung_ohne_Slogan_Negativ-300x46.png 300w, https:\/\/schoenster-hofladen.ch\/wp-content\/uploads\/2023\/10\/BauernZeitung_ohne_Slogan_Negativ-768x117.png 768w, https:\/\/schoenster-hofladen.ch\/wp-content\/uploads\/2023\/10\/BauernZeitung_ohne_Slogan_Negativ-1536x233.png 1536w, https:\/\/schoenster-hofladen.ch\/wp-content\/uploads\/2023\/10\/BauernZeitung_ohne_Slogan_Negativ-2048x311.png 2048w, https:\/\/schoenster-hofladen.ch\/wp-content\/uploads\/2023\/10\/BauernZeitung_ohne_Slogan_Negativ-16x2.png 16w\" sizes=\"(max-width: 960px) 100vw, 960px\" \/>\t\t\t\t\t\t\t\t<\/a>\n\t\t\t\t\t\t\t\t\t\t\t<\/div>\n\t\t\t\t<\/div>\n\t\t\t\t<\/div>\n\t\t\t\t\t\t<\/div>\n\t\t\t\t\t<\/div>\n\t\t<\/div>\n\t\t\t\t<div class=\"elementor-column elementor-col-33 elementor-inner-column elementor-element elementor-element-a1d2243\" data-id=\"a1d2243\" data-element_type=\"column\">\n\t\t\t<div class=\"elementor-column-wrap elementor-element-populated\">\n\t\t\t\t\t\t\t<div class=\"elementor-widget-wrap\">\n\t\t\t\t\t\t<div class=\"elementor-element elementor-element-94dd226 elementor-widget elementor-widget-image\" data-id=\"94dd226\" data-element_type=\"widget\" data-widget_type=\"image.default\">\n\t\t\t\t<div class=\"elementor-widget-container\">\n\t\t\t\t\t<div class=\"elementor-image\">\n\t\t\t\t\t\t\t\t\t\t\t<a href=\"https:\/\/www.hofdirekt.com\/index.html\">\n\t\t\t\t\t\t\t<img width=\"900\" height=\"239\" src=\"https:\/\/schoenster-hofladen.ch\/wp-content\/uploads\/2023\/10\/HD-Logo1-neu.png\" class=\"attachment-large size-large\" alt=\"\" loading=\"lazy\" srcset=\"https:\/\/schoenster-hofladen.ch\/wp-content\/uploads\/2023\/10\/HD-Logo1-neu.png 900w, https:\/\/schoenster-hofladen.ch\/wp-content\/uploads\/2023\/10\/HD-Logo1-neu-300x80.png 300w, https:\/\/schoenster-hofladen.ch\/wp-content\/uploads\/2023\/10\/HD-Logo1-neu-768x204.png 768w, https:\/\/schoenster-hofladen.ch\/wp-content\/uploads\/2023\/10\/HD-Logo1-neu-16x4.png 16w\" sizes=\"(max-width: 900px) 100vw, 900px\" \/>\t\t\t\t\t\t\t\t<\/a>\n\t\t\t\t\t\t\t\t\t\t\t<\/div>\n\t\t\t\t<\/div>\n\t\t\t\t<\/div>\n\t\t\t\t\t\t<\/div>\n\t\t\t\t\t<\/div>\n\t\t<\/div>\n\t\t\t\t\t\t\t\t<\/div>\n\t\t\t\t\t<\/div>\n\t\t<\/section>\n\t\t\t\t\t\t<\/div>\n\t\t\t\t\t<\/div>\n\t\t<\/div>\n\t\t\t\t<div class=\"elementor-column elementor-col-33 elementor-top-column elementor-element elementor-element-a47594f\" data-id=\"a47594f\" data-element_type=\"column\">\n\t\t\t<div class=\"elementor-column-wrap elementor-element-populated\">\n\t\t\t\t\t\t\t<div class=\"elementor-widget-wrap\">\n\t\t\t\t\t\t<div class=\"elementor-element elementor-element-fc0ea74 elementor-widget elementor-widget-image\" data-id=\"fc0ea74\" data-element_type=\"widget\" data-widget_type=\"image.default\">\n\t\t\t\t<div class=\"elementor-widget-container\">\n\t\t\t\t\t<div class=\"elementor-image\">\n\t\t\t\t\t\t\t\t\t\t\t<a href=\"https:\/\/schoenster-hofladen.ch\/fr\/\">\n\t\t\t\t\t\t\t<img width=\"300\" height=\"295\" src=\"https:\/\/schoenster-hofladen.ch\/wp-content\/uploads\/2023\/10\/Logo_S-H_2024_fr-freigestellt.png\" class=\"attachment-medium size-medium\" alt=\"\" loading=\"lazy\" srcset=\"https:\/\/schoenster-hofladen.ch\/wp-content\/uploads\/2023\/10\/Logo_S-H_2024_fr-freigestellt.png 1082w, https:\/\/schoenster-hofladen.ch\/wp-content\/uploads\/2023\/10\/Logo_S-H_2024_fr-freigestellt-300x276.png 300w, https:\/\/schoenster-hofladen.ch\/wp-content\/uploads\/2023\/10\/Logo_S-H_2024_fr-freigestellt-1024x944.png 1024w, https:\/\/schoenster-hofladen.ch\/wp-content\/uploads\/2023\/10\/Logo_S-H_2024_fr-freigestellt-768x708.png 768w, https:\/\/schoenster-hofladen.ch\/wp-content\/uploads\/2023\/10\/Logo_S-H_2024_fr-freigestellt-13x12.png 13w\" sizes=\"(max-width: 300px) 100vw, 300px\" \/>\t\t\t\t\t\t\t\t<\/a>\n\t\t\t\t\t\t\t\t\t\t\t<\/div>\n\t\t\t\t<\/div>\n\t\t\t\t<\/div>\n\t\t\t\t<div class=\"elementor-element elementor-element-107983b elementor-widget elementor-widget-heading\" data-id=\"107983b\" data-element_type=\"widget\" data-widget_type=\"heading.default\">\n\t\t\t\t<div class=\"elementor-widget-container\">\n\t\t\t<p class=\"elementor-heading-title elementor-size-small\"><a href=\"https:\/\/www.swissfruit.ch\/fr\/politique-de-confidentialite\/\" target=\"_blank\">\u00a9 2024 Fruit-Union Suisse<br> Tous droits r\u00e9serv\u00e9s. \n\nPolitique de confidentialit\u00e9<\/a><\/p>\t\t<\/div>\n\t\t\t\t<\/div>\n\t\t\t\t\t\t<\/div>\n\t\t\t\t\t<\/div>\n\t\t<\/div>\n\t\t\t\t\t\t\t\t<\/div>\n\t\t\t\t\t<\/div>\n\t\t<\/section>\n\t\t\t\t<section class=\"elementor-section elementor-top-section elementor-element elementor-element-c4ae6b1 elementor-section-full_width elementor-section-height-default elementor-section-height-default\" data-id=\"c4ae6b1\" data-element_type=\"section\">\n\t\t\t\t\t\t<div class=\"elementor-container elementor-column-gap-default\">\n\t\t\t\t\t\t\t<div class=\"elementor-row\">\n\t\t\t\t\t<div class=\"elementor-column elementor-col-100 elementor-top-column elementor-element elementor-element-ee90281\" data-id=\"ee90281\" data-element_type=\"column\">\n\t\t\t<div class=\"elementor-column-wrap elementor-element-populated\">\n\t\t\t\t\t\t\t<div class=\"elementor-widget-wrap\">\n\t\t\t\t\t\t<div class=\"elementor-element elementor-element-a4419bc elementor-widget elementor-widget-image\" data-id=\"a4419bc\" data-element_type=\"widget\" data-widget_type=\"image.default\">\n\t\t\t\t<div class=\"elementor-widget-container\">\n\t\t\t\t\t<div class=\"elementor-image\">\n\t\t\t\t\t\t\t\t\t\t<img width=\"300\" height=\"47\" src=\"https:\/\/schoenster-hofladen.ch\/wp-content\/uploads\/2020\/07\/Schweiz_Nat\u00fcrlich-300x47.png\" class=\"attachment-medium size-medium\" alt=\"\" loading=\"lazy\" srcset=\"https:\/\/schoenster-hofladen.ch\/wp-content\/uploads\/2020\/07\/Schweiz_Nat\u00fcrlich-300x47.png 300w, https:\/\/schoenster-hofladen.ch\/wp-content\/uploads\/2020\/07\/Schweiz_Nat\u00fcrlich-1024x161.png 1024w, https:\/\/schoenster-hofladen.ch\/wp-content\/uploads\/2020\/07\/Schweiz_Nat\u00fcrlich-768x121.png 768w, https:\/\/schoenster-hofladen.ch\/wp-content\/uploads\/2020\/07\/Schweiz_Nat\u00fcrlich.png 1358w\" sizes=\"(max-width: 300px) 100vw, 300px\" \/>\t\t\t\t\t\t\t\t\t\t\t<\/div>\n\t\t\t\t<\/div>\n\t\t\t\t<\/div>\n\t\t\t\t\t\t<\/div>\n\t\t\t\t\t<\/div>\n\t\t<\/div>\n\t\t\t\t\t\t\t\t<\/div>\n\t\t\t\t\t<\/div>\n\t\t<\/section>\n\t\t\t\t\t\t<\/div>\n\t\t\t\t\t\t<\/div>\n\t\t\t\t\t<\/div>","protected":false},"excerpt":{"rendered":"<p>\u00dcber uns Welches ist der sch\u00f6nste Hofladen der Schweiz? Diese Frage stellen sich der Schweizer Obstverband (SOV), die Schweizer Agrarmedien (SAM) und HofDirekt 2024 zum dritten Mal. Mit der dritten Auflage wird der Erfolgswettbewerb zur nationalen Marke. Weitere Informationen. Der sch\u00f6nste Hofladen 2024 Erfahre mehr \u00fcber den Hofladen von Lukas Glauser Der sch\u00f6nste Hofladen 2021 [&hellip;]<\/p>","protected":false},"author":1,"featured_media":0,"parent":0,"menu_order":0,"comment_status":"closed","ping_status":"closed","template":"forester-elementor-page.php","meta":[],"_links":{"self":[{"href":"https:\/\/schoenster-hofladen.ch\/fr\/wp-json\/wp\/v2\/pages\/1592"}],"collection":[{"href":"https:\/\/schoenster-hofladen.ch\/fr\/wp-json\/wp\/v2\/pages"}],"about":[{"href":"https:\/\/schoenster-hofladen.ch\/fr\/wp-json\/wp\/v2\/types\/page"}],"author":[{"embeddable":true,"href":"https:\/\/schoenster-hofladen.ch\/fr\/wp-json\/wp\/v2\/users\/1"}],"replies":[{"embeddable":true,"href":"https:\/\/schoenster-hofladen.ch\/fr\/wp-json\/wp\/v2\/comments?post=1592"}],"version-history":[{"count":206,"href":"https:\/\/schoenster-hofladen.ch\/fr\/wp-json\/wp\/v2\/pages\/1592\/revisions"}],"predecessor-version":[{"id":3740,"href":"https:\/\/schoenster-hofladen.ch\/fr\/wp-json\/wp\/v2\/pages\/1592\/revisions\/3740"}],"wp:attachment":[{"href":"https:\/\/schoenster-hofladen.ch\/fr\/wp-json\/wp\/v2\/media?parent=1592"}],"curies":[{"name":"wp","href":"https:\/\/api.w.org\/{rel}","templated":true}]}}