{"id":2849,"date":"2021-09-13T14:39:18","date_gmt":"2021-09-13T14:39:18","guid":{"rendered":"https:\/\/schoenster-hofladen.ch\/jury-copy\/"},"modified":"2023-10-26T14:04:01","modified_gmt":"2023-10-26T14:04:01","slug":"resultate","status":"publish","type":"page","link":"https:\/\/schoenster-hofladen.ch\/fr\/resultate\/","title":{"rendered":"R\u00e9sultats 2021"},"content":{"rendered":"<div data-elementor-type=\"wp-page\" data-elementor-id=\"2849\" class=\"elementor elementor-2849\" data-elementor-settings=\"[]\">\n\t\t\t\t\t\t<div class=\"elementor-inner\">\n\t\t\t\t\t\t\t<div class=\"elementor-section-wrap\">\n\t\t\t\t\t\t\t<section class=\"elementor-section elementor-top-section elementor-element elementor-element-318f1983 elementor-section-stretched elementor-section-full_width elementor-section-height-default elementor-section-height-default\" data-id=\"318f1983\" data-element_type=\"section\" data-settings=\"{&quot;stretch_section&quot;:&quot;section-stretched&quot;}\">\n\t\t\t\t\t\t<div class=\"elementor-container elementor-column-gap-no\">\n\t\t\t\t\t\t\t<div class=\"elementor-row\">\n\t\t\t\t\t<div class=\"elementor-column elementor-col-100 elementor-top-column elementor-element elementor-element-22238c22\" data-id=\"22238c22\" data-element_type=\"column\">\n\t\t\t<div class=\"elementor-column-wrap elementor-element-populated\">\n\t\t\t\t\t\t\t<div class=\"elementor-widget-wrap\">\n\t\t\t\t\t\t<div class=\"elementor-element elementor-element-406b1e5a elementor-widget elementor-widget-forester-page-hero\" data-id=\"406b1e5a\" data-element_type=\"widget\" data-widget_type=\"forester-page-hero.default\">\n\t\t\t\t<div class=\"elementor-widget-container\">\n\t\t\t<div id=\"hero\" class=\"hero page-hero hero-fullwidth hero_406b1e5a jarallax\" data-jarallax=\"\" data-type=\"scroll\" data-speed=\"0.2\" data-android=\"0\" data-ios=\"0\" style=\"background-image:url(https:\/\/schoenster-hofladen.ch\/wp-content\/uploads\/2020\/07\/Himbeeren-scaled.jpg)\" data-img-src=\"https:\/\/schoenster-hofladen.ch\/wp-content\/uploads\/2020\/07\/Himbeeren-scaled.jpg\" data-img-size=\"cover\" data-img-position=\"center center\" data-img-repeat=\"no-repeat\"><div class=\"hero-content no\"><div class=\"container white\"><div class=\"m-auto\"><div class=\"title-service mb15\"><h2 class=\"page-heading\">R\u00e9sultats 2021<\/h2><\/div><a class=\"hero-btn btn-sm btn btn-circle btn-ghost-white\" href=\"https:\/\/schoenster-hofladen.ch\/fr\/\">Retour \u00e0 la page d\u2019accueil <\/a><\/div><\/div><\/div><\/div>\t\t<\/div>\n\t\t\t\t<\/div>\n\t\t\t\t\t\t<\/div>\n\t\t\t\t\t<\/div>\n\t\t<\/div>\n\t\t\t\t\t\t\t\t<\/div>\n\t\t\t\t\t<\/div>\n\t\t<\/section>\n\t\t\t\t<section class=\"elementor-section elementor-top-section elementor-element elementor-element-5425ad55 elementor-section-boxed elementor-section-height-default elementor-section-height-default\" data-id=\"5425ad55\" data-element_type=\"section\" id=\"team\">\n\t\t\t\t\t\t<div class=\"elementor-container elementor-column-gap-default\">\n\t\t\t\t\t\t\t<div class=\"elementor-row\">\n\t\t\t\t\t<div class=\"elementor-column elementor-col-100 elementor-top-column elementor-element elementor-element-5e6877ff\" data-id=\"5e6877ff\" data-element_type=\"column\">\n\t\t\t<div class=\"elementor-column-wrap elementor-element-populated\">\n\t\t\t\t\t\t\t<div class=\"elementor-widget-wrap\">\n\t\t\t\t\t\t<section class=\"elementor-section elementor-inner-section elementor-element elementor-element-16dce40e elementor-section-boxed elementor-section-height-default elementor-section-height-default\" data-id=\"16dce40e\" data-element_type=\"section\">\n\t\t\t\t\t\t<div class=\"elementor-container elementor-column-gap-default\">\n\t\t\t\t\t\t\t<div class=\"elementor-row\">\n\t\t\t\t\t<div class=\"elementor-column elementor-col-100 elementor-inner-column elementor-element elementor-element-2c72b200\" data-id=\"2c72b200\" data-element_type=\"column\">\n\t\t\t<div class=\"elementor-column-wrap elementor-element-populated\">\n\t\t\t\t\t\t\t<div class=\"elementor-widget-wrap\">\n\t\t\t\t\t\t<div class=\"elementor-element elementor-element-1f0ddf93 elementor-widget elementor-widget-heading\" data-id=\"1f0ddf93\" data-element_type=\"widget\" data-widget_type=\"heading.default\">\n\t\t\t\t<div class=\"elementor-widget-container\">\n\t\t\t<h5 class=\"elementor-heading-title elementor-size-default\">Les gagnants 2021<\/h5>\t\t<\/div>\n\t\t\t\t<\/div>\n\t\t\t\t\t\t<\/div>\n\t\t\t\t\t<\/div>\n\t\t<\/div>\n\t\t\t\t\t\t\t\t<\/div>\n\t\t\t\t\t<\/div>\n\t\t<\/section>\n\t\t\t\t<section class=\"elementor-section elementor-inner-section elementor-element elementor-element-7cb9906b elementor-section-boxed elementor-section-height-default elementor-section-height-default\" data-id=\"7cb9906b\" data-element_type=\"section\">\n\t\t\t\t\t\t<div class=\"elementor-container elementor-column-gap-default\">\n\t\t\t\t\t\t\t<div class=\"elementor-row\">\n\t\t\t\t\t<div class=\"elementor-column elementor-col-33 elementor-inner-column elementor-element elementor-element-49e46e97\" data-id=\"49e46e97\" data-element_type=\"column\">\n\t\t\t<div class=\"elementor-column-wrap elementor-element-populated\">\n\t\t\t\t\t\t\t<div class=\"elementor-widget-wrap\">\n\t\t\t\t\t\t<div class=\"elementor-element elementor-element-c5b4042 elementor-widget elementor-widget-heading\" data-id=\"c5b4042\" data-element_type=\"widget\" data-widget_type=\"heading.default\">\n\t\t\t\t<div class=\"elementor-widget-container\">\n\t\t\t<h2 class=\"elementor-heading-title elementor-size-default\">Le vainqueur<\/h2>\t\t<\/div>\n\t\t\t\t<\/div>\n\t\t\t\t<div class=\"elementor-element elementor-element-f2abe02 elementor-widget elementor-widget-spacer\" data-id=\"f2abe02\" data-element_type=\"widget\" data-widget_type=\"spacer.default\">\n\t\t\t\t<div class=\"elementor-widget-container\">\n\t\t\t\t\t<div class=\"elementor-spacer\">\n\t\t\t<div class=\"elementor-spacer-inner\"><\/div>\n\t\t<\/div>\n\t\t\t\t<\/div>\n\t\t\t\t<\/div>\n\t\t\t\t<div class=\"elementor-element elementor-element-43eb86d elementor-widget elementor-widget-image\" data-id=\"43eb86d\" data-element_type=\"widget\" data-widget_type=\"image.default\">\n\t\t\t\t<div class=\"elementor-widget-container\">\n\t\t\t\t\t<div class=\"elementor-image\">\n\t\t\t\t\t\t\t\t\t\t<img width=\"960\" height=\"960\" src=\"https:\/\/schoenster-hofladen.ch\/wp-content\/uploads\/2021\/09\/schulers_hofladen_1000_1000.jpg\" class=\"attachment-large size-large\" alt=\"\" loading=\"lazy\" srcset=\"https:\/\/schoenster-hofladen.ch\/wp-content\/uploads\/2021\/09\/schulers_hofladen_1000_1000.jpg 1000w, https:\/\/schoenster-hofladen.ch\/wp-content\/uploads\/2021\/09\/schulers_hofladen_1000_1000-300x300.jpg 300w, https:\/\/schoenster-hofladen.ch\/wp-content\/uploads\/2021\/09\/schulers_hofladen_1000_1000-150x150.jpg 150w, https:\/\/schoenster-hofladen.ch\/wp-content\/uploads\/2021\/09\/schulers_hofladen_1000_1000-768x768.jpg 768w, https:\/\/schoenster-hofladen.ch\/wp-content\/uploads\/2021\/09\/schulers_hofladen_1000_1000-12x12.jpg 12w\" sizes=\"(max-width: 960px) 100vw, 960px\" \/>\t\t\t\t\t\t\t\t\t\t\t<\/div>\n\t\t\t\t<\/div>\n\t\t\t\t<\/div>\n\t\t\t\t<div class=\"elementor-element elementor-element-996e726 elementor-widget elementor-widget-spacer\" data-id=\"996e726\" data-element_type=\"widget\" data-widget_type=\"spacer.default\">\n\t\t\t\t<div class=\"elementor-widget-container\">\n\t\t\t\t\t<div class=\"elementor-spacer\">\n\t\t\t<div class=\"elementor-spacer-inner\"><\/div>\n\t\t<\/div>\n\t\t\t\t<\/div>\n\t\t\t\t<\/div>\n\t\t\t\t<div class=\"elementor-element elementor-element-b1acbe7 elementor-widget elementor-widget-text-editor\" data-id=\"b1acbe7\" data-element_type=\"widget\" data-widget_type=\"text-editor.default\">\n\t\t\t\t<div class=\"elementor-widget-container\">\n\t\t\t\t\t<div class=\"elementor-text-editor elementor-clearfix\"><h3>Schuler\u2019s Hofladen<\/h3><p>Corinne et Franz Schuler de Ludihof \u00e0 Benken (SG)<\/p><p><a href=\"https:\/\/ludihof.ch\/\" target=\"_blank\" rel=\"noopener\">Vers le site web<\/a><\/p><\/div>\n\t\t\t\t<\/div>\n\t\t\t\t<\/div>\n\t\t\t\t<div class=\"elementor-element elementor-element-f9080b1 elementor-widget elementor-widget-toggle\" data-id=\"f9080b1\" data-element_type=\"widget\" data-widget_type=\"toggle.default\">\n\t\t\t\t<div class=\"elementor-widget-container\">\n\t\t\t\t\t<div class=\"elementor-toggle\" role=\"tablist\">\n\t\t\t\t\t\t\t<div class=\"elementor-toggle-item\">\n\t\t\t\t\t<div id=\"elementor-tab-title-2611\" class=\"elementor-tab-title\" data-tab=\"1\" role=\"tab\" aria-controls=\"elementor-tab-content-2611\">\n\t\t\t\t\t\t\t\t\t\t\t\t<span class=\"elementor-toggle-icon elementor-toggle-icon-left\" aria-hidden=\"true\">\n\t\t\t\t\t\t\t\t\t\t\t\t\t\t\t<span class=\"elementor-toggle-icon-closed\"><i class=\"fas fa-caret-right\"><\/i><\/span>\n\t\t\t\t\t\t\t\t<span class=\"elementor-toggle-icon-opened\"><i class=\"elementor-toggle-icon-opened fas fa-caret-up\"><\/i><\/span>\n\t\t\t\t\t\t\t\t\t\t\t\t\t<\/span>\n\t\t\t\t\t\t\t\t\t\t\t\t<a href=\"\" class=\"elementor-toggle-title\">\u00c0 propos du magasin de ferme<\/a>\n\t\t\t\t\t<\/div>\n\t\t\t\t\t<div id=\"elementor-tab-content-2611\" class=\"elementor-tab-content elementor-clearfix\" data-tab=\"1\" role=\"tabpanel\" aria-labelledby=\"elementor-tab-title-2611\"><p>La vente directe prenait de plus en plus d\u2019essor sur l\u2019exploitation Ludihof Benken au cours des trente derni\u00e8res ann\u00e9es et l'\u00e9choppe de garage s\u2019est mu\u00e9e en magasin de ferme g\u00e9r\u00e9 avec professionnalisme. En 2019, la famille a vendu ses vaches pour tout miser sur la vente directe. Le jeune couple a donc \u00e9labor\u00e9 un concept complet en collaboration avec un bureau d\u2019architecte et a investi pr\u00e8s d\u2019un million de francs. Le r\u00e9sultat se laisse voir : Sur plus de trente m\u00e8tres carr\u00e9s, l\u2019assortiment compte plus de cent articles.<\/p><p><a href=\"https:\/\/schoenster-hofladen.ch\/fr\/schulers-hofladen\/\" target=\"_blank\" rel=\"noopener\">En savoir plus sur Schuler\u2019s Hofladen.<\/a><\/p><\/div>\n\t\t\t\t<\/div>\n\t\t\t\t\t\t\t<div class=\"elementor-toggle-item\">\n\t\t\t\t\t<div id=\"elementor-tab-title-2612\" class=\"elementor-tab-title\" data-tab=\"2\" role=\"tab\" aria-controls=\"elementor-tab-content-2612\">\n\t\t\t\t\t\t\t\t\t\t\t\t<span class=\"elementor-toggle-icon elementor-toggle-icon-left\" aria-hidden=\"true\">\n\t\t\t\t\t\t\t\t\t\t\t\t\t\t\t<span class=\"elementor-toggle-icon-closed\"><i class=\"fas fa-caret-right\"><\/i><\/span>\n\t\t\t\t\t\t\t\t<span class=\"elementor-toggle-icon-opened\"><i class=\"elementor-toggle-icon-opened fas fa-caret-up\"><\/i><\/span>\n\t\t\t\t\t\t\t\t\t\t\t\t\t<\/span>\n\t\t\t\t\t\t\t\t\t\t\t\t<a href=\"\" class=\"elementor-toggle-title\">L'\u00e9valuation du jury<\/a>\n\t\t\t\t\t<\/div>\n\t\t\t\t\t<div id=\"elementor-tab-content-2612\" class=\"elementor-tab-content elementor-clearfix\" data-tab=\"2\" role=\"tabpanel\" aria-labelledby=\"elementor-tab-title-2612\"><p><strong>Du dynamisme anim\u00e9 par des forces f\u00e9minines<\/strong><\/p><p>Le plus beau magasin de ferme 2021 a convaincu avec un concept global bien r\u00e9fl\u00e9chi. L\u2019am\u00e9nagement int\u00e9rieur et l\u2019ambiance sont en plein dans le mil, la qualit\u00e9 des produits est irr\u00e9prochable, le conseil et le service sont personnels et authentiques. L\u2019int\u00e9gration dans l\u2019exploitation est parfaite, les indicateurs sont convaincants et il y a m\u00eame des places de stationnement. La vente directe cache une forte portion de force f\u00e9minine, mais selon les Schuler, le magasin de ferme serait n\u00e9 il y a tr\u00e8s longtemps d\u2019une situation d\u2019urgence. Lors de la transmission de l\u2019exploitation, la famille a opt\u00e9 en toute conscience pour la vente directe et abandonn\u00e9 la production laiti\u00e8re. C\u2019est ainsi que sont n\u00e9s le magnifique magasin de ferme et les locaux de transformation et d\u2019entreposage parfaitement \u00e9quip\u00e9s. Nous avons pu nous en convaincre lors de la visite du jury. Vente directe n'est pas synonyme d\u2019inertie mais bien au contraire de dynamisme, car l\u2019assortiment \u00e9volue de saison en saison ou de nouveaux canaux de vente se mettent en place. C'est comme \u00e7a, aussi chez Schuler o\u00f9 on ne manque pas d\u2019id\u00e9es. Je suis curieuse de voir ce qui va encore se cr\u00e9er. Au nom du jury, je f\u00e9licite la famille Schuler, seniors et juniors, de tout c\u0153ur et leur souhaite plein succ\u00e8s et de la motivation pour le futur.<\/p><p><em>Silvia Amaudruz, comit\u00e9 directeur de l\u2019Union suisse des paysannes et femmes rurales, Le Mont-sur-Lausanne (VD)<\/em><\/p><\/div>\n\t\t\t\t<\/div>\n\t\t\t\t\t<\/div>\n\t\t\t\t<\/div>\n\t\t\t\t<\/div>\n\t\t\t\t\t\t<\/div>\n\t\t\t\t\t<\/div>\n\t\t<\/div>\n\t\t\t\t<div class=\"elementor-column elementor-col-33 elementor-inner-column elementor-element elementor-element-4e46fd19\" data-id=\"4e46fd19\" data-element_type=\"column\">\n\t\t\t<div class=\"elementor-column-wrap elementor-element-populated\">\n\t\t\t\t\t\t\t<div class=\"elementor-widget-wrap\">\n\t\t\t\t\t\t<div class=\"elementor-element elementor-element-89fa3ec elementor-widget elementor-widget-heading\" data-id=\"89fa3ec\" data-element_type=\"widget\" data-widget_type=\"heading.default\">\n\t\t\t\t<div class=\"elementor-widget-container\">\n\t\t\t<h2 class=\"elementor-heading-title elementor-size-default\">2e rang<\/h2>\t\t<\/div>\n\t\t\t\t<\/div>\n\t\t\t\t<div class=\"elementor-element elementor-element-bbbcefd elementor-widget elementor-widget-spacer\" data-id=\"bbbcefd\" data-element_type=\"widget\" data-widget_type=\"spacer.default\">\n\t\t\t\t<div class=\"elementor-widget-container\">\n\t\t\t\t\t<div class=\"elementor-spacer\">\n\t\t\t<div class=\"elementor-spacer-inner\"><\/div>\n\t\t<\/div>\n\t\t\t\t<\/div>\n\t\t\t\t<\/div>\n\t\t\t\t<div class=\"elementor-element elementor-element-ce5a81b elementor-widget elementor-widget-image\" data-id=\"ce5a81b\" data-element_type=\"widget\" data-widget_type=\"image.default\">\n\t\t\t\t<div class=\"elementor-widget-container\">\n\t\t\t\t\t<div class=\"elementor-image\">\n\t\t\t\t\t\t\t\t\t\t<img width=\"960\" height=\"960\" src=\"https:\/\/schoenster-hofladen.ch\/wp-content\/uploads\/2021\/09\/fruechtehof_kunz_1000_1000.jpg\" class=\"attachment-large size-large\" alt=\"\" loading=\"lazy\" srcset=\"https:\/\/schoenster-hofladen.ch\/wp-content\/uploads\/2021\/09\/fruechtehof_kunz_1000_1000.jpg 1000w, https:\/\/schoenster-hofladen.ch\/wp-content\/uploads\/2021\/09\/fruechtehof_kunz_1000_1000-300x300.jpg 300w, https:\/\/schoenster-hofladen.ch\/wp-content\/uploads\/2021\/09\/fruechtehof_kunz_1000_1000-150x150.jpg 150w, https:\/\/schoenster-hofladen.ch\/wp-content\/uploads\/2021\/09\/fruechtehof_kunz_1000_1000-768x768.jpg 768w, https:\/\/schoenster-hofladen.ch\/wp-content\/uploads\/2021\/09\/fruechtehof_kunz_1000_1000-12x12.jpg 12w\" sizes=\"(max-width: 960px) 100vw, 960px\" \/>\t\t\t\t\t\t\t\t\t\t\t<\/div>\n\t\t\t\t<\/div>\n\t\t\t\t<\/div>\n\t\t\t\t<div class=\"elementor-element elementor-element-8d38066 elementor-widget elementor-widget-spacer\" data-id=\"8d38066\" data-element_type=\"widget\" data-widget_type=\"spacer.default\">\n\t\t\t\t<div class=\"elementor-widget-container\">\n\t\t\t\t\t<div class=\"elementor-spacer\">\n\t\t\t<div class=\"elementor-spacer-inner\"><\/div>\n\t\t<\/div>\n\t\t\t\t<\/div>\n\t\t\t\t<\/div>\n\t\t\t\t<div class=\"elementor-element elementor-element-1c104c0 elementor-widget elementor-widget-text-editor\" data-id=\"1c104c0\" data-element_type=\"widget\" data-widget_type=\"text-editor.default\">\n\t\t\t\t<div class=\"elementor-widget-container\">\n\t\t\t\t\t<div class=\"elementor-text-editor elementor-clearfix\"><h3>Fr\u00fcchtehof Kunz<\/h3><p>Sara et Adrian Kunz de Fr\u00fcchtehof \u00e0 Gr\u00fcningen (ZH)<\/p><p><a href=\"https:\/\/fruechtehof-kunz.ch\/\" target=\"_blank\" rel=\"noopener\">Vers le site web<\/a><\/p><\/div>\n\t\t\t\t<\/div>\n\t\t\t\t<\/div>\n\t\t\t\t<div class=\"elementor-element elementor-element-7b1a71a elementor-widget elementor-widget-toggle\" data-id=\"7b1a71a\" data-element_type=\"widget\" data-widget_type=\"toggle.default\">\n\t\t\t\t<div class=\"elementor-widget-container\">\n\t\t\t\t\t<div class=\"elementor-toggle\" role=\"tablist\">\n\t\t\t\t\t\t\t<div class=\"elementor-toggle-item\">\n\t\t\t\t\t<div id=\"elementor-tab-title-1291\" class=\"elementor-tab-title\" data-tab=\"1\" role=\"tab\" aria-controls=\"elementor-tab-content-1291\">\n\t\t\t\t\t\t\t\t\t\t\t\t<span class=\"elementor-toggle-icon elementor-toggle-icon-left\" aria-hidden=\"true\">\n\t\t\t\t\t\t\t\t\t\t\t\t\t\t\t<span class=\"elementor-toggle-icon-closed\"><i class=\"fas fa-caret-right\"><\/i><\/span>\n\t\t\t\t\t\t\t\t<span class=\"elementor-toggle-icon-opened\"><i class=\"elementor-toggle-icon-opened fas fa-caret-up\"><\/i><\/span>\n\t\t\t\t\t\t\t\t\t\t\t\t\t<\/span>\n\t\t\t\t\t\t\t\t\t\t\t\t<a href=\"\" class=\"elementor-toggle-title\">\u00c0 propos du magasin de ferme<\/a>\n\t\t\t\t\t<\/div>\n\t\t\t\t\t<div id=\"elementor-tab-content-1291\" class=\"elementor-tab-content elementor-clearfix\" data-tab=\"1\" role=\"tabpanel\" aria-labelledby=\"elementor-tab-title-1291\"><p>Sara et Adrian Kunz ont repris l\u2019exploitation il y a douze ans. Ils la g\u00e8rent selon les directives Bio-Bourgeon depuis 2020. Le magasin de ferme est v\u00e9ritablement le c\u0153ur de l\u2019exploitation. Les p\u00e2tes de fruits \u00e0 tartiner, sirops, fruits s\u00e9ch\u00e9s, flocons d\u2019avoine et de bl\u00e9 maison, meringues et p\u00e2tisseries, \u0153ufs des propres pondeuses, jus de pomme et une grande vitrine r\u00e9frig\u00e9r\u00e9e contenant de la viande de b\u0153uf et des poules \u00e0 soupe fermi\u00e8res ne constituent qu\u2019une petite partie de l\u2019offre. Mais le magasin de ferme convainc aussi par son int\u00e9rieur de style.<\/p><p><a href=\"https:\/\/schoenster-hofladen.ch\/fr\/fruechtehof-kunz\/\" target=\"_blank\" rel=\"noopener\">En savoir plus sur Fr\u00fcchtehof Kunz.<\/a><\/p><\/div>\n\t\t\t\t<\/div>\n\t\t\t\t\t\t\t<div class=\"elementor-toggle-item\">\n\t\t\t\t\t<div id=\"elementor-tab-title-1292\" class=\"elementor-tab-title\" data-tab=\"2\" role=\"tab\" aria-controls=\"elementor-tab-content-1292\">\n\t\t\t\t\t\t\t\t\t\t\t\t<span class=\"elementor-toggle-icon elementor-toggle-icon-left\" aria-hidden=\"true\">\n\t\t\t\t\t\t\t\t\t\t\t\t\t\t\t<span class=\"elementor-toggle-icon-closed\"><i class=\"fas fa-caret-right\"><\/i><\/span>\n\t\t\t\t\t\t\t\t<span class=\"elementor-toggle-icon-opened\"><i class=\"elementor-toggle-icon-opened fas fa-caret-up\"><\/i><\/span>\n\t\t\t\t\t\t\t\t\t\t\t\t\t<\/span>\n\t\t\t\t\t\t\t\t\t\t\t\t<a href=\"\" class=\"elementor-toggle-title\">L'\u00e9valuation du jury<\/a>\n\t\t\t\t\t<\/div>\n\t\t\t\t\t<div id=\"elementor-tab-content-1292\" class=\"elementor-tab-content elementor-clearfix\" data-tab=\"2\" role=\"tabpanel\" aria-labelledby=\"elementor-tab-title-1292\"><p><strong>Du bio avec du chien<\/strong><\/p><p>Le BBZ Arenenberg m\u2019a confi\u00e9 la charge de membre du jury. Je suis clairement orient\u00e9e marketing. Le bus du jury nous a conduits sur des petites routes \u00e0 travers champs et nous avons crois\u00e9 beaucoup d\u2019indicateurs avant d'arriver \u00e0 l\u2019exploitation Fr\u00fcchtehof de la famille Kunz \u00e0 Gr\u00fcningen (ZH). Une grande enseigne \u00ab Fr\u00fcchtehof-L\u00e4deli \u00bb nous accueille. La d\u00e9coration rustique et naturelle \u00e0 l\u2019entr\u00e9e donne envie d\u2019en d\u00e9couvrir plus. Une lumi\u00e8re chaude inonde depuis le plafond les produits bio et des meubles en bois rustique. On a imm\u00e9diatement un aper\u00e7u g\u00e9n\u00e9ral de l'offre. Le magasin ne para\u00eet pas surcharg\u00e9 malgr\u00e9 la vaste offre, et la pr\u00e9sentation vari\u00e9e et adapt\u00e9e au produits nous fait encha\u00eener les d\u00e9couvertes.<\/p><p>La Famille Kunz a pour philosophie et but de produire toutes les denr\u00e9es, les l\u00e9gumes except\u00e9s, si possible sur son exploitation, y compris les produits de fruits et autres ingr\u00e9dients. C\u2019est en grande partie r\u00e9ussi. La plupart des produits arborent l\u2019\u00e9tiquette sur fond de vichy rouge et blanc. C\u2019est le fil rouge du magasin de ferme. La paysanne Sara Kunz nous a confi\u00e9 qu\u2019elle met sans cesse en place de nouvelles cultures pour remplacer \u00e9tape par \u00e9tape les produits des tiers par les siens propres. Tout au fond du magasin, les clients peuvent observer pour la plus grande joie de tous les vaches allaitantes \u00e0 travers une grande fen\u00eatre. Le travail sur l\u2019exploitation, le magasin de ferme et la mise en valeur des produits sont un projet familial auquel tous  participent, par exemple quand il faut charger les anneaux de pomme dans le grand s\u00e9choir. Les anneaux de pomme sont un des produits phares du magasin de ferme. Je transmets \u00e0 la famille Kunz les f\u00e9licitations chaleureuses de tout le jury pour ce qu\u2019elle accomplit et sa deuxi\u00e8me place bien m\u00e9rit\u00e9e.<\/p><p><em>Manuela Stadelmann, Prioma GmbH, Langrickenbach (TG)<\/em><\/p><\/div>\n\t\t\t\t<\/div>\n\t\t\t\t\t<\/div>\n\t\t\t\t<\/div>\n\t\t\t\t<\/div>\n\t\t\t\t\t\t<\/div>\n\t\t\t\t\t<\/div>\n\t\t<\/div>\n\t\t\t\t<div class=\"elementor-column elementor-col-33 elementor-inner-column elementor-element elementor-element-bbff6c5\" data-id=\"bbff6c5\" data-element_type=\"column\">\n\t\t\t<div class=\"elementor-column-wrap elementor-element-populated\">\n\t\t\t\t\t\t\t<div class=\"elementor-widget-wrap\">\n\t\t\t\t\t\t<div class=\"elementor-element elementor-element-5e18a9c elementor-widget elementor-widget-heading\" data-id=\"5e18a9c\" data-element_type=\"widget\" data-widget_type=\"heading.default\">\n\t\t\t\t<div class=\"elementor-widget-container\">\n\t\t\t<h2 class=\"elementor-heading-title elementor-size-default\">3e rang<\/h2>\t\t<\/div>\n\t\t\t\t<\/div>\n\t\t\t\t<div class=\"elementor-element elementor-element-bed64da elementor-widget elementor-widget-spacer\" data-id=\"bed64da\" data-element_type=\"widget\" data-widget_type=\"spacer.default\">\n\t\t\t\t<div class=\"elementor-widget-container\">\n\t\t\t\t\t<div class=\"elementor-spacer\">\n\t\t\t<div class=\"elementor-spacer-inner\"><\/div>\n\t\t<\/div>\n\t\t\t\t<\/div>\n\t\t\t\t<\/div>\n\t\t\t\t<div class=\"elementor-element elementor-element-043fc3f elementor-widget elementor-widget-image\" data-id=\"043fc3f\" data-element_type=\"widget\" data-widget_type=\"image.default\">\n\t\t\t\t<div class=\"elementor-widget-container\">\n\t\t\t\t\t<div class=\"elementor-image\">\n\t\t\t\t\t\t\t\t\t\t<img width=\"960\" height=\"960\" src=\"https:\/\/schoenster-hofladen.ch\/wp-content\/uploads\/2021\/09\/hubihof_1000_1000.jpg\" class=\"attachment-large size-large\" alt=\"\" loading=\"lazy\" srcset=\"https:\/\/schoenster-hofladen.ch\/wp-content\/uploads\/2021\/09\/hubihof_1000_1000.jpg 1000w, https:\/\/schoenster-hofladen.ch\/wp-content\/uploads\/2021\/09\/hubihof_1000_1000-300x300.jpg 300w, https:\/\/schoenster-hofladen.ch\/wp-content\/uploads\/2021\/09\/hubihof_1000_1000-150x150.jpg 150w, https:\/\/schoenster-hofladen.ch\/wp-content\/uploads\/2021\/09\/hubihof_1000_1000-768x768.jpg 768w, https:\/\/schoenster-hofladen.ch\/wp-content\/uploads\/2021\/09\/hubihof_1000_1000-12x12.jpg 12w\" sizes=\"(max-width: 960px) 100vw, 960px\" \/>\t\t\t\t\t\t\t\t\t\t\t<\/div>\n\t\t\t\t<\/div>\n\t\t\t\t<\/div>\n\t\t\t\t<div class=\"elementor-element elementor-element-1d684fa elementor-widget elementor-widget-spacer\" data-id=\"1d684fa\" data-element_type=\"widget\" data-widget_type=\"spacer.default\">\n\t\t\t\t<div class=\"elementor-widget-container\">\n\t\t\t\t\t<div class=\"elementor-spacer\">\n\t\t\t<div class=\"elementor-spacer-inner\"><\/div>\n\t\t<\/div>\n\t\t\t\t<\/div>\n\t\t\t\t<\/div>\n\t\t\t\t<div class=\"elementor-element elementor-element-375c9c3 elementor-widget elementor-widget-text-editor\" data-id=\"375c9c3\" data-element_type=\"widget\" data-widget_type=\"text-editor.default\">\n\t\t\t\t<div class=\"elementor-widget-container\">\n\t\t\t\t\t<div class=\"elementor-text-editor elementor-clearfix\"><h3>Hubihof<\/h3><p>Erika et Christoph Gehrig-H\u00e4fliger de Hubihof \u00e0 Bellikon (AG)<\/p><p><a href=\"https:\/\/www.hubihof.ch\/hofladen1\/hofladen\" target=\"_blank\" rel=\"noopener\">Vers le site web<\/a><\/p><\/div>\n\t\t\t\t<\/div>\n\t\t\t\t<\/div>\n\t\t\t\t<div class=\"elementor-element elementor-element-bdba8cb elementor-widget elementor-widget-toggle\" data-id=\"bdba8cb\" data-element_type=\"widget\" data-widget_type=\"toggle.default\">\n\t\t\t\t<div class=\"elementor-widget-container\">\n\t\t\t\t\t<div class=\"elementor-toggle\" role=\"tablist\">\n\t\t\t\t\t\t\t<div class=\"elementor-toggle-item\">\n\t\t\t\t\t<div id=\"elementor-tab-title-1981\" class=\"elementor-tab-title\" data-tab=\"1\" role=\"tab\" aria-controls=\"elementor-tab-content-1981\">\n\t\t\t\t\t\t\t\t\t\t\t\t<span class=\"elementor-toggle-icon elementor-toggle-icon-left\" aria-hidden=\"true\">\n\t\t\t\t\t\t\t\t\t\t\t\t\t\t\t<span class=\"elementor-toggle-icon-closed\"><i class=\"fas fa-caret-right\"><\/i><\/span>\n\t\t\t\t\t\t\t\t<span class=\"elementor-toggle-icon-opened\"><i class=\"elementor-toggle-icon-opened fas fa-caret-up\"><\/i><\/span>\n\t\t\t\t\t\t\t\t\t\t\t\t\t<\/span>\n\t\t\t\t\t\t\t\t\t\t\t\t<a href=\"\" class=\"elementor-toggle-title\">\u00c0 propos du magasin de ferme<\/a>\n\t\t\t\t\t<\/div>\n\t\t\t\t\t<div id=\"elementor-tab-content-1981\" class=\"elementor-tab-content elementor-clearfix\" data-tab=\"1\" role=\"tabpanel\" aria-labelledby=\"elementor-tab-title-1981\"><p>C\u2019est principalement la viande succulente des bovins de race Angus bio qui attire les consommateurs.trices au magasin de ferme magnifiquement situ\u00e9 d\u2019Erika et Christoph Gehrig-H\u00e4fliger. Le troupeau compte vingt-sept vaches allaitantes avec leurs veaux \u00e0 la robe marron ou noire. Mais le magasin de ferme de 50 m2 de surface vaut lui aussi le d\u00e9tour : Le chaland y trouve sur de jolis rayons en bois des produits cr\u00e9\u00e9s avec amour dont des gel\u00e9es, sirops, p\u00e2tes et conserves en bocaux. Les l\u00e9gumes passent du potager directement dans le caddie.<\/p><p><a href=\"https:\/\/schoenster-hofladen.ch\/fr\/hubihof\/\" target=\"_blank\" rel=\"noopener\">En savoir plus sur Hubihof.<\/a><\/p><\/div>\n\t\t\t\t<\/div>\n\t\t\t\t\t\t\t<div class=\"elementor-toggle-item\">\n\t\t\t\t\t<div id=\"elementor-tab-title-1982\" class=\"elementor-tab-title\" data-tab=\"2\" role=\"tab\" aria-controls=\"elementor-tab-content-1982\">\n\t\t\t\t\t\t\t\t\t\t\t\t<span class=\"elementor-toggle-icon elementor-toggle-icon-left\" aria-hidden=\"true\">\n\t\t\t\t\t\t\t\t\t\t\t\t\t\t\t<span class=\"elementor-toggle-icon-closed\"><i class=\"fas fa-caret-right\"><\/i><\/span>\n\t\t\t\t\t\t\t\t<span class=\"elementor-toggle-icon-opened\"><i class=\"elementor-toggle-icon-opened fas fa-caret-up\"><\/i><\/span>\n\t\t\t\t\t\t\t\t\t\t\t\t\t<\/span>\n\t\t\t\t\t\t\t\t\t\t\t\t<a href=\"\" class=\"elementor-toggle-title\">L'\u00e9valuation du jury<\/a>\n\t\t\t\t\t<\/div>\n\t\t\t\t\t<div id=\"elementor-tab-content-1982\" class=\"elementor-tab-content elementor-clearfix\" data-tab=\"2\" role=\"tabpanel\" aria-labelledby=\"elementor-tab-title-1982\"><p><strong>Un secret d\u2019initi\u00e9 qui a de la classe<\/strong><\/p><p>Le jury \u00e9tait en route vers l\u2019exploitation Hubihof par un magnifique soir d\u2019\u00e9t\u00e9. Le bois du hangar flambant neuf qui abrite la stabulation des vaches allaitantes, la salle d\u2019\u00e9v\u00e9nements et le magasin de ferme luisait dans le soleil du soir.<\/p><p>Comme ancien agriculteur d\u00e9sormais actif dans la planification d\u2019\u00e9tables, j\u2019ai eu un coup de c\u0153ur d\u00e8s que je m\u2019approchais du b\u00e2timent. La construction accueillante r\u00e9alis\u00e9e avec beaucoup de bois et d'amour du d\u00e9tail nous a sp\u00e9cialement tap\u00e9 dans l\u2019\u0153il. Cela commence par la pr\u00e9sentation de la marchandise et va jusqu\u2019\u00e0 l\u2019\u00e9tiquetage des produits en passant par la d\u00e9coration. Au travers du visuel professionnel et surtout le logo attirant et parlant, l\u2019exploitation Hubihof mise sur une strat\u00e9gie de marketing claire. Erika et Christoph Gehrig-H\u00e4fliger servent \u00e0 tour de r\u00f4le dans le magasin et expliquent \u00e0 la client\u00e8le ce que l\u2019agriculture met en mouvement, comment les produits sont confectionn\u00e9s et comment on tire parti si possible de l\u2019int\u00e9gralit\u00e9 du produit - du bout du museau au bout de la queue. Gr\u00e2ce \u00e0 ce travail d\u2019information, le couple d\u2019agriculteurs apporte \u00e9norm\u00e9ment \u00e0 toute l'agriculture.<\/p><p>Toutes nos f\u00e9licitations.<\/p><p><em>Christoph Bamert, Str\u00fcby Konzept AG, Seewen (SZ)<\/em><\/p><\/div>\n\t\t\t\t<\/div>\n\t\t\t\t\t<\/div>\n\t\t\t\t<\/div>\n\t\t\t\t<\/div>\n\t\t\t\t\t\t<\/div>\n\t\t\t\t\t<\/div>\n\t\t<\/div>\n\t\t\t\t\t\t\t\t<\/div>\n\t\t\t\t\t<\/div>\n\t\t<\/section>\n\t\t\t\t<div class=\"elementor-element elementor-element-3745400 elementor-widget elementor-widget-spacer\" data-id=\"3745400\" data-element_type=\"widget\" data-widget_type=\"spacer.default\">\n\t\t\t\t<div class=\"elementor-widget-container\">\n\t\t\t\t\t<div class=\"elementor-spacer\">\n\t\t\t<div class=\"elementor-spacer-inner\"><\/div>\n\t\t<\/div>\n\t\t\t\t<\/div>\n\t\t\t\t<\/div>\n\t\t\t\t<div class=\"elementor-element elementor-element-12f5f26 elementor-widget elementor-widget-heading\" data-id=\"12f5f26\" data-element_type=\"widget\" data-widget_type=\"heading.default\">\n\t\t\t\t<div class=\"elementor-widget-container\">\n\t\t\t<h2 class=\"elementor-heading-title elementor-size-default\">Top Ten (rangs 4 - 10)<\/h2>\t\t<\/div>\n\t\t\t\t<\/div>\n\t\t\t\t<section class=\"elementor-section elementor-inner-section elementor-element elementor-element-8635f8a elementor-section-boxed elementor-section-height-default elementor-section-height-default\" data-id=\"8635f8a\" data-element_type=\"section\">\n\t\t\t\t\t\t<div class=\"elementor-container elementor-column-gap-default\">\n\t\t\t\t\t\t\t<div class=\"elementor-row\">\n\t\t\t\t\t<div class=\"elementor-column elementor-col-100 elementor-inner-column elementor-element elementor-element-8c80157\" data-id=\"8c80157\" data-element_type=\"column\">\n\t\t\t<div class=\"elementor-column-wrap elementor-element-populated\">\n\t\t\t\t\t\t\t<div class=\"elementor-widget-wrap\">\n\t\t\t\t\t\t<div class=\"elementor-element elementor-element-97b0284 elementor-widget elementor-widget-spacer\" data-id=\"97b0284\" data-element_type=\"widget\" data-widget_type=\"spacer.default\">\n\t\t\t\t<div class=\"elementor-widget-container\">\n\t\t\t\t\t<div class=\"elementor-spacer\">\n\t\t\t<div class=\"elementor-spacer-inner\"><\/div>\n\t\t<\/div>\n\t\t\t\t<\/div>\n\t\t\t\t<\/div>\n\t\t\t\t<div class=\"elementor-element elementor-element-7a5123a elementor-widget elementor-widget-text-editor\" data-id=\"7a5123a\" data-element_type=\"widget\" data-widget_type=\"text-editor.default\">\n\t\t\t\t<div class=\"elementor-widget-container\">\n\t\t\t\t\t<div class=\"elementor-text-editor elementor-clearfix\"><p>Un prix et un abonnement au magazine de marketing direct \"Hof direkt\" ont \u00e9galement \u00e9t\u00e9 re\u00e7us (par ordre alphab\u00e9tique) : <\/p>\n<ul>\n<li>Regula et Xaver Appert-Jauch de Schwyz (SZ)<\/li>\n<li>Mireille Ducret de Ecublens (VD)<\/li>\n<li>Katharina et Lukas Friedli de Schocherswil (TG)<\/li>\n<li>Jonas Imfeld et Marina Blum de Geuensee (LU)<\/li>\n<li>Appez\u00f6ller Hofl\u00e4deli &#8211; Manuela Mock-D\u00f6rig aus Appenzell (AI) <br><\/li>\n<li>Hanspeter Rohrer de Belp (BE)<\/li>\n<li>Sabine et Hannes R\u00f6thlisberger-Wolleb de Ersigen (BE)<\/li>\n<\/ul><\/div>\n\t\t\t\t<\/div>\n\t\t\t\t<\/div>\n\t\t\t\t\t\t<\/div>\n\t\t\t\t\t<\/div>\n\t\t<\/div>\n\t\t\t\t\t\t\t\t<\/div>\n\t\t\t\t\t<\/div>\n\t\t<\/section>\n\t\t\t\t<section class=\"elementor-section elementor-inner-section elementor-element elementor-element-e188844 elementor-section-boxed elementor-section-height-default elementor-section-height-default\" data-id=\"e188844\" data-element_type=\"section\">\n\t\t\t\t\t\t<div class=\"elementor-container elementor-column-gap-default\">\n\t\t\t\t\t\t\t<div class=\"elementor-row\">\n\t\t\t\t\t<div class=\"elementor-column elementor-col-100 elementor-inner-column elementor-element elementor-element-26b8fed\" data-id=\"26b8fed\" data-element_type=\"column\">\n\t\t\t<div class=\"elementor-column-wrap\">\n\t\t\t\t\t\t\t<div class=\"elementor-widget-wrap\">\n\t\t\t\t\t\t\t\t<\/div>\n\t\t\t\t\t<\/div>\n\t\t<\/div>\n\t\t\t\t\t\t\t\t<\/div>\n\t\t\t\t\t<\/div>\n\t\t<\/section>\n\t\t\t\t\t\t<\/div>\n\t\t\t\t\t<\/div>\n\t\t<\/div>\n\t\t\t\t\t\t\t\t<\/div>\n\t\t\t\t\t<\/div>\n\t\t<\/section>\n\t\t\t\t<section class=\"elementor-section elementor-top-section elementor-element elementor-element-ad7c99f elementor-section-content-middle elementor-section-boxed elementor-section-height-default elementor-section-height-default\" data-id=\"ad7c99f\" data-element_type=\"section\" data-settings=\"{&quot;background_background&quot;:&quot;classic&quot;}\">\n\t\t\t\t\t\t<div class=\"elementor-container elementor-column-gap-default\">\n\t\t\t\t\t\t\t<div class=\"elementor-row\">\n\t\t\t\t\t<div class=\"elementor-column elementor-col-66 elementor-top-column elementor-element elementor-element-61a3d1e\" data-id=\"61a3d1e\" data-element_type=\"column\">\n\t\t\t<div class=\"elementor-column-wrap elementor-element-populated\">\n\t\t\t\t\t\t\t<div class=\"elementor-widget-wrap\">\n\t\t\t\t\t\t<section class=\"elementor-section elementor-inner-section elementor-element elementor-element-b95412a elementor-section-content-middle elementor-section-boxed elementor-section-height-default elementor-section-height-default\" data-id=\"b95412a\" data-element_type=\"section\">\n\t\t\t\t\t\t<div class=\"elementor-container elementor-column-gap-default\">\n\t\t\t\t\t\t\t<div class=\"elementor-row\">\n\t\t\t\t\t<div class=\"elementor-column elementor-col-16 elementor-inner-column elementor-element elementor-element-6994750\" data-id=\"6994750\" data-element_type=\"column\">\n\t\t\t<div class=\"elementor-column-wrap elementor-element-populated\">\n\t\t\t\t\t\t\t<div class=\"elementor-widget-wrap\">\n\t\t\t\t\t\t<div class=\"elementor-element elementor-element-7f4067b elementor-widget elementor-widget-heading\" data-id=\"7f4067b\" data-element_type=\"widget\" data-widget_type=\"heading.default\">\n\t\t\t\t<div class=\"elementor-widget-container\">\n\t\t\t<h5 class=\"elementor-heading-title elementor-size-default\"><a href=\"https:\/\/schoenster-hofladen.ch\/fr\/\">Page d'accueil<\/a><\/h5>\t\t<\/div>\n\t\t\t\t<\/div>\n\t\t\t\t\t\t<\/div>\n\t\t\t\t\t<\/div>\n\t\t<\/div>\n\t\t\t\t<div class=\"elementor-column elementor-col-16 elementor-inner-column elementor-element elementor-element-9896604\" data-id=\"9896604\" data-element_type=\"column\">\n\t\t\t<div class=\"elementor-column-wrap elementor-element-populated\">\n\t\t\t\t\t\t\t<div class=\"elementor-widget-wrap\">\n\t\t\t\t\t\t<div class=\"elementor-element elementor-element-f1e6b48 elementor-widget elementor-widget-heading\" data-id=\"f1e6b48\" data-element_type=\"widget\" data-widget_type=\"heading.default\">\n\t\t\t\t<div class=\"elementor-widget-container\">\n\t\t\t<h5 class=\"elementor-heading-title elementor-size-default\"><a href=\"https:\/\/schoenster-hofladen.ch\/fr\/hoflaeden\/\">Magasins de ferme<\/a><\/h5>\t\t<\/div>\n\t\t\t\t<\/div>\n\t\t\t\t\t\t<\/div>\n\t\t\t\t\t<\/div>\n\t\t<\/div>\n\t\t\t\t<div class=\"elementor-column elementor-col-16 elementor-inner-column elementor-element elementor-element-1467516\" data-id=\"1467516\" data-element_type=\"column\">\n\t\t\t<div class=\"elementor-column-wrap elementor-element-populated\">\n\t\t\t\t\t\t\t<div class=\"elementor-widget-wrap\">\n\t\t\t\t\t\t<div class=\"elementor-element elementor-element-7b8c3f0 elementor-widget elementor-widget-heading\" data-id=\"7b8c3f0\" data-element_type=\"widget\" data-widget_type=\"heading.default\">\n\t\t\t\t<div class=\"elementor-widget-container\">\n\t\t\t<h5 class=\"elementor-heading-title elementor-size-default\"><a href=\"https:\/\/schoenster-hofladen.ch\/fr\/wettbewerb\/\">Concours<\/a><\/h5>\t\t<\/div>\n\t\t\t\t<\/div>\n\t\t\t\t\t\t<\/div>\n\t\t\t\t\t<\/div>\n\t\t<\/div>\n\t\t\t\t<div class=\"elementor-column elementor-col-16 elementor-inner-column elementor-element elementor-element-9d7069d\" data-id=\"9d7069d\" data-element_type=\"column\">\n\t\t\t<div class=\"elementor-column-wrap elementor-element-populated\">\n\t\t\t\t\t\t\t<div class=\"elementor-widget-wrap\">\n\t\t\t\t\t\t<div class=\"elementor-element elementor-element-a49e8b0 elementor-widget elementor-widget-heading\" data-id=\"a49e8b0\" data-element_type=\"widget\" data-widget_type=\"heading.default\">\n\t\t\t\t<div class=\"elementor-widget-container\">\n\t\t\t<h5 class=\"elementor-heading-title elementor-size-default\"><a href=\"https:\/\/schoenster-hofladen.ch\/fr\/anmeldung\/\">Inscription<\/a><\/h5>\t\t<\/div>\n\t\t\t\t<\/div>\n\t\t\t\t\t\t<\/div>\n\t\t\t\t\t<\/div>\n\t\t<\/div>\n\t\t\t\t<div class=\"elementor-column elementor-col-16 elementor-inner-column elementor-element elementor-element-221b47d\" data-id=\"221b47d\" data-element_type=\"column\">\n\t\t\t<div class=\"elementor-column-wrap elementor-element-populated\">\n\t\t\t\t\t\t\t<div class=\"elementor-widget-wrap\">\n\t\t\t\t\t\t<div class=\"elementor-element elementor-element-600e2f5 elementor-widget elementor-widget-heading\" data-id=\"600e2f5\" data-element_type=\"widget\" data-widget_type=\"heading.default\">\n\t\t\t\t<div class=\"elementor-widget-container\">\n\t\t\t<h5 class=\"elementor-heading-title elementor-size-default\"><a href=\"https:\/\/schoenster-hofladen.ch\/fr\/gallerie\/\">Galerie<\/a><\/h5>\t\t<\/div>\n\t\t\t\t<\/div>\n\t\t\t\t\t\t<\/div>\n\t\t\t\t\t<\/div>\n\t\t<\/div>\n\t\t\t\t<div class=\"elementor-column elementor-col-16 elementor-inner-column elementor-element elementor-element-4fa636d\" data-id=\"4fa636d\" data-element_type=\"column\">\n\t\t\t<div class=\"elementor-column-wrap elementor-element-populated\">\n\t\t\t\t\t\t\t<div class=\"elementor-widget-wrap\">\n\t\t\t\t\t\t<div class=\"elementor-element elementor-element-a048d34 elementor-widget elementor-widget-heading\" data-id=\"a048d34\" data-element_type=\"widget\" data-widget_type=\"heading.default\">\n\t\t\t\t<div class=\"elementor-widget-container\">\n\t\t\t<h5 class=\"elementor-heading-title elementor-size-default\"><a href=\"https:\/\/schoenster-hofladen.ch\/fr\/kontakt\/\">Contact<\/a><\/h5>\t\t<\/div>\n\t\t\t\t<\/div>\n\t\t\t\t\t\t<\/div>\n\t\t\t\t\t<\/div>\n\t\t<\/div>\n\t\t\t\t\t\t\t\t<\/div>\n\t\t\t\t\t<\/div>\n\t\t<\/section>\n\t\t\t\t<section class=\"elementor-section elementor-inner-section elementor-element elementor-element-a716175 elementor-section-boxed elementor-section-height-default elementor-section-height-default\" data-id=\"a716175\" data-element_type=\"section\">\n\t\t\t\t\t\t<div class=\"elementor-container elementor-column-gap-default\">\n\t\t\t\t\t\t\t<div class=\"elementor-row\">\n\t\t\t\t\t<div class=\"elementor-column elementor-col-33 elementor-inner-column elementor-element elementor-element-e8531ec\" data-id=\"e8531ec\" data-element_type=\"column\">\n\t\t\t<div class=\"elementor-column-wrap elementor-element-populated\">\n\t\t\t\t\t\t\t<div class=\"elementor-widget-wrap\">\n\t\t\t\t\t\t<div class=\"elementor-element elementor-element-76abc1a elementor-widget elementor-widget-image\" data-id=\"76abc1a\" data-element_type=\"widget\" data-widget_type=\"image.default\">\n\t\t\t\t<div class=\"elementor-widget-container\">\n\t\t\t\t\t<div class=\"elementor-image\">\n\t\t\t\t\t\t\t\t\t\t\t<a href=\"https:\/\/www.swissfruit.ch\/fr\">\n\t\t\t\t\t\t\t<img width=\"684\" height=\"215\" src=\"https:\/\/schoenster-hofladen.ch\/wp-content\/uploads\/2023\/10\/SOV_fruchte_white_pos_Fr.png\" class=\"attachment-large size-large\" alt=\"\" loading=\"lazy\" srcset=\"https:\/\/schoenster-hofladen.ch\/wp-content\/uploads\/2023\/10\/SOV_fruchte_white_pos_Fr.png 655w, https:\/\/schoenster-hofladen.ch\/wp-content\/uploads\/2023\/10\/SOV_fruchte_white_pos_Fr-300x98.png 300w, https:\/\/schoenster-hofladen.ch\/wp-content\/uploads\/2023\/10\/SOV_fruchte_white_pos_Fr-16x5.png 16w\" sizes=\"(max-width: 684px) 100vw, 684px\" \/>\t\t\t\t\t\t\t\t<\/a>\n\t\t\t\t\t\t\t\t\t\t\t<\/div>\n\t\t\t\t<\/div>\n\t\t\t\t<\/div>\n\t\t\t\t\t\t<\/div>\n\t\t\t\t\t<\/div>\n\t\t<\/div>\n\t\t\t\t<div class=\"elementor-column elementor-col-33 elementor-inner-column elementor-element elementor-element-23194ee\" data-id=\"23194ee\" data-element_type=\"column\">\n\t\t\t<div class=\"elementor-column-wrap elementor-element-populated\">\n\t\t\t\t\t\t\t<div class=\"elementor-widget-wrap\">\n\t\t\t\t\t\t<div class=\"elementor-element elementor-element-57f9469 elementor-widget elementor-widget-image\" data-id=\"57f9469\" data-element_type=\"widget\" data-widget_type=\"image.default\">\n\t\t\t\t<div class=\"elementor-widget-container\">\n\t\t\t\t\t<div class=\"elementor-image\">\n\t\t\t\t\t\t\t\t\t\t\t<a href=\"https:\/\/www.agrarmedien.ch\/\">\n\t\t\t\t\t\t\t<img width=\"960\" height=\"145\" src=\"https:\/\/schoenster-hofladen.ch\/wp-content\/uploads\/2023\/10\/BauernZeitung_ohne_Slogan_Negativ-1024x155.png\" class=\"attachment-large size-large\" alt=\"\" loading=\"lazy\" srcset=\"https:\/\/schoenster-hofladen.ch\/wp-content\/uploads\/2023\/10\/BauernZeitung_ohne_Slogan_Negativ-1024x155.png 1024w, https:\/\/schoenster-hofladen.ch\/wp-content\/uploads\/2023\/10\/BauernZeitung_ohne_Slogan_Negativ-300x46.png 300w, https:\/\/schoenster-hofladen.ch\/wp-content\/uploads\/2023\/10\/BauernZeitung_ohne_Slogan_Negativ-768x117.png 768w, https:\/\/schoenster-hofladen.ch\/wp-content\/uploads\/2023\/10\/BauernZeitung_ohne_Slogan_Negativ-1536x233.png 1536w, https:\/\/schoenster-hofladen.ch\/wp-content\/uploads\/2023\/10\/BauernZeitung_ohne_Slogan_Negativ-2048x311.png 2048w, https:\/\/schoenster-hofladen.ch\/wp-content\/uploads\/2023\/10\/BauernZeitung_ohne_Slogan_Negativ-16x2.png 16w\" sizes=\"(max-width: 960px) 100vw, 960px\" \/>\t\t\t\t\t\t\t\t<\/a>\n\t\t\t\t\t\t\t\t\t\t\t<\/div>\n\t\t\t\t<\/div>\n\t\t\t\t<\/div>\n\t\t\t\t\t\t<\/div>\n\t\t\t\t\t<\/div>\n\t\t<\/div>\n\t\t\t\t<div class=\"elementor-column elementor-col-33 elementor-inner-column elementor-element elementor-element-939b2c5\" data-id=\"939b2c5\" data-element_type=\"column\">\n\t\t\t<div class=\"elementor-column-wrap elementor-element-populated\">\n\t\t\t\t\t\t\t<div class=\"elementor-widget-wrap\">\n\t\t\t\t\t\t<div class=\"elementor-element elementor-element-7b0e798 elementor-widget elementor-widget-image\" data-id=\"7b0e798\" data-element_type=\"widget\" data-widget_type=\"image.default\">\n\t\t\t\t<div class=\"elementor-widget-container\">\n\t\t\t\t\t<div class=\"elementor-image\">\n\t\t\t\t\t\t\t\t\t\t\t<a href=\"https:\/\/www.hofdirekt.com\/index.html\">\n\t\t\t\t\t\t\t<img width=\"900\" height=\"239\" src=\"https:\/\/schoenster-hofladen.ch\/wp-content\/uploads\/2023\/10\/HD-Logo1-neu.png\" class=\"attachment-large size-large\" alt=\"\" loading=\"lazy\" srcset=\"https:\/\/schoenster-hofladen.ch\/wp-content\/uploads\/2023\/10\/HD-Logo1-neu.png 900w, https:\/\/schoenster-hofladen.ch\/wp-content\/uploads\/2023\/10\/HD-Logo1-neu-300x80.png 300w, https:\/\/schoenster-hofladen.ch\/wp-content\/uploads\/2023\/10\/HD-Logo1-neu-768x204.png 768w, https:\/\/schoenster-hofladen.ch\/wp-content\/uploads\/2023\/10\/HD-Logo1-neu-16x4.png 16w\" sizes=\"(max-width: 900px) 100vw, 900px\" \/>\t\t\t\t\t\t\t\t<\/a>\n\t\t\t\t\t\t\t\t\t\t\t<\/div>\n\t\t\t\t<\/div>\n\t\t\t\t<\/div>\n\t\t\t\t\t\t<\/div>\n\t\t\t\t\t<\/div>\n\t\t<\/div>\n\t\t\t\t\t\t\t\t<\/div>\n\t\t\t\t\t<\/div>\n\t\t<\/section>\n\t\t\t\t\t\t<\/div>\n\t\t\t\t\t<\/div>\n\t\t<\/div>\n\t\t\t\t<div class=\"elementor-column elementor-col-33 elementor-top-column elementor-element elementor-element-8863f7b\" data-id=\"8863f7b\" data-element_type=\"column\">\n\t\t\t<div class=\"elementor-column-wrap elementor-element-populated\">\n\t\t\t\t\t\t\t<div class=\"elementor-widget-wrap\">\n\t\t\t\t\t\t<div class=\"elementor-element elementor-element-bbb4d91 elementor-widget elementor-widget-image\" data-id=\"bbb4d91\" data-element_type=\"widget\" data-widget_type=\"image.default\">\n\t\t\t\t<div class=\"elementor-widget-container\">\n\t\t\t\t\t<div class=\"elementor-image\">\n\t\t\t\t\t\t\t\t\t\t\t<a href=\"https:\/\/schoenster-hofladen.ch\/fr\/\">\n\t\t\t\t\t\t\t<img width=\"300\" height=\"295\" src=\"https:\/\/schoenster-hofladen.ch\/wp-content\/uploads\/2023\/10\/Logo_S-H_2024_fr-freigestellt.png\" class=\"attachment-medium size-medium\" alt=\"\" loading=\"lazy\" srcset=\"https:\/\/schoenster-hofladen.ch\/wp-content\/uploads\/2023\/10\/Logo_S-H_2024_fr-freigestellt.png 1082w, https:\/\/schoenster-hofladen.ch\/wp-content\/uploads\/2023\/10\/Logo_S-H_2024_fr-freigestellt-300x276.png 300w, https:\/\/schoenster-hofladen.ch\/wp-content\/uploads\/2023\/10\/Logo_S-H_2024_fr-freigestellt-1024x944.png 1024w, https:\/\/schoenster-hofladen.ch\/wp-content\/uploads\/2023\/10\/Logo_S-H_2024_fr-freigestellt-768x708.png 768w, https:\/\/schoenster-hofladen.ch\/wp-content\/uploads\/2023\/10\/Logo_S-H_2024_fr-freigestellt-13x12.png 13w\" sizes=\"(max-width: 300px) 100vw, 300px\" \/>\t\t\t\t\t\t\t\t<\/a>\n\t\t\t\t\t\t\t\t\t\t\t<\/div>\n\t\t\t\t<\/div>\n\t\t\t\t<\/div>\n\t\t\t\t<div class=\"elementor-element elementor-element-e05d9cb elementor-widget elementor-widget-heading\" data-id=\"e05d9cb\" data-element_type=\"widget\" data-widget_type=\"heading.default\">\n\t\t\t\t<div class=\"elementor-widget-container\">\n\t\t\t<p class=\"elementor-heading-title elementor-size-small\"><a href=\"https:\/\/www.swissfruit.ch\/fr\/politique-de-confidentialite\/\">\u00a9 2023 Fruit-Union Suisse<br> Tous droits r\u00e9serv\u00e9s. \n\nPolitique de confidentialit\u00e9<\/a><\/p>\t\t<\/div>\n\t\t\t\t<\/div>\n\t\t\t\t\t\t<\/div>\n\t\t\t\t\t<\/div>\n\t\t<\/div>\n\t\t\t\t\t\t\t\t<\/div>\n\t\t\t\t\t<\/div>\n\t\t<\/section>\n\t\t\t\t<section class=\"elementor-section elementor-top-section elementor-element elementor-element-0fb9189 elementor-section-full_width elementor-section-height-default elementor-section-height-default\" data-id=\"0fb9189\" data-element_type=\"section\">\n\t\t\t\t\t\t<div class=\"elementor-container elementor-column-gap-default\">\n\t\t\t\t\t\t\t<div class=\"elementor-row\">\n\t\t\t\t\t<div class=\"elementor-column elementor-col-100 elementor-top-column elementor-element elementor-element-845f6ca\" data-id=\"845f6ca\" data-element_type=\"column\">\n\t\t\t<div class=\"elementor-column-wrap elementor-element-populated\">\n\t\t\t\t\t\t\t<div class=\"elementor-widget-wrap\">\n\t\t\t\t\t\t<div class=\"elementor-element elementor-element-1b9cd31 elementor-widget elementor-widget-image\" data-id=\"1b9cd31\" data-element_type=\"widget\" data-widget_type=\"image.default\">\n\t\t\t\t<div class=\"elementor-widget-container\">\n\t\t\t\t\t<div class=\"elementor-image\">\n\t\t\t\t\t\t\t\t\t\t<img width=\"300\" height=\"47\" src=\"https:\/\/schoenster-hofladen.ch\/wp-content\/uploads\/2020\/07\/Schweiz_Nat\u00fcrlich-300x47.png\" class=\"attachment-medium size-medium\" alt=\"\" loading=\"lazy\" srcset=\"https:\/\/schoenster-hofladen.ch\/wp-content\/uploads\/2020\/07\/Schweiz_Nat\u00fcrlich-300x47.png 300w, https:\/\/schoenster-hofladen.ch\/wp-content\/uploads\/2020\/07\/Schweiz_Nat\u00fcrlich-1024x161.png 1024w, https:\/\/schoenster-hofladen.ch\/wp-content\/uploads\/2020\/07\/Schweiz_Nat\u00fcrlich-768x121.png 768w, https:\/\/schoenster-hofladen.ch\/wp-content\/uploads\/2020\/07\/Schweiz_Nat\u00fcrlich.png 1358w\" sizes=\"(max-width: 300px) 100vw, 300px\" \/>\t\t\t\t\t\t\t\t\t\t\t<\/div>\n\t\t\t\t<\/div>\n\t\t\t\t<\/div>\n\t\t\t\t\t\t<\/div>\n\t\t\t\t\t<\/div>\n\t\t<\/div>\n\t\t\t\t\t\t\t\t<\/div>\n\t\t\t\t\t<\/div>\n\t\t<\/section>\n\t\t\t\t\t\t<\/div>\n\t\t\t\t\t\t<\/div>\n\t\t\t\t\t<\/div>","protected":false},"excerpt":{"rendered":"<p>Resultate 2021 Zur\u00fcck zur Startseite Die Gewinner 2021 1. Rang Schuler\u2019s Hofladen Corinne und Franz Schuler vom Ludihof in Benken (SG) Zur Website \u00dcber den Hofladen Die Direktvermarktung nahm auf dem Ludihof in Benken in den vergangenen 30 Jahren immer mehr an Fahrt auf und entwickelte sich vom Garagenl\u00e4deli zum professionell gef\u00fchrten Hofladen. 2019 entschied [&hellip;]<\/p>","protected":false},"author":1,"featured_media":0,"parent":0,"menu_order":0,"comment_status":"closed","ping_status":"closed","template":"forester-elementor-page.php","meta":[],"_links":{"self":[{"href":"https:\/\/schoenster-hofladen.ch\/fr\/wp-json\/wp\/v2\/pages\/2849"}],"collection":[{"href":"https:\/\/schoenster-hofladen.ch\/fr\/wp-json\/wp\/v2\/pages"}],"about":[{"href":"https:\/\/schoenster-hofladen.ch\/fr\/wp-json\/wp\/v2\/types\/page"}],"author":[{"embeddable":true,"href":"https:\/\/schoenster-hofladen.ch\/fr\/wp-json\/wp\/v2\/users\/1"}],"replies":[{"embeddable":true,"href":"https:\/\/schoenster-hofladen.ch\/fr\/wp-json\/wp\/v2\/comments?post=2849"}],"version-history":[{"count":72,"href":"https:\/\/schoenster-hofladen.ch\/fr\/wp-json\/wp\/v2\/pages\/2849\/revisions"}],"predecessor-version":[{"id":3266,"href":"https:\/\/schoenster-hofladen.ch\/fr\/wp-json\/wp\/v2\/pages\/2849\/revisions\/3266"}],"wp:attachment":[{"href":"https:\/\/schoenster-hofladen.ch\/fr\/wp-json\/wp\/v2\/media?parent=2849"}],"curies":[{"name":"wp","href":"https:\/\/api.w.org\/{rel}","templated":true}]}}