{"id":2873,"date":"2021-09-17T07:01:04","date_gmt":"2021-09-17T07:01:04","guid":{"rendered":"https:\/\/schoenster-hofladen.ch\/sieger2019-copy\/"},"modified":"2024-01-22T08:11:03","modified_gmt":"2024-01-22T08:11:03","slug":"schulers-hofladen","status":"publish","type":"page","link":"https:\/\/schoenster-hofladen.ch\/fr\/schulers-hofladen\/","title":{"rendered":"Schulers Hofladen"},"content":{"rendered":"<div data-elementor-type=\"wp-page\" data-elementor-id=\"2873\" class=\"elementor elementor-2873\" data-elementor-settings=\"[]\">\n\t\t\t\t\t\t<div class=\"elementor-inner\">\n\t\t\t\t\t\t\t<div class=\"elementor-section-wrap\">\n\t\t\t\t\t\t\t<section class=\"elementor-section elementor-top-section elementor-element elementor-element-69af9820 elementor-section-stretched elementor-section-full_width elementor-section-height-default elementor-section-height-default\" data-id=\"69af9820\" data-element_type=\"section\" data-settings=\"{&quot;stretch_section&quot;:&quot;section-stretched&quot;}\">\n\t\t\t\t\t\t<div class=\"elementor-container elementor-column-gap-no\">\n\t\t\t\t\t\t\t<div class=\"elementor-row\">\n\t\t\t\t\t<div class=\"elementor-column elementor-col-100 elementor-top-column elementor-element elementor-element-4dbb4179\" data-id=\"4dbb4179\" data-element_type=\"column\">\n\t\t\t<div class=\"elementor-column-wrap elementor-element-populated\">\n\t\t\t\t\t\t\t<div class=\"elementor-widget-wrap\">\n\t\t\t\t\t\t<div class=\"elementor-element elementor-element-6558dab5 elementor-widget elementor-widget-forester-page-hero\" data-id=\"6558dab5\" data-element_type=\"widget\" data-widget_type=\"forester-page-hero.default\">\n\t\t\t\t<div class=\"elementor-widget-container\">\n\t\t\t<div id=\"hero\" class=\"hero page-hero hero-fullwidth hero_6558dab5 jarallax\" data-jarallax=\"\" data-type=\"scroll\" data-speed=\"0.2\" data-android=\"0\" data-ios=\"0\" style=\"background-image:url(https:\/\/schoenster-hofladen.ch\/wp-content\/uploads\/2021\/09\/titel_schuler-1.jpg)\" data-img-src=\"https:\/\/schoenster-hofladen.ch\/wp-content\/uploads\/2021\/09\/titel_schuler-1.jpg\" data-img-size=\"cover\" data-img-position=\"bottom center\" data-img-repeat=\"no-repeat\"><div class=\"hero-content no\"><div class=\"container white\"><div class=\"m-auto\"><div class=\"title-service mb15\"><h2 class=\"page-heading\">Schulers Hofladen<\/h2><\/div><a class=\"hero-btn btn-sm btn btn-circle btn-ghost-white\" href=\"https:\/\/schoenster-hofladen.ch\/fr\/\">Retour \u00e0 la page d\u2019accueil <\/a><\/div><\/div><\/div><\/div>\t\t<\/div>\n\t\t\t\t<\/div>\n\t\t\t\t<div class=\"elementor-element elementor-element-d5084c0 elementor-widget elementor-widget-spacer\" data-id=\"d5084c0\" data-element_type=\"widget\" data-widget_type=\"spacer.default\">\n\t\t\t\t<div class=\"elementor-widget-container\">\n\t\t\t\t\t<div class=\"elementor-spacer\">\n\t\t\t<div class=\"elementor-spacer-inner\"><\/div>\n\t\t<\/div>\n\t\t\t\t<\/div>\n\t\t\t\t<\/div>\n\t\t\t\t\t\t<\/div>\n\t\t\t\t\t<\/div>\n\t\t<\/div>\n\t\t\t\t\t\t\t\t<\/div>\n\t\t\t\t\t<\/div>\n\t\t<\/section>\n\t\t\t\t<section class=\"elementor-section elementor-top-section elementor-element elementor-element-cc8f50a elementor-section-boxed elementor-section-height-default elementor-section-height-default\" data-id=\"cc8f50a\" data-element_type=\"section\">\n\t\t\t\t\t\t<div class=\"elementor-container elementor-column-gap-default\">\n\t\t\t\t\t\t\t<div class=\"elementor-row\">\n\t\t\t\t\t<div class=\"elementor-column elementor-col-100 elementor-top-column elementor-element elementor-element-bb6878e\" data-id=\"bb6878e\" data-element_type=\"column\">\n\t\t\t<div class=\"elementor-column-wrap elementor-element-populated\">\n\t\t\t\t\t\t\t<div class=\"elementor-widget-wrap\">\n\t\t\t\t\t\t<div class=\"elementor-element elementor-element-aa23788 elementor-widget elementor-widget-heading\" data-id=\"aa23788\" data-element_type=\"widget\" data-widget_type=\"heading.default\">\n\t\t\t\t<div class=\"elementor-widget-container\">\n\t\t\t<h2 class=\"elementor-heading-title elementor-size-default\">Pas de l\u2019\u00e0-peu-pr\u00e8s !<\/h2>\t\t<\/div>\n\t\t\t\t<\/div>\n\t\t\t\t<div class=\"elementor-element elementor-element-9b62efd elementor-widget elementor-widget-text-editor\" data-id=\"9b62efd\" data-element_type=\"widget\" data-widget_type=\"text-editor.default\">\n\t\t\t\t<div class=\"elementor-widget-container\">\n\t\t\t\t\t<div class=\"elementor-text-editor elementor-clearfix\"><div>Le magasin de ferme des Schuler convainc avec un concept global r\u00e9fl\u00e9chi. Un coup d\u2019\u0153il dans l\u2019envers du d\u00e9cor montre combien le concept de vente directe des Schuler est structur\u00e9, int\u00e9gral et pr\u00e9voyant. <\/div><div>Texte : Kirsten M\u00fcller, Landfreund, images : Kirsten M\u00fcller, Raja L\u00e4ubli<\/div><div>\u00a0<\/div><\/div>\n\t\t\t\t<\/div>\n\t\t\t\t<\/div>\n\t\t\t\t\t\t<\/div>\n\t\t\t\t\t<\/div>\n\t\t<\/div>\n\t\t\t\t\t\t\t\t<\/div>\n\t\t\t\t\t<\/div>\n\t\t<\/section>\n\t\t\t\t<section class=\"elementor-section elementor-top-section elementor-element elementor-element-676a930 elementor-section-boxed elementor-section-height-default elementor-section-height-default\" data-id=\"676a930\" data-element_type=\"section\">\n\t\t\t\t\t\t<div class=\"elementor-container elementor-column-gap-default\">\n\t\t\t\t\t\t\t<div class=\"elementor-row\">\n\t\t\t\t\t<div class=\"elementor-column elementor-col-100 elementor-top-column elementor-element elementor-element-5a35025\" data-id=\"5a35025\" data-element_type=\"column\">\n\t\t\t<div class=\"elementor-column-wrap elementor-element-populated\">\n\t\t\t\t\t\t\t<div class=\"elementor-widget-wrap\">\n\t\t\t\t\t\t<div class=\"elementor-element elementor-element-7b570ec elementor-arrows-position-inside elementor-widget elementor-widget-image-carousel\" data-id=\"7b570ec\" data-element_type=\"widget\" data-settings=\"{&quot;slides_to_show&quot;:&quot;1&quot;,&quot;navigation&quot;:&quot;arrows&quot;,&quot;autoplay&quot;:&quot;yes&quot;,&quot;pause_on_hover&quot;:&quot;yes&quot;,&quot;pause_on_interaction&quot;:&quot;yes&quot;,&quot;autoplay_speed&quot;:5000,&quot;infinite&quot;:&quot;yes&quot;,&quot;effect&quot;:&quot;slide&quot;,&quot;speed&quot;:500}\" data-widget_type=\"image-carousel.default\">\n\t\t\t\t<div class=\"elementor-widget-container\">\n\t\t\t\t\t<div class=\"elementor-image-carousel-wrapper swiper-container\" dir=\"ltr\">\n\t\t\t<div class=\"elementor-image-carousel swiper-wrapper\">\n\t\t\t\t<div class=\"swiper-slide\"><figure class=\"swiper-slide-inner\"><img class=\"swiper-slide-image\" src=\"https:\/\/schoenster-hofladen.ch\/wp-content\/uploads\/2021\/09\/schuler_galerie_1.jpg\" alt=\"schuler_galerie_1\" \/><\/figure><\/div><div class=\"swiper-slide\"><figure class=\"swiper-slide-inner\"><img class=\"swiper-slide-image\" src=\"https:\/\/schoenster-hofladen.ch\/wp-content\/uploads\/2021\/09\/schuler_galerie_2.jpg\" alt=\"schuler_galerie_2\" \/><\/figure><\/div><div class=\"swiper-slide\"><figure class=\"swiper-slide-inner\"><img class=\"swiper-slide-image\" src=\"https:\/\/schoenster-hofladen.ch\/wp-content\/uploads\/2021\/09\/schuler_galerie_3.jpg\" alt=\"schuler_galerie_3\" \/><\/figure><\/div><div class=\"swiper-slide\"><figure class=\"swiper-slide-inner\"><img class=\"swiper-slide-image\" src=\"https:\/\/schoenster-hofladen.ch\/wp-content\/uploads\/2021\/09\/schuler_galerie_4.jpg\" alt=\"schuler_galerie_4\" \/><\/figure><\/div><div class=\"swiper-slide\"><figure class=\"swiper-slide-inner\"><img class=\"swiper-slide-image\" src=\"https:\/\/schoenster-hofladen.ch\/wp-content\/uploads\/2021\/09\/schuler_galerie_6.jpg\" alt=\"schuler_galerie_6\" \/><\/figure><\/div>\t\t\t<\/div>\n\t\t\t\t\t\t\t\t\t\t\t\t\t\t\t\t<div class=\"elementor-swiper-button elementor-swiper-button-prev\">\n\t\t\t\t\t\t<i class=\"eicon-chevron-left\" aria-hidden=\"true\"><\/i>\n\t\t\t\t\t\t<span class=\"elementor-screen-only\">Pr\u00e9c\u00e9dent<\/span>\n\t\t\t\t\t<\/div>\n\t\t\t\t\t<div class=\"elementor-swiper-button elementor-swiper-button-next\">\n\t\t\t\t\t\t<i class=\"eicon-chevron-right\" aria-hidden=\"true\"><\/i>\n\t\t\t\t\t\t<span class=\"elementor-screen-only\">Suivant<\/span>\n\t\t\t\t\t<\/div>\n\t\t\t\t\t\t\t\t\t<\/div>\n\t\t\t\t<\/div>\n\t\t\t\t<\/div>\n\t\t\t\t<div class=\"elementor-element elementor-element-8d93cc9 elementor-widget elementor-widget-spacer\" data-id=\"8d93cc9\" data-element_type=\"widget\" data-widget_type=\"spacer.default\">\n\t\t\t\t<div class=\"elementor-widget-container\">\n\t\t\t\t\t<div class=\"elementor-spacer\">\n\t\t\t<div class=\"elementor-spacer-inner\"><\/div>\n\t\t<\/div>\n\t\t\t\t<\/div>\n\t\t\t\t<\/div>\n\t\t\t\t\t\t<\/div>\n\t\t\t\t\t<\/div>\n\t\t<\/div>\n\t\t\t\t\t\t\t\t<\/div>\n\t\t\t\t\t<\/div>\n\t\t<\/section>\n\t\t\t\t<section class=\"elementor-section elementor-top-section elementor-element elementor-element-47bdc8b elementor-section-boxed elementor-section-height-default elementor-section-height-default\" data-id=\"47bdc8b\" data-element_type=\"section\">\n\t\t\t\t\t\t<div class=\"elementor-container elementor-column-gap-default\">\n\t\t\t\t\t\t\t<div class=\"elementor-row\">\n\t\t\t\t\t<div class=\"elementor-column elementor-col-25 elementor-top-column elementor-element elementor-element-0cb6aed\" data-id=\"0cb6aed\" data-element_type=\"column\">\n\t\t\t<div class=\"elementor-column-wrap elementor-element-populated\">\n\t\t\t\t\t\t\t<div class=\"elementor-widget-wrap\">\n\t\t\t\t\t\t<div class=\"elementor-element elementor-element-a6be4a4 elementor-widget elementor-widget-text-editor\" data-id=\"a6be4a4\" data-element_type=\"widget\" data-widget_type=\"text-editor.default\">\n\t\t\t\t<div class=\"elementor-widget-container\">\n\t\t\t\t\t<div class=\"elementor-text-editor elementor-clearfix\"><p>Mais qui sont les Schuler ? Il y a le couple d\u2019exploitants, \u00e0 savoir Franz (31) et Corinne (26) avec leur fille Leonie \u00e2g\u00e9e de dix mois et les parents de Franz, Franz (Il s\u2019appelle aussi Franz ! Nous l\u2019appellerons Franz senior ci-apr\u00e8s) et Monika. Si les jeunes ont repris l\u2019exploitation il y a deux ans, Monika et Franz senior ont mis en place les fondements de la vente directe. Et comme souvent, tout a commenc\u00e9 tr\u00e8s modestement chez Schuler.<\/p><p><strong>Quatre d\u00e9cennies d\u2019\u00e9volution<\/strong><br \/>Le grand-p\u00e8re a repris l\u2019exploitation Ludihof \u00e0 Benken (SG) en fermage en 1957. Pr\u00e8s de quarante ans plus tard, son fils Franz senior a achet\u00e9 l\u2019exploitation, car il \u00e9tait au b\u00e9n\u00e9fice d\u2019un droit de superficie. Ce grand-p\u00e8re s\u2019\u00e9tait d\u00e9j\u00e0 essay\u00e9 \u00e0 la vente directe. Cultivant des haricots nains pour la Migros, il lui fut impossible une ann\u00e9e de trouver un accord de prix. Il d\u00e9cida donc sans h\u00e9siter de vendre ses haricots directement aux client.es.\nC\u2019est ainsi que naquit le champ d\u2019autocueillette, une prestation que les Schuler sont presque seuls \u00e0 offrir dans la r\u00e9gion encore aujourd\u2019hui. Jusqu\u2019\u00e0 il y a un peu moins de trois ans, la production laiti\u00e8re, les travaux \u00e0 fa\u00e7on et la vente directe \u00e9taient les branches d\u2019exploitation principales - des piliers astreignants. L'exploitation est g\u00e9r\u00e9e selon les directives d\u2019IP-Suisse. Elle compte quatre unit\u00e9s de main d\u2019\u0153uvre familiales, une employ\u00e9e \u00e0 plein temps pour la vente directe, un temps partiel pour les pondeuses et des auxiliaires saisonniers pour assurer le bon d\u00e9roulement du travail.<\/p><p>Franz junior a accompli un apprentissage agricole et le cours de chef d\u2019exploitation. Il \u00e9tait passionn\u00e9 par le troupeau de race Brune avec trente vaches en pleine forme. Franz participait avec succ\u00e8s \u00e0 des expositions d\u2019\u00e9levage et aimait traire. Pour Franz senior c\u2019\u00e9tait clair : \u00ab Mon fils n\u2019est pas un mordu de machines agricoles. \u00bb Le pilier des travaux \u00e0 fa\u00e7on allait donc tomber.\nPuis la transmission de l\u2019exploitation s\u2019approchant, l\u2019orientation future faisait l\u2019objet de discussions r\u00e9currentes. On pesait les pours et les contres.<\/p><p><strong>Un magasin ou des vaches ?<\/strong><br \/>La vente directe avait pris de plus en plus d\u2019essor sur l\u2019exploitation Ludihof au cours des trente derni\u00e8res ann\u00e9es gr\u00e2ce notamment \u00e0 Monika. Dans une \u00e9choppe install\u00e9e dans un garage et au march\u00e9 elle proposait des \u0153ufs, des p\u00e2tes, des bocaux de conserve et des l\u00e9gumes. Les clients occasionnels \u00e9taient devenus des habitu\u00e9s qui se d\u00e9pla\u00e7aient volontiers jusqu\u2019\u00e0 l\u2019exploitation retir\u00e9e. Puis Monika \u00e9largit progressivement l\u2019assortiment. Les Schuler ont cr\u00e9\u00e9 la f\u00eate de la citrouille qui fait d\u00e9sormais partie int\u00e9grante du calendrier des manifestations.\nMais les stocks, la r\u00e9frig\u00e9ration et la vente \u00e9taient de plus en plus \u00e0 l\u2019\u00e9troit. C\u2019est-\u00e0-dire que la logistique avait atteint ses limites. Puis on y ajouta ici un abri et l\u00e0 une remise. \u00ab En quelque sorte un tapis catalogne \u00bb, disent les Schuler aujourd\u2019hui. Des solutions pragmatiques avaient en effet \u00e9t\u00e9 trouv\u00e9es.\u00a0 <\/p><p>Que faire ? Investir dans la production laiti\u00e8re ce qui impliquait la construction d\u2019une nouvelle \u00e9table ou se concentrer sur le magasin de ferme ? \u00ab C\u2019est \u00e0 toi de faire les calculs, disait le p\u00e8re au fils, car c\u2019est de votre avenir qu\u2019il s\u2019agit. \u00bb Entre-temps, Corinne avait opt\u00e9 pour une formation continue \u00e0 l\u2019\u00e9cole des paysannes de Strickhof et acquis de l'exp\u00e9rience pratique \u00e0 la Juckerfarm (ZH). Dans son m\u00e9moire, elle s\u2019est pench\u00e9e sur l\u2019amortissement de la production d\u2019\u0153uf entier. Vaut-il la peine d\u2019acheter des machines ? Quel est le volume de travail g\u00e9n\u00e9r\u00e9 par la mise en valeur et les canaux de commercialisation ?<\/p><\/div>\n\t\t\t\t<\/div>\n\t\t\t\t<\/div>\n\t\t\t\t\t\t<\/div>\n\t\t\t\t\t<\/div>\n\t\t<\/div>\n\t\t\t\t<div class=\"elementor-column elementor-col-25 elementor-top-column elementor-element elementor-element-2e14612\" data-id=\"2e14612\" data-element_type=\"column\">\n\t\t\t<div class=\"elementor-column-wrap\">\n\t\t\t\t\t\t\t<div class=\"elementor-widget-wrap\">\n\t\t\t\t\t\t\t\t<\/div>\n\t\t\t\t\t<\/div>\n\t\t<\/div>\n\t\t\t\t<div class=\"elementor-column elementor-col-25 elementor-top-column elementor-element elementor-element-942a124\" data-id=\"942a124\" data-element_type=\"column\">\n\t\t\t<div class=\"elementor-column-wrap elementor-element-populated\">\n\t\t\t\t\t\t\t<div class=\"elementor-widget-wrap\">\n\t\t\t\t\t\t<div class=\"elementor-element elementor-element-5527306 elementor-widget elementor-widget-text-editor\" data-id=\"5527306\" data-element_type=\"widget\" data-widget_type=\"text-editor.default\">\n\t\t\t\t<div class=\"elementor-widget-container\">\n\t\t\t\t\t<div class=\"elementor-text-editor elementor-clearfix\"><div>La phase de recherche a dur\u00e9 en tout quatre ans. Le jeune couple anim\u00e9 par une forte conviction et le besoin d\u2019agir a finalement opt\u00e9 pour le magasin de ferme, ce qui fut le bon choix. \nPuis ils ont \u00e9labor\u00e9 un concept d\u00e9taill\u00e9 avec le concours d\u2019un bureau d\u2019architecte. Nous demandons \u00e0 Franz Schuler junior pourquoi il a finalement choisi la vente directe. Il r\u00e9pond tout de go et pleinement convaincu : \u00ab La valeur ajout\u00e9e reste sur l\u2019exploitation et nous recevons la reconnaissance directement. Si, au contraire, je livre le lait, je perds le lien avec le produit. \u00bb\nLes vaches ont \u00e9t\u00e9 vendues. Et les Schuler on construit en 2019 des chambres froides, des cellules de cong\u00e9lation et des laboratoires. Ces locaux r\u00e9pondent des points de vue technique, hygi\u00e9nique et des dispositions des autorit\u00e9s en mati\u00e8re de denr\u00e9es alimentaires aux exigences les plus r\u00e9centes. Les circuits sont courts, les rayons sont g\u00e9n\u00e9reux et dispos\u00e9s \u00e0 hauteur d\u2019yeux. Tout se transporte sur des rouleaux. Les Schuler ont construit en regardant vers l\u2019avenir et en prenant en consid\u00e9ration les normes l\u00e9gales en vigueur. La production d\u2019\u0153uf entier, par exemple, se trouve dans une zone s\u00e9par\u00e9e accessible par un sas d\u2019hygi\u00e8ne.<\/div><p>Le laboratoire abrite des machines pour confectionner des p\u00e2tes, des anneaux de pomme et des coques de meringue. Il y a assez de place pour permettre \u00e0 trois \u00e0 quatre personnes d\u2019y travailler. En tout, les exploitants ont investi un million de francs.<\/p><p><strong>Une ambiance pour se sentir bien<\/strong><br \/>L\u2019\u00e2me de l\u2019exploitation est le magasin de ferme. L\u2019ambiance invite imm\u00e9diatement \u00e0 s\u2019y sentir bien. Les rayons sont en bois. Sur plus de 30 m2, on trouve un assortiment de plus de cent articles dont les deux tiers sont issus de la propre production. Le tiers restant est achet\u00e9 \u00e0 des producteurs voisins. En entrant dans le magasin, le regard est imm\u00e9diatement attir\u00e9 par les fruits et l\u00e9gumes. Les p\u00e2tes dans toutes les variations possibles et imaginables, par ex. au schabziger, aux \u00e9pinards, au safran, aux tomates, etc. sont reconnaissables gr\u00e2ce \u00e0 leurs \u00e9tiquettes plaisantes. Si vous recherchez un cadeau de la r\u00e9gion, vous serez parfaitement servi ici. Les conserves sont \u00e9tiquet\u00e9es m\u00e9ticuleusement et avec grand soin : courgettes ou sauce tomate, liqueur aux \u0153ufs, confiture ou sirop. Les couleurs de la d\u00e9coration sont accord\u00e9es entre elles et r\u00e9v\u00e8lent la sensibilit\u00e9 de la cheffe d\u2019exploitation.<\/p><p>Les marchandises sont pr\u00e9sent\u00e9es et produites au plus haut niveau. L\u2019assortiment inclut aussi des paquets de viande de b\u0153uf pr\u00e9par\u00e9s sur commande. Tout le syst\u00e8me est align\u00e9 sur les besoins des consommateurs.trices. La client\u00e8le sait appr\u00e9cier cela, car l\u2019exploitation est retir\u00e9e et il faut vouloir s\u2019y rendre. Quant aux exploitants, ils informent en d\u00e9tail sur leurs activit\u00e9s et offres au moyen de d\u00e9pliants, des r\u00e9seaux sociaux, d\u2019annonces et de f\u00eates \u00e0 la ferme. Tous les quatre se font un plaisir d\u2019expliquer au passage comment pr\u00e9parer un r\u00f4ti, le fonctionnement de l\u2019agriculture ou la confection des produits. Les Schuler affirment que la communication est un des fondements de leur affaire.<\/p><p><strong>Perspectives<\/strong><br \/>On sent imm\u00e9diatement que tous les Schuler sont vifs de caract\u00e8re. Ils entreprennent des essais avec cr\u00e9ativit\u00e9 et courage. Les nouveaut\u00e9s en 2021 sont les asperges et les fraisiers en plein champ. Franz senior a essay\u00e9 de cultiver du bl\u00e9 dur. Ce fut un \u00e9chec, mais l\u2019id\u00e9e de fabriquer sa propre farine pour confectionner des p\u00e2tes avec les c\u00e9r\u00e9ales de l\u2019exploitation n\u2019a pas \u00e9t\u00e9 abandonn\u00e9e pour autant. Les exploitants veulent dans tous les cas se lancer dans la commercialisation de produits d\u2019\u0153uf entier et misent sur les restaurants, h\u00f4tels et boulangeries. Ils identifient encore du potentiel sur Internet et pour la boutique en ligne.<\/p><\/div>\n\t\t\t\t<\/div>\n\t\t\t\t<\/div>\n\t\t\t\t\t\t<\/div>\n\t\t\t\t\t<\/div>\n\t\t<\/div>\n\t\t\t\t<div class=\"elementor-column elementor-col-25 elementor-top-column elementor-element elementor-element-6b89207\" data-id=\"6b89207\" data-element_type=\"column\">\n\t\t\t<div class=\"elementor-column-wrap\">\n\t\t\t\t\t\t\t<div class=\"elementor-widget-wrap\">\n\t\t\t\t\t\t\t\t<\/div>\n\t\t\t\t\t<\/div>\n\t\t<\/div>\n\t\t\t\t\t\t\t\t<\/div>\n\t\t\t\t\t<\/div>\n\t\t<\/section>\n\t\t\t\t<section class=\"elementor-section elementor-top-section elementor-element elementor-element-c1e79e6 elementor-section-boxed elementor-section-height-default elementor-section-height-default\" data-id=\"c1e79e6\" data-element_type=\"section\">\n\t\t\t\t\t\t<div class=\"elementor-container elementor-column-gap-default\">\n\t\t\t\t\t\t\t<div class=\"elementor-row\">\n\t\t\t\t\t<div class=\"elementor-column elementor-col-100 elementor-top-column elementor-element elementor-element-bb7150c\" data-id=\"bb7150c\" data-element_type=\"column\">\n\t\t\t<div class=\"elementor-column-wrap elementor-element-populated\">\n\t\t\t\t\t\t\t<div class=\"elementor-widget-wrap\">\n\t\t\t\t\t\t<div class=\"elementor-element elementor-element-f052837 elementor-widget elementor-widget-spacer\" data-id=\"f052837\" data-element_type=\"widget\" data-widget_type=\"spacer.default\">\n\t\t\t\t<div class=\"elementor-widget-container\">\n\t\t\t\t\t<div class=\"elementor-spacer\">\n\t\t\t<div class=\"elementor-spacer-inner\"><\/div>\n\t\t<\/div>\n\t\t\t\t<\/div>\n\t\t\t\t<\/div>\n\t\t\t\t<section class=\"elementor-section elementor-inner-section elementor-element elementor-element-0a2efdc elementor-section-boxed elementor-section-height-default elementor-section-height-default\" data-id=\"0a2efdc\" data-element_type=\"section\">\n\t\t\t\t\t\t<div class=\"elementor-container elementor-column-gap-default\">\n\t\t\t\t\t\t\t<div class=\"elementor-row\">\n\t\t\t\t\t<div class=\"elementor-column elementor-col-100 elementor-inner-column elementor-element elementor-element-1d17703\" data-id=\"1d17703\" data-element_type=\"column\">\n\t\t\t<div class=\"elementor-column-wrap elementor-element-populated\">\n\t\t\t\t\t\t\t<div class=\"elementor-widget-wrap\">\n\t\t\t\t\t\t<div class=\"elementor-element elementor-element-904983d elementor-widget elementor-widget-heading\" data-id=\"904983d\" data-element_type=\"widget\" data-widget_type=\"heading.default\">\n\t\t\t\t<div class=\"elementor-widget-container\">\n\t\t\t<h2 class=\"elementor-heading-title elementor-size-default\">L'\u00e9valuation du jury<\/h2>\t\t<\/div>\n\t\t\t\t<\/div>\n\t\t\t\t<div class=\"elementor-element elementor-element-2c4d3e2 elementor-widget elementor-widget-spacer\" data-id=\"2c4d3e2\" data-element_type=\"widget\" data-widget_type=\"spacer.default\">\n\t\t\t\t<div class=\"elementor-widget-container\">\n\t\t\t\t\t<div class=\"elementor-spacer\">\n\t\t\t<div class=\"elementor-spacer-inner\"><\/div>\n\t\t<\/div>\n\t\t\t\t<\/div>\n\t\t\t\t<\/div>\n\t\t\t\t<div class=\"elementor-element elementor-element-d2e728e elementor-widget elementor-widget-text-editor\" data-id=\"d2e728e\" data-element_type=\"widget\" data-widget_type=\"text-editor.default\">\n\t\t\t\t<div class=\"elementor-widget-container\">\n\t\t\t\t\t<div class=\"elementor-text-editor elementor-clearfix\"><p><strong>Du dynamisme anim\u00e9 par des forces f\u00e9minines<\/strong><\/p><p>Le plus beau magasin de ferme 2021 a convaincu avec un concept global bien r\u00e9fl\u00e9chi. L\u2019am\u00e9nagement int\u00e9rieur et l\u2019ambiance sont en plein dans le mil, la qualit\u00e9 des produits est irr\u00e9prochable, le conseil et le service sont personnels et authentiques. L\u2019int\u00e9gration dans l\u2019exploitation est parfaite, les indicateurs sont convaincants et il y a m\u00eame des places de stationnement. La vente directe cache une forte portion de force f\u00e9minine, mais selon les Schuler, le magasin de ferme serait n\u00e9 il y a tr\u00e8s longtemps d\u2019une situation d\u2019urgence. Lors de la transmission de l\u2019exploitation, la famille a opt\u00e9 en toute conscience pour la vente directe et abandonn\u00e9 la production laiti\u00e8re. C\u2019est ainsi que sont n\u00e9s le magnifique magasin de ferme et les locaux de transformation et d\u2019entreposage parfaitement \u00e9quip\u00e9s. Nous avons pu nous en convaincre lors de la visite du jury. Vente directe n'est pas synonyme d\u2019inertie mais bien au contraire de dynamisme, car l\u2019assortiment \u00e9volue de saison en saison ou de nouveaux canaux de vente se mettent en place. C'est comme \u00e7a, aussi chez Schuler o\u00f9 on ne manque pas d\u2019id\u00e9es. Je suis curieuse de voir ce qui va encore se cr\u00e9er. Au nom du jury, je f\u00e9licite la famille Schuler, seniors et juniors, de tout c\u0153ur et leur souhaite plein succ\u00e8s et de la motivation pour le futur.<\/p><p><em>Silvia Amaudruz, comit\u00e9 directeur de l\u2019Union suisse des paysannes et femmes rurales, Le Mont-sur-Lausanne (VD)<\/em><\/p><\/div>\n\t\t\t\t<\/div>\n\t\t\t\t<\/div>\n\t\t\t\t<div class=\"elementor-element elementor-element-26d38e9 elementor-widget elementor-widget-spacer\" data-id=\"26d38e9\" data-element_type=\"widget\" data-widget_type=\"spacer.default\">\n\t\t\t\t<div class=\"elementor-widget-container\">\n\t\t\t\t\t<div class=\"elementor-spacer\">\n\t\t\t<div class=\"elementor-spacer-inner\"><\/div>\n\t\t<\/div>\n\t\t\t\t<\/div>\n\t\t\t\t<\/div>\n\t\t\t\t\t\t<\/div>\n\t\t\t\t\t<\/div>\n\t\t<\/div>\n\t\t\t\t\t\t\t\t<\/div>\n\t\t\t\t\t<\/div>\n\t\t<\/section>\n\t\t\t\t\t\t<\/div>\n\t\t\t\t\t<\/div>\n\t\t<\/div>\n\t\t\t\t\t\t\t\t<\/div>\n\t\t\t\t\t<\/div>\n\t\t<\/section>\n\t\t\t\t<section class=\"elementor-section elementor-top-section elementor-element elementor-element-9b2de7d elementor-section-content-middle elementor-section-boxed elementor-section-height-default elementor-section-height-default\" data-id=\"9b2de7d\" data-element_type=\"section\" data-settings=\"{&quot;background_background&quot;:&quot;classic&quot;}\">\n\t\t\t\t\t\t<div class=\"elementor-container elementor-column-gap-default\">\n\t\t\t\t\t\t\t<div class=\"elementor-row\">\n\t\t\t\t\t<div class=\"elementor-column elementor-col-66 elementor-top-column elementor-element elementor-element-47c6839\" data-id=\"47c6839\" data-element_type=\"column\">\n\t\t\t<div class=\"elementor-column-wrap elementor-element-populated\">\n\t\t\t\t\t\t\t<div class=\"elementor-widget-wrap\">\n\t\t\t\t\t\t<section class=\"elementor-section elementor-inner-section elementor-element elementor-element-c271760 elementor-section-content-middle elementor-section-boxed elementor-section-height-default elementor-section-height-default\" data-id=\"c271760\" data-element_type=\"section\">\n\t\t\t\t\t\t<div class=\"elementor-container elementor-column-gap-default\">\n\t\t\t\t\t\t\t<div class=\"elementor-row\">\n\t\t\t\t\t<div class=\"elementor-column elementor-col-16 elementor-inner-column elementor-element elementor-element-3323568\" data-id=\"3323568\" data-element_type=\"column\">\n\t\t\t<div class=\"elementor-column-wrap elementor-element-populated\">\n\t\t\t\t\t\t\t<div class=\"elementor-widget-wrap\">\n\t\t\t\t\t\t<div class=\"elementor-element elementor-element-6f65662 elementor-widget elementor-widget-heading\" data-id=\"6f65662\" data-element_type=\"widget\" data-widget_type=\"heading.default\">\n\t\t\t\t<div class=\"elementor-widget-container\">\n\t\t\t<h5 class=\"elementor-heading-title elementor-size-default\"><a href=\"https:\/\/schoenster-hofladen.ch\/fr\/\">Page d'accueil<\/a><\/h5>\t\t<\/div>\n\t\t\t\t<\/div>\n\t\t\t\t\t\t<\/div>\n\t\t\t\t\t<\/div>\n\t\t<\/div>\n\t\t\t\t<div class=\"elementor-column elementor-col-16 elementor-inner-column elementor-element elementor-element-fa88094\" data-id=\"fa88094\" data-element_type=\"column\">\n\t\t\t<div class=\"elementor-column-wrap elementor-element-populated\">\n\t\t\t\t\t\t\t<div class=\"elementor-widget-wrap\">\n\t\t\t\t\t\t<div class=\"elementor-element elementor-element-8489115 elementor-widget elementor-widget-heading\" data-id=\"8489115\" data-element_type=\"widget\" data-widget_type=\"heading.default\">\n\t\t\t\t<div class=\"elementor-widget-container\">\n\t\t\t<h5 class=\"elementor-heading-title elementor-size-default\"><a href=\"https:\/\/schoenster-hofladen.ch\/fr\/hoflaeden\/\">Magasins de ferme<\/a><\/h5>\t\t<\/div>\n\t\t\t\t<\/div>\n\t\t\t\t\t\t<\/div>\n\t\t\t\t\t<\/div>\n\t\t<\/div>\n\t\t\t\t<div class=\"elementor-column elementor-col-16 elementor-inner-column elementor-element elementor-element-e0370de\" data-id=\"e0370de\" data-element_type=\"column\">\n\t\t\t<div class=\"elementor-column-wrap elementor-element-populated\">\n\t\t\t\t\t\t\t<div class=\"elementor-widget-wrap\">\n\t\t\t\t\t\t<div class=\"elementor-element elementor-element-eba19c0 elementor-widget elementor-widget-heading\" data-id=\"eba19c0\" data-element_type=\"widget\" data-widget_type=\"heading.default\">\n\t\t\t\t<div class=\"elementor-widget-container\">\n\t\t\t<h5 class=\"elementor-heading-title elementor-size-default\"><a href=\"https:\/\/schoenster-hofladen.ch\/fr\/wettbewerb\/\">Concours<\/a><\/h5>\t\t<\/div>\n\t\t\t\t<\/div>\n\t\t\t\t\t\t<\/div>\n\t\t\t\t\t<\/div>\n\t\t<\/div>\n\t\t\t\t<div class=\"elementor-column elementor-col-16 elementor-inner-column elementor-element elementor-element-12eb8b4\" data-id=\"12eb8b4\" data-element_type=\"column\">\n\t\t\t<div class=\"elementor-column-wrap elementor-element-populated\">\n\t\t\t\t\t\t\t<div class=\"elementor-widget-wrap\">\n\t\t\t\t\t\t<div class=\"elementor-element elementor-element-ac9d4ee elementor-widget elementor-widget-heading\" data-id=\"ac9d4ee\" data-element_type=\"widget\" data-widget_type=\"heading.default\">\n\t\t\t\t<div class=\"elementor-widget-container\">\n\t\t\t<h5 class=\"elementor-heading-title elementor-size-default\"><a href=\"https:\/\/schoenster-hofladen.ch\/fr\/jury\/\">Jury<\/a><\/h5>\t\t<\/div>\n\t\t\t\t<\/div>\n\t\t\t\t\t\t<\/div>\n\t\t\t\t\t<\/div>\n\t\t<\/div>\n\t\t\t\t<div class=\"elementor-column elementor-col-16 elementor-inner-column elementor-element elementor-element-a9a90a3\" data-id=\"a9a90a3\" data-element_type=\"column\">\n\t\t\t<div class=\"elementor-column-wrap elementor-element-populated\">\n\t\t\t\t\t\t\t<div class=\"elementor-widget-wrap\">\n\t\t\t\t\t\t<div class=\"elementor-element elementor-element-39e0fca elementor-widget elementor-widget-heading\" data-id=\"39e0fca\" data-element_type=\"widget\" data-widget_type=\"heading.default\">\n\t\t\t\t<div class=\"elementor-widget-container\">\n\t\t\t<h5 class=\"elementor-heading-title elementor-size-default\"><a href=\"https:\/\/schoenster-hofladen.ch\/fr\/gallerie\/\">Gallerie<\/a><\/h5>\t\t<\/div>\n\t\t\t\t<\/div>\n\t\t\t\t\t\t<\/div>\n\t\t\t\t\t<\/div>\n\t\t<\/div>\n\t\t\t\t<div class=\"elementor-column elementor-col-16 elementor-inner-column elementor-element elementor-element-777bf91\" data-id=\"777bf91\" data-element_type=\"column\">\n\t\t\t<div class=\"elementor-column-wrap elementor-element-populated\">\n\t\t\t\t\t\t\t<div class=\"elementor-widget-wrap\">\n\t\t\t\t\t\t<div class=\"elementor-element elementor-element-ec07754 elementor-widget elementor-widget-heading\" data-id=\"ec07754\" data-element_type=\"widget\" data-widget_type=\"heading.default\">\n\t\t\t\t<div class=\"elementor-widget-container\">\n\t\t\t<h5 class=\"elementor-heading-title elementor-size-default\"><a href=\"https:\/\/schoenster-hofladen.ch\/fr\/kontakt\/\">Contact<\/a><\/h5>\t\t<\/div>\n\t\t\t\t<\/div>\n\t\t\t\t\t\t<\/div>\n\t\t\t\t\t<\/div>\n\t\t<\/div>\n\t\t\t\t\t\t\t\t<\/div>\n\t\t\t\t\t<\/div>\n\t\t<\/section>\n\t\t\t\t<section class=\"elementor-section elementor-inner-section elementor-element elementor-element-fb7e52c elementor-section-boxed elementor-section-height-default elementor-section-height-default\" data-id=\"fb7e52c\" data-element_type=\"section\">\n\t\t\t\t\t\t<div class=\"elementor-container elementor-column-gap-default\">\n\t\t\t\t\t\t\t<div class=\"elementor-row\">\n\t\t\t\t\t<div class=\"elementor-column elementor-col-33 elementor-inner-column elementor-element elementor-element-7351d35\" data-id=\"7351d35\" data-element_type=\"column\">\n\t\t\t<div class=\"elementor-column-wrap elementor-element-populated\">\n\t\t\t\t\t\t\t<div class=\"elementor-widget-wrap\">\n\t\t\t\t\t\t<div class=\"elementor-element elementor-element-598566e elementor-widget elementor-widget-image\" data-id=\"598566e\" data-element_type=\"widget\" data-widget_type=\"image.default\">\n\t\t\t\t<div class=\"elementor-widget-container\">\n\t\t\t\t\t<div class=\"elementor-image\">\n\t\t\t\t\t\t\t\t\t\t\t<a href=\"https:\/\/www.swissfruit.ch\/fr\">\n\t\t\t\t\t\t\t<img width=\"684\" height=\"215\" src=\"https:\/\/schoenster-hofladen.ch\/wp-content\/uploads\/2023\/10\/SOV_fruchte_white_pos_Fr.png\" class=\"attachment-large size-large\" alt=\"\" loading=\"lazy\" srcset=\"https:\/\/schoenster-hofladen.ch\/wp-content\/uploads\/2023\/10\/SOV_fruchte_white_pos_Fr.png 655w, https:\/\/schoenster-hofladen.ch\/wp-content\/uploads\/2023\/10\/SOV_fruchte_white_pos_Fr-300x98.png 300w, https:\/\/schoenster-hofladen.ch\/wp-content\/uploads\/2023\/10\/SOV_fruchte_white_pos_Fr-16x5.png 16w\" sizes=\"(max-width: 684px) 100vw, 684px\" \/>\t\t\t\t\t\t\t\t<\/a>\n\t\t\t\t\t\t\t\t\t\t\t<\/div>\n\t\t\t\t<\/div>\n\t\t\t\t<\/div>\n\t\t\t\t\t\t<\/div>\n\t\t\t\t\t<\/div>\n\t\t<\/div>\n\t\t\t\t<div class=\"elementor-column elementor-col-33 elementor-inner-column elementor-element elementor-element-59822ec\" data-id=\"59822ec\" data-element_type=\"column\">\n\t\t\t<div class=\"elementor-column-wrap elementor-element-populated\">\n\t\t\t\t\t\t\t<div class=\"elementor-widget-wrap\">\n\t\t\t\t\t\t<div class=\"elementor-element elementor-element-3b9594d elementor-widget elementor-widget-image\" data-id=\"3b9594d\" data-element_type=\"widget\" data-widget_type=\"image.default\">\n\t\t\t\t<div class=\"elementor-widget-container\">\n\t\t\t\t\t<div class=\"elementor-image\">\n\t\t\t\t\t\t\t\t\t\t\t<a href=\"https:\/\/www.landfreund.ch\/\">\n\t\t\t\t\t\t\t<img width=\"960\" height=\"145\" src=\"https:\/\/schoenster-hofladen.ch\/wp-content\/uploads\/2023\/10\/BauernZeitung_ohne_Slogan_Negativ-1024x155.png\" class=\"attachment-large size-large\" alt=\"\" loading=\"lazy\" srcset=\"https:\/\/schoenster-hofladen.ch\/wp-content\/uploads\/2023\/10\/BauernZeitung_ohne_Slogan_Negativ-1024x155.png 1024w, https:\/\/schoenster-hofladen.ch\/wp-content\/uploads\/2023\/10\/BauernZeitung_ohne_Slogan_Negativ-300x46.png 300w, https:\/\/schoenster-hofladen.ch\/wp-content\/uploads\/2023\/10\/BauernZeitung_ohne_Slogan_Negativ-768x117.png 768w, https:\/\/schoenster-hofladen.ch\/wp-content\/uploads\/2023\/10\/BauernZeitung_ohne_Slogan_Negativ-1536x233.png 1536w, https:\/\/schoenster-hofladen.ch\/wp-content\/uploads\/2023\/10\/BauernZeitung_ohne_Slogan_Negativ-2048x311.png 2048w, https:\/\/schoenster-hofladen.ch\/wp-content\/uploads\/2023\/10\/BauernZeitung_ohne_Slogan_Negativ-16x2.png 16w\" sizes=\"(max-width: 960px) 100vw, 960px\" \/>\t\t\t\t\t\t\t\t<\/a>\n\t\t\t\t\t\t\t\t\t\t\t<\/div>\n\t\t\t\t<\/div>\n\t\t\t\t<\/div>\n\t\t\t\t\t\t<\/div>\n\t\t\t\t\t<\/div>\n\t\t<\/div>\n\t\t\t\t<div class=\"elementor-column elementor-col-33 elementor-inner-column elementor-element elementor-element-45dcd31\" data-id=\"45dcd31\" data-element_type=\"column\">\n\t\t\t<div class=\"elementor-column-wrap elementor-element-populated\">\n\t\t\t\t\t\t\t<div class=\"elementor-widget-wrap\">\n\t\t\t\t\t\t<div class=\"elementor-element elementor-element-0cf9140 elementor-widget elementor-widget-image\" data-id=\"0cf9140\" data-element_type=\"widget\" data-widget_type=\"image.default\">\n\t\t\t\t<div class=\"elementor-widget-container\">\n\t\t\t\t\t<div class=\"elementor-image\">\n\t\t\t\t\t\t\t\t\t\t<img width=\"900\" height=\"239\" src=\"https:\/\/schoenster-hofladen.ch\/wp-content\/uploads\/2023\/10\/HD-Logo1-neu.png\" class=\"attachment-large size-large\" alt=\"\" loading=\"lazy\" srcset=\"https:\/\/schoenster-hofladen.ch\/wp-content\/uploads\/2023\/10\/HD-Logo1-neu.png 900w, https:\/\/schoenster-hofladen.ch\/wp-content\/uploads\/2023\/10\/HD-Logo1-neu-300x80.png 300w, https:\/\/schoenster-hofladen.ch\/wp-content\/uploads\/2023\/10\/HD-Logo1-neu-768x204.png 768w, https:\/\/schoenster-hofladen.ch\/wp-content\/uploads\/2023\/10\/HD-Logo1-neu-16x4.png 16w\" sizes=\"(max-width: 900px) 100vw, 900px\" \/>\t\t\t\t\t\t\t\t\t\t\t<\/div>\n\t\t\t\t<\/div>\n\t\t\t\t<\/div>\n\t\t\t\t\t\t<\/div>\n\t\t\t\t\t<\/div>\n\t\t<\/div>\n\t\t\t\t\t\t\t\t<\/div>\n\t\t\t\t\t<\/div>\n\t\t<\/section>\n\t\t\t\t\t\t<\/div>\n\t\t\t\t\t<\/div>\n\t\t<\/div>\n\t\t\t\t<div class=\"elementor-column elementor-col-33 elementor-top-column elementor-element elementor-element-a5ffc9d\" data-id=\"a5ffc9d\" data-element_type=\"column\">\n\t\t\t<div class=\"elementor-column-wrap elementor-element-populated\">\n\t\t\t\t\t\t\t<div class=\"elementor-widget-wrap\">\n\t\t\t\t\t\t<div class=\"elementor-element elementor-element-8fb6682 elementor-widget elementor-widget-image\" data-id=\"8fb6682\" data-element_type=\"widget\" data-widget_type=\"image.default\">\n\t\t\t\t<div class=\"elementor-widget-container\">\n\t\t\t\t\t<div class=\"elementor-image\">\n\t\t\t\t\t\t\t\t\t\t\t<a href=\"https:\/\/schoenster-hofladen.ch\/fr\/\">\n\t\t\t\t\t\t\t<img width=\"300\" height=\"295\" src=\"https:\/\/schoenster-hofladen.ch\/wp-content\/uploads\/2023\/10\/Logo_S-H_2024_fr-freigestellt.png\" class=\"attachment-medium size-medium\" alt=\"\" loading=\"lazy\" srcset=\"https:\/\/schoenster-hofladen.ch\/wp-content\/uploads\/2023\/10\/Logo_S-H_2024_fr-freigestellt.png 1082w, https:\/\/schoenster-hofladen.ch\/wp-content\/uploads\/2023\/10\/Logo_S-H_2024_fr-freigestellt-300x276.png 300w, https:\/\/schoenster-hofladen.ch\/wp-content\/uploads\/2023\/10\/Logo_S-H_2024_fr-freigestellt-1024x944.png 1024w, https:\/\/schoenster-hofladen.ch\/wp-content\/uploads\/2023\/10\/Logo_S-H_2024_fr-freigestellt-768x708.png 768w, https:\/\/schoenster-hofladen.ch\/wp-content\/uploads\/2023\/10\/Logo_S-H_2024_fr-freigestellt-13x12.png 13w\" sizes=\"(max-width: 300px) 100vw, 300px\" \/>\t\t\t\t\t\t\t\t<\/a>\n\t\t\t\t\t\t\t\t\t\t\t<\/div>\n\t\t\t\t<\/div>\n\t\t\t\t<\/div>\n\t\t\t\t<div class=\"elementor-element elementor-element-dd1cc16 elementor-widget elementor-widget-heading\" data-id=\"dd1cc16\" data-element_type=\"widget\" data-widget_type=\"heading.default\">\n\t\t\t\t<div class=\"elementor-widget-container\">\n\t\t\t<p class=\"elementor-heading-title elementor-size-small\"><a href=\"https:\/\/www.swissfruit.ch\/fr\/politique-de-confidentialite\/\">\u00a9 2024 Fruit-Union Suisse<br> Tous droits r\u00e9serv\u00e9s. \n\nPolitique de confidentialit\u00e9<\/a><\/p>\t\t<\/div>\n\t\t\t\t<\/div>\n\t\t\t\t\t\t<\/div>\n\t\t\t\t\t<\/div>\n\t\t<\/div>\n\t\t\t\t\t\t\t\t<\/div>\n\t\t\t\t\t<\/div>\n\t\t<\/section>\n\t\t\t\t<section class=\"elementor-section elementor-top-section elementor-element elementor-element-f0ad943 elementor-section-full_width elementor-section-height-default elementor-section-height-default\" data-id=\"f0ad943\" data-element_type=\"section\">\n\t\t\t\t\t\t<div class=\"elementor-container elementor-column-gap-default\">\n\t\t\t\t\t\t\t<div class=\"elementor-row\">\n\t\t\t\t\t<div class=\"elementor-column elementor-col-100 elementor-top-column elementor-element elementor-element-080db49\" data-id=\"080db49\" data-element_type=\"column\">\n\t\t\t<div class=\"elementor-column-wrap elementor-element-populated\">\n\t\t\t\t\t\t\t<div class=\"elementor-widget-wrap\">\n\t\t\t\t\t\t<div class=\"elementor-element elementor-element-ec1ee17 elementor-widget elementor-widget-image\" data-id=\"ec1ee17\" data-element_type=\"widget\" data-widget_type=\"image.default\">\n\t\t\t\t<div class=\"elementor-widget-container\">\n\t\t\t\t\t<div class=\"elementor-image\">\n\t\t\t\t\t\t\t\t\t\t<img width=\"300\" height=\"47\" src=\"https:\/\/schoenster-hofladen.ch\/wp-content\/uploads\/2020\/07\/Schweiz_Nat\u00fcrlich-300x47.png\" class=\"attachment-medium size-medium\" alt=\"\" loading=\"lazy\" srcset=\"https:\/\/schoenster-hofladen.ch\/wp-content\/uploads\/2020\/07\/Schweiz_Nat\u00fcrlich-300x47.png 300w, https:\/\/schoenster-hofladen.ch\/wp-content\/uploads\/2020\/07\/Schweiz_Nat\u00fcrlich-1024x161.png 1024w, https:\/\/schoenster-hofladen.ch\/wp-content\/uploads\/2020\/07\/Schweiz_Nat\u00fcrlich-768x121.png 768w, https:\/\/schoenster-hofladen.ch\/wp-content\/uploads\/2020\/07\/Schweiz_Nat\u00fcrlich.png 1358w\" sizes=\"(max-width: 300px) 100vw, 300px\" \/>\t\t\t\t\t\t\t\t\t\t\t<\/div>\n\t\t\t\t<\/div>\n\t\t\t\t<\/div>\n\t\t\t\t\t\t<\/div>\n\t\t\t\t\t<\/div>\n\t\t<\/div>\n\t\t\t\t\t\t\t\t<\/div>\n\t\t\t\t\t<\/div>\n\t\t<\/section>\n\t\t\t\t\t\t<\/div>\n\t\t\t\t\t\t<\/div>\n\t\t\t\t\t<\/div>","protected":false},"excerpt":{"rendered":"<p>Schulers Hofladen Zur\u00fcck zur Startseite Keine halben Sachen! Schulers Hofladen \u00fcberzeugt mit einem absolut gut durchdachten Gesamtkonzept. Der Blick hinter die Kulissen zeigt, wie strukturiert, gesamtheitlich und vorausschauend die Schulers ihre Direktvermarktung aufgestellt haben. Text: Kirsten M\u00fcller, Landfreund, Fotos: Kirsten M\u00fcller, Raja L\u00e4ubli\u00a0 Zur\u00fcck Weiter Wer sind die Schulers? Das sind das Betriebsleiterehepaar Franz (31) [&hellip;]<\/p>","protected":false},"author":1,"featured_media":0,"parent":0,"menu_order":0,"comment_status":"closed","ping_status":"closed","template":"forester-elementor-page.php","meta":[],"_links":{"self":[{"href":"https:\/\/schoenster-hofladen.ch\/fr\/wp-json\/wp\/v2\/pages\/2873"}],"collection":[{"href":"https:\/\/schoenster-hofladen.ch\/fr\/wp-json\/wp\/v2\/pages"}],"about":[{"href":"https:\/\/schoenster-hofladen.ch\/fr\/wp-json\/wp\/v2\/types\/page"}],"author":[{"embeddable":true,"href":"https:\/\/schoenster-hofladen.ch\/fr\/wp-json\/wp\/v2\/users\/1"}],"replies":[{"embeddable":true,"href":"https:\/\/schoenster-hofladen.ch\/fr\/wp-json\/wp\/v2\/comments?post=2873"}],"version-history":[{"count":69,"href":"https:\/\/schoenster-hofladen.ch\/fr\/wp-json\/wp\/v2\/pages\/2873\/revisions"}],"predecessor-version":[{"id":3433,"href":"https:\/\/schoenster-hofladen.ch\/fr\/wp-json\/wp\/v2\/pages\/2873\/revisions\/3433"}],"wp:attachment":[{"href":"https:\/\/schoenster-hofladen.ch\/fr\/wp-json\/wp\/v2\/media?parent=2873"}],"curies":[{"name":"wp","href":"https:\/\/api.w.org\/{rel}","templated":true}]}}