{"id":3676,"date":"2024-09-25T06:28:34","date_gmt":"2024-09-25T06:28:34","guid":{"rendered":"https:\/\/schoenster-hofladen.ch\/schulers-hofladen-copy\/"},"modified":"2024-09-25T07:28:30","modified_gmt":"2024-09-25T07:28:30","slug":"lukas-glausers-hofladen","status":"publish","type":"page","link":"https:\/\/schoenster-hofladen.ch\/fr\/lukas-glausers-hofladen\/","title":{"rendered":"Lukas Glausers Hofladen"},"content":{"rendered":"<div data-elementor-type=\"wp-page\" data-elementor-id=\"3676\" class=\"elementor elementor-3676\" data-elementor-settings=\"[]\">\n\t\t\t\t\t\t<div class=\"elementor-inner\">\n\t\t\t\t\t\t\t<div class=\"elementor-section-wrap\">\n\t\t\t\t\t\t\t<section class=\"elementor-section elementor-top-section elementor-element elementor-element-69af9820 elementor-section-stretched elementor-section-full_width elementor-section-height-default elementor-section-height-default\" data-id=\"69af9820\" data-element_type=\"section\" data-settings=\"{&quot;stretch_section&quot;:&quot;section-stretched&quot;}\">\n\t\t\t\t\t\t<div class=\"elementor-container elementor-column-gap-no\">\n\t\t\t\t\t\t\t<div class=\"elementor-row\">\n\t\t\t\t\t<div class=\"elementor-column elementor-col-100 elementor-top-column elementor-element elementor-element-4dbb4179\" data-id=\"4dbb4179\" data-element_type=\"column\">\n\t\t\t<div class=\"elementor-column-wrap elementor-element-populated\">\n\t\t\t\t\t\t\t<div class=\"elementor-widget-wrap\">\n\t\t\t\t\t\t<div class=\"elementor-element elementor-element-6558dab5 elementor-widget elementor-widget-forester-page-hero\" data-id=\"6558dab5\" data-element_type=\"widget\" data-widget_type=\"forester-page-hero.default\">\n\t\t\t\t<div class=\"elementor-widget-container\">\n\t\t\t<div id=\"hero\" class=\"hero page-hero hero-fullwidth hero_6558dab5 jarallax\" data-jarallax=\"\" data-type=\"scroll\" data-speed=\"0.2\" data-android=\"0\" data-ios=\"0\" style=\"background-image:url(https:\/\/schoenster-hofladen.ch\/wp-content\/uploads\/2021\/09\/titel_schuler-1.jpg)\" data-img-src=\"https:\/\/schoenster-hofladen.ch\/wp-content\/uploads\/2021\/09\/titel_schuler-1.jpg\" data-img-size=\"cover\" data-img-position=\"bottom center\" data-img-repeat=\"no-repeat\"><div class=\"hero-content no\"><div class=\"container white\"><div class=\"m-auto\"><div class=\"title-service mb15\"><h2 class=\"page-heading\">Lukas Glausers Hofladen<\/h2><\/div><a class=\"hero-btn btn-sm btn btn-circle btn-ghost-white\" href=\"https:\/\/schoenster-hofladen.ch\/fr\/\">Retour \u00e0 la page d\u2019accueil <\/a><\/div><\/div><\/div><\/div>\t\t<\/div>\n\t\t\t\t<\/div>\n\t\t\t\t<div class=\"elementor-element elementor-element-d5084c0 elementor-widget elementor-widget-spacer\" data-id=\"d5084c0\" data-element_type=\"widget\" data-widget_type=\"spacer.default\">\n\t\t\t\t<div class=\"elementor-widget-container\">\n\t\t\t\t\t<div class=\"elementor-spacer\">\n\t\t\t<div class=\"elementor-spacer-inner\"><\/div>\n\t\t<\/div>\n\t\t\t\t<\/div>\n\t\t\t\t<\/div>\n\t\t\t\t\t\t<\/div>\n\t\t\t\t\t<\/div>\n\t\t<\/div>\n\t\t\t\t\t\t\t\t<\/div>\n\t\t\t\t\t<\/div>\n\t\t<\/section>\n\t\t\t\t<section class=\"elementor-section elementor-top-section elementor-element elementor-element-cc8f50a elementor-section-boxed elementor-section-height-default elementor-section-height-default\" data-id=\"cc8f50a\" data-element_type=\"section\">\n\t\t\t\t\t\t<div class=\"elementor-container elementor-column-gap-default\">\n\t\t\t\t\t\t\t<div class=\"elementor-row\">\n\t\t\t\t\t<div class=\"elementor-column elementor-col-100 elementor-top-column elementor-element elementor-element-bb6878e\" data-id=\"bb6878e\" data-element_type=\"column\">\n\t\t\t<div class=\"elementor-column-wrap elementor-element-populated\">\n\t\t\t\t\t\t\t<div class=\"elementor-widget-wrap\">\n\t\t\t\t\t\t<div class=\"elementor-element elementor-element-aa23788 elementor-widget elementor-widget-heading\" data-id=\"aa23788\" data-element_type=\"widget\" data-widget_type=\"heading.default\">\n\t\t\t\t<div class=\"elementor-widget-container\">\n\t\t\t<h2 class=\"elementor-heading-title elementor-size-default\">Lukas Glauser, Biohof-Hofladen in Wichtrach (BE)<br><\/h2>\t\t<\/div>\n\t\t\t\t<\/div>\n\t\t\t\t<div class=\"elementor-element elementor-element-9b62efd elementor-widget elementor-widget-text-editor\" data-id=\"9b62efd\" data-element_type=\"widget\" data-widget_type=\"text-editor.default\">\n\t\t\t\t<div class=\"elementor-widget-container\">\n\t\t\t\t\t<div class=\"elementor-text-editor elementor-clearfix\"><div>Text &amp; Bilder: Flurina Monn, BauernZeitung<\/div><div>\u00a0<\/div><\/div>\n\t\t\t\t<\/div>\n\t\t\t\t<\/div>\n\t\t\t\t\t\t<\/div>\n\t\t\t\t\t<\/div>\n\t\t<\/div>\n\t\t\t\t\t\t\t\t<\/div>\n\t\t\t\t\t<\/div>\n\t\t<\/section>\n\t\t\t\t<section class=\"elementor-section elementor-top-section elementor-element elementor-element-676a930 elementor-section-boxed elementor-section-height-default elementor-section-height-default\" data-id=\"676a930\" data-element_type=\"section\">\n\t\t\t\t\t\t<div class=\"elementor-container elementor-column-gap-default\">\n\t\t\t\t\t\t\t<div class=\"elementor-row\">\n\t\t\t\t\t<div class=\"elementor-column elementor-col-100 elementor-top-column elementor-element elementor-element-5a35025\" data-id=\"5a35025\" data-element_type=\"column\">\n\t\t\t<div class=\"elementor-column-wrap elementor-element-populated\">\n\t\t\t\t\t\t\t<div class=\"elementor-widget-wrap\">\n\t\t\t\t\t\t<div class=\"elementor-element elementor-element-7b570ec elementor-arrows-position-inside elementor-widget elementor-widget-image-carousel\" data-id=\"7b570ec\" data-element_type=\"widget\" data-settings=\"{&quot;slides_to_show&quot;:&quot;1&quot;,&quot;navigation&quot;:&quot;arrows&quot;,&quot;autoplay&quot;:&quot;yes&quot;,&quot;pause_on_hover&quot;:&quot;yes&quot;,&quot;pause_on_interaction&quot;:&quot;yes&quot;,&quot;autoplay_speed&quot;:5000,&quot;infinite&quot;:&quot;yes&quot;,&quot;effect&quot;:&quot;slide&quot;,&quot;speed&quot;:500}\" data-widget_type=\"image-carousel.default\">\n\t\t\t\t<div class=\"elementor-widget-container\">\n\t\t\t\t\t<div class=\"elementor-image-carousel-wrapper swiper-container\" dir=\"ltr\">\n\t\t\t<div class=\"elementor-image-carousel swiper-wrapper\">\n\t\t\t\t<div class=\"swiper-slide\"><figure class=\"swiper-slide-inner\"><img class=\"swiper-slide-image\" src=\"https:\/\/schoenster-hofladen.ch\/wp-content\/uploads\/2024\/09\/Hofladen-Eingang-scaled.jpg\" alt=\"Die Produkte des Hofladens werden mit viel Liebe zum Detail pr\u00e4sentiert, das verleiht dem Laden einen einladenden Bauernhofcharme.\" \/><\/figure><\/div><div class=\"swiper-slide\"><figure class=\"swiper-slide-inner\"><img class=\"swiper-slide-image\" src=\"https:\/\/schoenster-hofladen.ch\/wp-content\/uploads\/2024\/09\/Hofladen-Lukas-Glauser-scaled-e1727249794760.jpg\" alt=\"Im antiken Apothekerschrank k\u00f6nnen die \u00abHuhn im Gl\u00fcck\u00bb-Abonnenten von Hofladenbesitzer Lukas Glauser jeweils einmal in der Woche ihre f\u00fcnf Eier abholen.\" \/><\/figure><\/div><div class=\"swiper-slide\"><figure class=\"swiper-slide-inner\"><img class=\"swiper-slide-image\" src=\"https:\/\/schoenster-hofladen.ch\/wp-content\/uploads\/2024\/09\/Hofladen-aussen-scaled.jpg\" alt=\"Weil das zum Pachtbetrieb geh\u00f6rende Bauernhaus ein sch\u00fctzenswertes Objekt ist, musste der Hofladen passend dazu gebaut werden.\" \/><\/figure><\/div>\t\t\t<\/div>\n\t\t\t\t\t\t\t\t\t\t\t\t\t\t\t\t<div class=\"elementor-swiper-button elementor-swiper-button-prev\">\n\t\t\t\t\t\t<i class=\"eicon-chevron-left\" aria-hidden=\"true\"><\/i>\n\t\t\t\t\t\t<span class=\"elementor-screen-only\">Pr\u00e9c\u00e9dent<\/span>\n\t\t\t\t\t<\/div>\n\t\t\t\t\t<div class=\"elementor-swiper-button elementor-swiper-button-next\">\n\t\t\t\t\t\t<i class=\"eicon-chevron-right\" aria-hidden=\"true\"><\/i>\n\t\t\t\t\t\t<span class=\"elementor-screen-only\">Suivant<\/span>\n\t\t\t\t\t<\/div>\n\t\t\t\t\t\t\t\t\t<\/div>\n\t\t\t\t<\/div>\n\t\t\t\t<\/div>\n\t\t\t\t<div class=\"elementor-element elementor-element-8d93cc9 elementor-widget elementor-widget-spacer\" data-id=\"8d93cc9\" data-element_type=\"widget\" data-widget_type=\"spacer.default\">\n\t\t\t\t<div class=\"elementor-widget-container\">\n\t\t\t\t\t<div class=\"elementor-spacer\">\n\t\t\t<div class=\"elementor-spacer-inner\"><\/div>\n\t\t<\/div>\n\t\t\t\t<\/div>\n\t\t\t\t<\/div>\n\t\t\t\t\t\t<\/div>\n\t\t\t\t\t<\/div>\n\t\t<\/div>\n\t\t\t\t\t\t\t\t<\/div>\n\t\t\t\t\t<\/div>\n\t\t<\/section>\n\t\t\t\t<section class=\"elementor-section elementor-top-section elementor-element elementor-element-da06f50 elementor-section-boxed elementor-section-height-default elementor-section-height-default\" data-id=\"da06f50\" data-element_type=\"section\">\n\t\t\t\t\t\t<div class=\"elementor-container elementor-column-gap-default\">\n\t\t\t\t\t\t\t<div class=\"elementor-row\">\n\t\t\t\t\t<div class=\"elementor-column elementor-col-100 elementor-top-column elementor-element elementor-element-dddad3c\" data-id=\"dddad3c\" data-element_type=\"column\">\n\t\t\t<div class=\"elementor-column-wrap elementor-element-populated\">\n\t\t\t\t\t\t\t<div class=\"elementor-widget-wrap\">\n\t\t\t\t\t\t<div class=\"elementor-element elementor-element-673c3ac elementor-widget elementor-widget-text-editor\" data-id=\"673c3ac\" data-element_type=\"widget\" data-widget_type=\"text-editor.default\">\n\t\t\t\t<div class=\"elementor-widget-container\">\n\t\t\t\t\t<div class=\"elementor-text-editor elementor-clearfix\"><p><span style=\"font-size: 10.0pt; font-family: 'Calibri',sans-serif;\">Seit nunmehr drei Jahren hat der Selbstbedienungsladen von Landwirt Lukas Glauser im bernischen Wichtrach seine T\u00fcren ge\u00f6ffnet. Im vollst\u00e4ndig aus Holz gebauten Hofladen werden \u00fcberwiegend Schweizer Bioprodukte angeboten. Obwohl heute oft auch ausl\u00e4ndische Bioprodukte angeboten w\u00fcrden, da diese g\u00fcnstiger sind, verzichtet der \u00fcberzeugte Biolandwirt nach M\u00f6glichkeit darauf. \u00abIch m\u00f6chte meiner Linie treu bleiben\u00bb, betont Glauser. Das eigene Sortiment erg\u00e4nzt der Betriebsleiter gr\u00f6sstenteils mit Produkten von Bauernh\u00f6fen und Unternehmen aus den umliegenden Gemeinden. Insgesamt werden 160 Produkte im Hofladen angeboten, davon werden hundert auf dem Betrieb selbst produziert.<\/span><\/p><p style=\"text-align: justify;\"><span style=\"font-size: 10.0pt; font-family: 'Calibri',sans-serif;\">Von Schwester und K\u00f6chin Karin Glauser werden ein Grossteil der hofeigenen Erzeugnisse zu den unterschiedlichsten Endprodukten weiterverarbeitet. Der Biohof geh\u00f6rt zu Glausers Biobaumschule in Noflen. Aus den Beeren, die als Nebenprodukt der Beerenstr\u00e4ucherproduktion anfallen, zaubert K\u00f6chin Karin eine Vielzahl von Produkten wie Glace, Sirup und Konfit\u00fcren. Auch \u00fcbersch\u00fcssige Eier finden ihre Verwendung: Sie werden zu Meringues und Teigwaren verarbeitet. Ebenfalls ein Teil des Gem\u00fcses wird auf dem Biohof selbst angebaut, und die kleine Mutterkuhherde liefert Rindfleisch.<\/span><\/p><\/div>\n\t\t\t\t<\/div>\n\t\t\t\t<\/div>\n\t\t\t\t\t\t<\/div>\n\t\t\t\t\t<\/div>\n\t\t<\/div>\n\t\t\t\t\t\t\t\t<\/div>\n\t\t\t\t\t<\/div>\n\t\t<\/section>\n\t\t\t\t<section class=\"elementor-section elementor-top-section elementor-element elementor-element-c1e79e6 elementor-section-boxed elementor-section-height-default elementor-section-height-default\" data-id=\"c1e79e6\" data-element_type=\"section\">\n\t\t\t\t\t\t<div class=\"elementor-container elementor-column-gap-default\">\n\t\t\t\t\t\t\t<div class=\"elementor-row\">\n\t\t\t\t\t<div class=\"elementor-column elementor-col-100 elementor-top-column elementor-element elementor-element-bb7150c\" data-id=\"bb7150c\" data-element_type=\"column\">\n\t\t\t<div class=\"elementor-column-wrap elementor-element-populated\">\n\t\t\t\t\t\t\t<div class=\"elementor-widget-wrap\">\n\t\t\t\t\t\t<div class=\"elementor-element elementor-element-f052837 elementor-widget elementor-widget-spacer\" data-id=\"f052837\" data-element_type=\"widget\" data-widget_type=\"spacer.default\">\n\t\t\t\t<div class=\"elementor-widget-container\">\n\t\t\t\t\t<div class=\"elementor-spacer\">\n\t\t\t<div class=\"elementor-spacer-inner\"><\/div>\n\t\t<\/div>\n\t\t\t\t<\/div>\n\t\t\t\t<\/div>\n\t\t\t\t<section class=\"elementor-section elementor-inner-section elementor-element elementor-element-0a2efdc elementor-section-boxed elementor-section-height-default elementor-section-height-default\" data-id=\"0a2efdc\" data-element_type=\"section\">\n\t\t\t\t\t\t<div class=\"elementor-container elementor-column-gap-default\">\n\t\t\t\t\t\t\t<div class=\"elementor-row\">\n\t\t\t\t\t<div class=\"elementor-column elementor-col-100 elementor-inner-column elementor-element elementor-element-1d17703\" data-id=\"1d17703\" data-element_type=\"column\">\n\t\t\t<div class=\"elementor-column-wrap elementor-element-populated\">\n\t\t\t\t\t\t\t<div class=\"elementor-widget-wrap\">\n\t\t\t\t\t\t<div class=\"elementor-element elementor-element-904983d elementor-widget elementor-widget-heading\" data-id=\"904983d\" data-element_type=\"widget\" data-widget_type=\"heading.default\">\n\t\t\t\t<div class=\"elementor-widget-container\">\n\t\t\t<h2 class=\"elementor-heading-title elementor-size-default\">L'\u00e9valuation du jury<\/h2>\t\t<\/div>\n\t\t\t\t<\/div>\n\t\t\t\t<div class=\"elementor-element elementor-element-2c4d3e2 elementor-widget elementor-widget-spacer\" data-id=\"2c4d3e2\" data-element_type=\"widget\" data-widget_type=\"spacer.default\">\n\t\t\t\t<div class=\"elementor-widget-container\">\n\t\t\t\t\t<div class=\"elementor-spacer\">\n\t\t\t<div class=\"elementor-spacer-inner\"><\/div>\n\t\t<\/div>\n\t\t\t\t<\/div>\n\t\t\t\t<\/div>\n\t\t\t\t<div class=\"elementor-element elementor-element-d2e728e elementor-widget elementor-widget-text-editor\" data-id=\"d2e728e\" data-element_type=\"widget\" data-widget_type=\"text-editor.default\">\n\t\t\t\t<div class=\"elementor-widget-container\">\n\t\t\t\t\t<div class=\"elementor-text-editor elementor-clearfix\"><p><b>Vom Beleuchtungskonzept bis zum Eier-Abo: Ein Hofladen mit Wohlf\u00fchlfaktor<\/b><\/p><p>Der neue und sch\u00f6n gestaltete Hofladen beeindruckt bereits auf den ersten Blick. Die Beschilderung ist hervorragend und f\u00fchrt Besucher sicher zu den Produkten. Das durchdachte und innovative Konzept des Ladens f\u00e4llt besonders durch das Angebot eines Eier-Abos auf, bei dem die Kunden ihre Eier nicht direkt im Laden kaufen, sondern bequem \u00fcber eine praktische Schublade abholen k\u00f6nnen. Diese L\u00f6sung ist nicht nur \u00e4u\u00dferst benutzerfreundlich, sondern auch modern umgesetzt. Zudem rundet ein professionelles Beleuchtungskonzept das Einkaufserlebnis ab und schafft eine angenehme Atmosph\u00e4re im Laden.<\/p><p><em>Urs Schneider, Jurymitglied und Pr\u00e4sident Agro-Marketing Suisse<\/em><\/p><p>\u00a0<\/p><p><span style=\"font-weight: bold;\">Die weiteren Gewinner des Hofladen-Wettbewerbs 2024 sind:<\/span><\/p><p>2. Platz: Reto Wipf, Martella-Hofladen in Marthalen (ZH)<br \/>3. Platz: Corinne und Franz Schuler, Ludihof in Benken (SG)<\/p><p><span style=\"font-weight: bold;\">Eine Auszeichnung erhielten zudem:<\/span><\/p><p>Vinz und Astrid B\u00fctler, Obst und Beeren, W\u00e4denswil (ZH), Publikumspreis &amp; Spezialpreis Obst<\/p><p>Sandra und Kilian Diethelm, Fr\u00fcchtehof Diethelm, Siebnen (SZ)<br \/>Katharina und Lukas Friedli, Friedlis Hofladen, Schocherswil (TG)<br \/>Manuela und Kuno Mock-D\u00f6rig, Appez\u00f6ller Hofl\u00e4deli, Appenzell (AI)<br \/>Marina und Valentin, Sch\u00e4ttin, Produkte vom Hof, Kirchberg (SG)<br \/>Sonja und Matthias Schwarz, Zelglihof, R\u00fcfenach (AG)<br \/>Claudia und Roman Walser, Walser-Hof, Roggwil (TG)<\/p><p>\u00a0<\/p><\/div>\n\t\t\t\t<\/div>\n\t\t\t\t<\/div>\n\t\t\t\t<div class=\"elementor-element elementor-element-26d38e9 elementor-widget elementor-widget-spacer\" data-id=\"26d38e9\" data-element_type=\"widget\" data-widget_type=\"spacer.default\">\n\t\t\t\t<div class=\"elementor-widget-container\">\n\t\t\t\t\t<div class=\"elementor-spacer\">\n\t\t\t<div class=\"elementor-spacer-inner\"><\/div>\n\t\t<\/div>\n\t\t\t\t<\/div>\n\t\t\t\t<\/div>\n\t\t\t\t\t\t<\/div>\n\t\t\t\t\t<\/div>\n\t\t<\/div>\n\t\t\t\t\t\t\t\t<\/div>\n\t\t\t\t\t<\/div>\n\t\t<\/section>\n\t\t\t\t\t\t<\/div>\n\t\t\t\t\t<\/div>\n\t\t<\/div>\n\t\t\t\t\t\t\t\t<\/div>\n\t\t\t\t\t<\/div>\n\t\t<\/section>\n\t\t\t\t<section class=\"elementor-section elementor-top-section elementor-element elementor-element-9b2de7d elementor-section-content-middle elementor-section-boxed elementor-section-height-default elementor-section-height-default\" data-id=\"9b2de7d\" data-element_type=\"section\" data-settings=\"{&quot;background_background&quot;:&quot;classic&quot;}\">\n\t\t\t\t\t\t<div class=\"elementor-container elementor-column-gap-default\">\n\t\t\t\t\t\t\t<div class=\"elementor-row\">\n\t\t\t\t\t<div class=\"elementor-column elementor-col-66 elementor-top-column elementor-element elementor-element-47c6839\" data-id=\"47c6839\" data-element_type=\"column\">\n\t\t\t<div class=\"elementor-column-wrap elementor-element-populated\">\n\t\t\t\t\t\t\t<div class=\"elementor-widget-wrap\">\n\t\t\t\t\t\t<section class=\"elementor-section elementor-inner-section elementor-element elementor-element-c271760 elementor-section-content-middle elementor-section-boxed elementor-section-height-default elementor-section-height-default\" data-id=\"c271760\" data-element_type=\"section\">\n\t\t\t\t\t\t<div class=\"elementor-container elementor-column-gap-default\">\n\t\t\t\t\t\t\t<div class=\"elementor-row\">\n\t\t\t\t\t<div class=\"elementor-column elementor-col-16 elementor-inner-column elementor-element elementor-element-3323568\" data-id=\"3323568\" data-element_type=\"column\">\n\t\t\t<div class=\"elementor-column-wrap elementor-element-populated\">\n\t\t\t\t\t\t\t<div class=\"elementor-widget-wrap\">\n\t\t\t\t\t\t<div class=\"elementor-element elementor-element-6f65662 elementor-widget elementor-widget-heading\" data-id=\"6f65662\" data-element_type=\"widget\" data-widget_type=\"heading.default\">\n\t\t\t\t<div class=\"elementor-widget-container\">\n\t\t\t<h5 class=\"elementor-heading-title elementor-size-default\"><a href=\"https:\/\/schoenster-hofladen.ch\/fr\/\">Page d'accueil<\/a><\/h5>\t\t<\/div>\n\t\t\t\t<\/div>\n\t\t\t\t\t\t<\/div>\n\t\t\t\t\t<\/div>\n\t\t<\/div>\n\t\t\t\t<div class=\"elementor-column elementor-col-16 elementor-inner-column elementor-element elementor-element-fa88094\" data-id=\"fa88094\" data-element_type=\"column\">\n\t\t\t<div class=\"elementor-column-wrap elementor-element-populated\">\n\t\t\t\t\t\t\t<div class=\"elementor-widget-wrap\">\n\t\t\t\t\t\t<div class=\"elementor-element elementor-element-8489115 elementor-widget elementor-widget-heading\" data-id=\"8489115\" data-element_type=\"widget\" data-widget_type=\"heading.default\">\n\t\t\t\t<div class=\"elementor-widget-container\">\n\t\t\t<h5 class=\"elementor-heading-title elementor-size-default\"><a href=\"https:\/\/schoenster-hofladen.ch\/fr\/hoflaeden\/\">Magasins de ferme<\/a><\/h5>\t\t<\/div>\n\t\t\t\t<\/div>\n\t\t\t\t\t\t<\/div>\n\t\t\t\t\t<\/div>\n\t\t<\/div>\n\t\t\t\t<div class=\"elementor-column elementor-col-16 elementor-inner-column elementor-element elementor-element-e0370de\" data-id=\"e0370de\" data-element_type=\"column\">\n\t\t\t<div class=\"elementor-column-wrap elementor-element-populated\">\n\t\t\t\t\t\t\t<div class=\"elementor-widget-wrap\">\n\t\t\t\t\t\t<div class=\"elementor-element elementor-element-eba19c0 elementor-widget elementor-widget-heading\" data-id=\"eba19c0\" data-element_type=\"widget\" data-widget_type=\"heading.default\">\n\t\t\t\t<div class=\"elementor-widget-container\">\n\t\t\t<h5 class=\"elementor-heading-title elementor-size-default\"><a href=\"https:\/\/schoenster-hofladen.ch\/fr\/wettbewerb\/\">Concours<\/a><\/h5>\t\t<\/div>\n\t\t\t\t<\/div>\n\t\t\t\t\t\t<\/div>\n\t\t\t\t\t<\/div>\n\t\t<\/div>\n\t\t\t\t<div class=\"elementor-column elementor-col-16 elementor-inner-column elementor-element elementor-element-12eb8b4\" data-id=\"12eb8b4\" data-element_type=\"column\">\n\t\t\t<div class=\"elementor-column-wrap elementor-element-populated\">\n\t\t\t\t\t\t\t<div class=\"elementor-widget-wrap\">\n\t\t\t\t\t\t<div class=\"elementor-element elementor-element-ac9d4ee elementor-widget elementor-widget-heading\" data-id=\"ac9d4ee\" data-element_type=\"widget\" data-widget_type=\"heading.default\">\n\t\t\t\t<div class=\"elementor-widget-container\">\n\t\t\t<h5 class=\"elementor-heading-title elementor-size-default\"><a href=\"https:\/\/schoenster-hofladen.ch\/fr\/jury\/\">Jury<\/a><\/h5>\t\t<\/div>\n\t\t\t\t<\/div>\n\t\t\t\t\t\t<\/div>\n\t\t\t\t\t<\/div>\n\t\t<\/div>\n\t\t\t\t<div class=\"elementor-column elementor-col-16 elementor-inner-column elementor-element elementor-element-a9a90a3\" data-id=\"a9a90a3\" data-element_type=\"column\">\n\t\t\t<div class=\"elementor-column-wrap elementor-element-populated\">\n\t\t\t\t\t\t\t<div class=\"elementor-widget-wrap\">\n\t\t\t\t\t\t<div class=\"elementor-element elementor-element-39e0fca elementor-widget elementor-widget-heading\" data-id=\"39e0fca\" data-element_type=\"widget\" data-widget_type=\"heading.default\">\n\t\t\t\t<div class=\"elementor-widget-container\">\n\t\t\t<h5 class=\"elementor-heading-title elementor-size-default\"><a href=\"https:\/\/schoenster-hofladen.ch\/fr\/gallerie\/\">Gallerie<\/a><\/h5>\t\t<\/div>\n\t\t\t\t<\/div>\n\t\t\t\t\t\t<\/div>\n\t\t\t\t\t<\/div>\n\t\t<\/div>\n\t\t\t\t<div class=\"elementor-column elementor-col-16 elementor-inner-column elementor-element elementor-element-777bf91\" data-id=\"777bf91\" data-element_type=\"column\">\n\t\t\t<div class=\"elementor-column-wrap elementor-element-populated\">\n\t\t\t\t\t\t\t<div class=\"elementor-widget-wrap\">\n\t\t\t\t\t\t<div class=\"elementor-element elementor-element-ec07754 elementor-widget elementor-widget-heading\" data-id=\"ec07754\" data-element_type=\"widget\" data-widget_type=\"heading.default\">\n\t\t\t\t<div class=\"elementor-widget-container\">\n\t\t\t<h5 class=\"elementor-heading-title elementor-size-default\"><a href=\"https:\/\/schoenster-hofladen.ch\/fr\/kontakt\/\">Contact<\/a><\/h5>\t\t<\/div>\n\t\t\t\t<\/div>\n\t\t\t\t\t\t<\/div>\n\t\t\t\t\t<\/div>\n\t\t<\/div>\n\t\t\t\t\t\t\t\t<\/div>\n\t\t\t\t\t<\/div>\n\t\t<\/section>\n\t\t\t\t<section class=\"elementor-section elementor-inner-section elementor-element elementor-element-fb7e52c elementor-section-boxed elementor-section-height-default elementor-section-height-default\" data-id=\"fb7e52c\" data-element_type=\"section\">\n\t\t\t\t\t\t<div class=\"elementor-container elementor-column-gap-default\">\n\t\t\t\t\t\t\t<div class=\"elementor-row\">\n\t\t\t\t\t<div class=\"elementor-column elementor-col-33 elementor-inner-column elementor-element elementor-element-7351d35\" data-id=\"7351d35\" data-element_type=\"column\">\n\t\t\t<div class=\"elementor-column-wrap elementor-element-populated\">\n\t\t\t\t\t\t\t<div class=\"elementor-widget-wrap\">\n\t\t\t\t\t\t<div class=\"elementor-element elementor-element-598566e elementor-widget elementor-widget-image\" data-id=\"598566e\" data-element_type=\"widget\" data-widget_type=\"image.default\">\n\t\t\t\t<div class=\"elementor-widget-container\">\n\t\t\t\t\t<div class=\"elementor-image\">\n\t\t\t\t\t\t\t\t\t\t\t<a href=\"https:\/\/www.swissfruit.ch\/fr\">\n\t\t\t\t\t\t\t<img width=\"684\" height=\"215\" src=\"https:\/\/schoenster-hofladen.ch\/wp-content\/uploads\/2023\/10\/SOV_fruchte_white_pos_Fr.png\" class=\"attachment-large size-large\" alt=\"\" loading=\"lazy\" srcset=\"https:\/\/schoenster-hofladen.ch\/wp-content\/uploads\/2023\/10\/SOV_fruchte_white_pos_Fr.png 655w, https:\/\/schoenster-hofladen.ch\/wp-content\/uploads\/2023\/10\/SOV_fruchte_white_pos_Fr-300x98.png 300w, https:\/\/schoenster-hofladen.ch\/wp-content\/uploads\/2023\/10\/SOV_fruchte_white_pos_Fr-16x5.png 16w\" sizes=\"(max-width: 684px) 100vw, 684px\" \/>\t\t\t\t\t\t\t\t<\/a>\n\t\t\t\t\t\t\t\t\t\t\t<\/div>\n\t\t\t\t<\/div>\n\t\t\t\t<\/div>\n\t\t\t\t\t\t<\/div>\n\t\t\t\t\t<\/div>\n\t\t<\/div>\n\t\t\t\t<div class=\"elementor-column elementor-col-33 elementor-inner-column elementor-element elementor-element-59822ec\" data-id=\"59822ec\" data-element_type=\"column\">\n\t\t\t<div class=\"elementor-column-wrap elementor-element-populated\">\n\t\t\t\t\t\t\t<div class=\"elementor-widget-wrap\">\n\t\t\t\t\t\t<div class=\"elementor-element elementor-element-3b9594d elementor-widget elementor-widget-image\" data-id=\"3b9594d\" data-element_type=\"widget\" data-widget_type=\"image.default\">\n\t\t\t\t<div class=\"elementor-widget-container\">\n\t\t\t\t\t<div class=\"elementor-image\">\n\t\t\t\t\t\t\t\t\t\t\t<a href=\"https:\/\/www.landfreund.ch\/\">\n\t\t\t\t\t\t\t<img width=\"960\" height=\"145\" src=\"https:\/\/schoenster-hofladen.ch\/wp-content\/uploads\/2023\/10\/BauernZeitung_ohne_Slogan_Negativ-1024x155.png\" class=\"attachment-large size-large\" alt=\"\" loading=\"lazy\" srcset=\"https:\/\/schoenster-hofladen.ch\/wp-content\/uploads\/2023\/10\/BauernZeitung_ohne_Slogan_Negativ-1024x155.png 1024w, https:\/\/schoenster-hofladen.ch\/wp-content\/uploads\/2023\/10\/BauernZeitung_ohne_Slogan_Negativ-300x46.png 300w, https:\/\/schoenster-hofladen.ch\/wp-content\/uploads\/2023\/10\/BauernZeitung_ohne_Slogan_Negativ-768x117.png 768w, https:\/\/schoenster-hofladen.ch\/wp-content\/uploads\/2023\/10\/BauernZeitung_ohne_Slogan_Negativ-1536x233.png 1536w, https:\/\/schoenster-hofladen.ch\/wp-content\/uploads\/2023\/10\/BauernZeitung_ohne_Slogan_Negativ-2048x311.png 2048w, https:\/\/schoenster-hofladen.ch\/wp-content\/uploads\/2023\/10\/BauernZeitung_ohne_Slogan_Negativ-16x2.png 16w\" sizes=\"(max-width: 960px) 100vw, 960px\" \/>\t\t\t\t\t\t\t\t<\/a>\n\t\t\t\t\t\t\t\t\t\t\t<\/div>\n\t\t\t\t<\/div>\n\t\t\t\t<\/div>\n\t\t\t\t\t\t<\/div>\n\t\t\t\t\t<\/div>\n\t\t<\/div>\n\t\t\t\t<div class=\"elementor-column elementor-col-33 elementor-inner-column elementor-element elementor-element-45dcd31\" data-id=\"45dcd31\" data-element_type=\"column\">\n\t\t\t<div class=\"elementor-column-wrap elementor-element-populated\">\n\t\t\t\t\t\t\t<div class=\"elementor-widget-wrap\">\n\t\t\t\t\t\t<div class=\"elementor-element elementor-element-0cf9140 elementor-widget elementor-widget-image\" data-id=\"0cf9140\" data-element_type=\"widget\" data-widget_type=\"image.default\">\n\t\t\t\t<div class=\"elementor-widget-container\">\n\t\t\t\t\t<div class=\"elementor-image\">\n\t\t\t\t\t\t\t\t\t\t<img width=\"900\" height=\"239\" src=\"https:\/\/schoenster-hofladen.ch\/wp-content\/uploads\/2023\/10\/HD-Logo1-neu.png\" class=\"attachment-large size-large\" alt=\"\" loading=\"lazy\" srcset=\"https:\/\/schoenster-hofladen.ch\/wp-content\/uploads\/2023\/10\/HD-Logo1-neu.png 900w, https:\/\/schoenster-hofladen.ch\/wp-content\/uploads\/2023\/10\/HD-Logo1-neu-300x80.png 300w, https:\/\/schoenster-hofladen.ch\/wp-content\/uploads\/2023\/10\/HD-Logo1-neu-768x204.png 768w, https:\/\/schoenster-hofladen.ch\/wp-content\/uploads\/2023\/10\/HD-Logo1-neu-16x4.png 16w\" sizes=\"(max-width: 900px) 100vw, 900px\" \/>\t\t\t\t\t\t\t\t\t\t\t<\/div>\n\t\t\t\t<\/div>\n\t\t\t\t<\/div>\n\t\t\t\t\t\t<\/div>\n\t\t\t\t\t<\/div>\n\t\t<\/div>\n\t\t\t\t\t\t\t\t<\/div>\n\t\t\t\t\t<\/div>\n\t\t<\/section>\n\t\t\t\t\t\t<\/div>\n\t\t\t\t\t<\/div>\n\t\t<\/div>\n\t\t\t\t<div class=\"elementor-column elementor-col-33 elementor-top-column elementor-element elementor-element-a5ffc9d\" data-id=\"a5ffc9d\" data-element_type=\"column\">\n\t\t\t<div class=\"elementor-column-wrap elementor-element-populated\">\n\t\t\t\t\t\t\t<div class=\"elementor-widget-wrap\">\n\t\t\t\t\t\t<div class=\"elementor-element elementor-element-8fb6682 elementor-widget elementor-widget-image\" data-id=\"8fb6682\" data-element_type=\"widget\" data-widget_type=\"image.default\">\n\t\t\t\t<div class=\"elementor-widget-container\">\n\t\t\t\t\t<div class=\"elementor-image\">\n\t\t\t\t\t\t\t\t\t\t\t<a href=\"https:\/\/schoenster-hofladen.ch\/fr\/\">\n\t\t\t\t\t\t\t<img width=\"300\" height=\"295\" src=\"https:\/\/schoenster-hofladen.ch\/wp-content\/uploads\/2023\/10\/Logo_S-H_2024_fr-freigestellt.png\" class=\"attachment-medium size-medium\" alt=\"\" loading=\"lazy\" srcset=\"https:\/\/schoenster-hofladen.ch\/wp-content\/uploads\/2023\/10\/Logo_S-H_2024_fr-freigestellt.png 1082w, https:\/\/schoenster-hofladen.ch\/wp-content\/uploads\/2023\/10\/Logo_S-H_2024_fr-freigestellt-300x276.png 300w, https:\/\/schoenster-hofladen.ch\/wp-content\/uploads\/2023\/10\/Logo_S-H_2024_fr-freigestellt-1024x944.png 1024w, https:\/\/schoenster-hofladen.ch\/wp-content\/uploads\/2023\/10\/Logo_S-H_2024_fr-freigestellt-768x708.png 768w, https:\/\/schoenster-hofladen.ch\/wp-content\/uploads\/2023\/10\/Logo_S-H_2024_fr-freigestellt-13x12.png 13w\" sizes=\"(max-width: 300px) 100vw, 300px\" \/>\t\t\t\t\t\t\t\t<\/a>\n\t\t\t\t\t\t\t\t\t\t\t<\/div>\n\t\t\t\t<\/div>\n\t\t\t\t<\/div>\n\t\t\t\t<div class=\"elementor-element elementor-element-dd1cc16 elementor-widget elementor-widget-heading\" data-id=\"dd1cc16\" data-element_type=\"widget\" data-widget_type=\"heading.default\">\n\t\t\t\t<div class=\"elementor-widget-container\">\n\t\t\t<p class=\"elementor-heading-title elementor-size-small\"><a href=\"https:\/\/www.swissfruit.ch\/fr\/politique-de-confidentialite\/\">\u00a9 2024 Fruit-Union Suisse<br> Tous droits r\u00e9serv\u00e9s. \n\nPolitique de confidentialit\u00e9<\/a><\/p>\t\t<\/div>\n\t\t\t\t<\/div>\n\t\t\t\t\t\t<\/div>\n\t\t\t\t\t<\/div>\n\t\t<\/div>\n\t\t\t\t\t\t\t\t<\/div>\n\t\t\t\t\t<\/div>\n\t\t<\/section>\n\t\t\t\t<section class=\"elementor-section elementor-top-section elementor-element elementor-element-f0ad943 elementor-section-full_width elementor-section-height-default elementor-section-height-default\" data-id=\"f0ad943\" data-element_type=\"section\">\n\t\t\t\t\t\t<div class=\"elementor-container elementor-column-gap-default\">\n\t\t\t\t\t\t\t<div class=\"elementor-row\">\n\t\t\t\t\t<div class=\"elementor-column elementor-col-100 elementor-top-column elementor-element elementor-element-080db49\" data-id=\"080db49\" data-element_type=\"column\">\n\t\t\t<div class=\"elementor-column-wrap elementor-element-populated\">\n\t\t\t\t\t\t\t<div class=\"elementor-widget-wrap\">\n\t\t\t\t\t\t<div class=\"elementor-element elementor-element-ec1ee17 elementor-widget elementor-widget-image\" data-id=\"ec1ee17\" data-element_type=\"widget\" data-widget_type=\"image.default\">\n\t\t\t\t<div class=\"elementor-widget-container\">\n\t\t\t\t\t<div class=\"elementor-image\">\n\t\t\t\t\t\t\t\t\t\t<img width=\"300\" height=\"47\" src=\"https:\/\/schoenster-hofladen.ch\/wp-content\/uploads\/2020\/07\/Schweiz_Nat\u00fcrlich-300x47.png\" class=\"attachment-medium size-medium\" alt=\"\" loading=\"lazy\" srcset=\"https:\/\/schoenster-hofladen.ch\/wp-content\/uploads\/2020\/07\/Schweiz_Nat\u00fcrlich-300x47.png 300w, https:\/\/schoenster-hofladen.ch\/wp-content\/uploads\/2020\/07\/Schweiz_Nat\u00fcrlich-1024x161.png 1024w, https:\/\/schoenster-hofladen.ch\/wp-content\/uploads\/2020\/07\/Schweiz_Nat\u00fcrlich-768x121.png 768w, https:\/\/schoenster-hofladen.ch\/wp-content\/uploads\/2020\/07\/Schweiz_Nat\u00fcrlich.png 1358w\" sizes=\"(max-width: 300px) 100vw, 300px\" \/>\t\t\t\t\t\t\t\t\t\t\t<\/div>\n\t\t\t\t<\/div>\n\t\t\t\t<\/div>\n\t\t\t\t\t\t<\/div>\n\t\t\t\t\t<\/div>\n\t\t<\/div>\n\t\t\t\t\t\t\t\t<\/div>\n\t\t\t\t\t<\/div>\n\t\t<\/section>\n\t\t\t\t\t\t<\/div>\n\t\t\t\t\t\t<\/div>\n\t\t\t\t\t<\/div>","protected":false},"excerpt":{"rendered":"<p>Lukas Glausers Hofladen Zur\u00fcck zur Startseite Lukas Glauser, Biohof-Hofladen in Wichtrach (BE) Text &amp; Bilder: Flurina Monn, BauernZeitung&nbsp; Zur\u00fcck Weiter Seit nunmehr drei Jahren hat der Selbstbedienungsladen von Landwirt Lukas Glauser im bernischen Wichtrach seine T\u00fcren ge\u00f6ffnet. Im vollst\u00e4ndig aus Holz gebauten Hofladen werden \u00fcberwiegend Schweizer Bioprodukte angeboten. Obwohl heute oft auch ausl\u00e4ndische Bioprodukte angeboten [&hellip;]<\/p>","protected":false},"author":1,"featured_media":0,"parent":0,"menu_order":0,"comment_status":"closed","ping_status":"closed","template":"forester-elementor-page.php","meta":[],"_links":{"self":[{"href":"https:\/\/schoenster-hofladen.ch\/fr\/wp-json\/wp\/v2\/pages\/3676"}],"collection":[{"href":"https:\/\/schoenster-hofladen.ch\/fr\/wp-json\/wp\/v2\/pages"}],"about":[{"href":"https:\/\/schoenster-hofladen.ch\/fr\/wp-json\/wp\/v2\/types\/page"}],"author":[{"embeddable":true,"href":"https:\/\/schoenster-hofladen.ch\/fr\/wp-json\/wp\/v2\/users\/1"}],"replies":[{"embeddable":true,"href":"https:\/\/schoenster-hofladen.ch\/fr\/wp-json\/wp\/v2\/comments?post=3676"}],"version-history":[{"count":27,"href":"https:\/\/schoenster-hofladen.ch\/fr\/wp-json\/wp\/v2\/pages\/3676\/revisions"}],"predecessor-version":[{"id":3707,"href":"https:\/\/schoenster-hofladen.ch\/fr\/wp-json\/wp\/v2\/pages\/3676\/revisions\/3707"}],"wp:attachment":[{"href":"https:\/\/schoenster-hofladen.ch\/fr\/wp-json\/wp\/v2\/media?parent=3676"}],"curies":[{"name":"wp","href":"https:\/\/api.w.org\/{rel}","templated":true}]}}